{"id":118,"date":"2024-07-21T15:20:31","date_gmt":"2024-07-21T14:20:31","guid":{"rendered":"https:\/\/vzcveenendaal.nl\/zwemmen\/home\/"},"modified":"2026-03-27T14:54:41","modified_gmt":"2026-03-27T13:54:41","slug":"home","status":"publish","type":"page","link":"https:\/\/vzcveenendaal.nl\/zwemmen\/","title":{"rendered":"Home"},"content":{"rendered":"<style class=\"custom-css\" type=\"text\/css\">.Gratis {\nposition: fixed;\nleft: 50px;\nbottom: 350px;\nz-index:1000;\n}<\/style>\n    <link rel=\"icon\" href=\"favicon.png\">\n    \n    \n    \n    \n    \n    \n    \n    \n    \n    \n    \n    \n    \n    \n    \n    \n    \n    <script type=\"application\/ld+json\">{\n\t\t\"@context\": \"http:\/\/schema.org\",\n\t\t\"@type\": \"Organization\",\n\t\t\"name\": \"VZC Zwemmen\",\n\t\t\"url\": \"https:\/\/vzcveenendaal.nl\/zwemmen\/\",\n\t\t\"logo\": \"https:\/\/vzcveenendaal.nl\/zwemmen\/wp-content\/uploads\/sites\/2\/Logo_300x300-6.png\"\n}<\/script>\n    <meta name=\"theme-color\" content=\"#0a5191\">\n    <meta property=\"og:title\" content=\"Home\">\n    <meta property=\"og:description\" content=\"Bij VZC draait alles om passie voor water, sport en plezier. Onze zwemclub biedt een warme en enthousiaste gemeenschap waar zwemmers van alle leeftijden en niveaus zich thuis voelen. Van beginners die hun eerste slagen leren tot gevorderde atleten die hun prestaties willen verfijnen, iedereen is welkom bij ons.\">\n    <meta property=\"og:type\" content=\"website\">\n    <link rel=\"canonical\" href=\"https:\/\/vzcveenendaal.nl\/zwemmen\/\">\n  \n  \n    \n    <section class=\"u-clearfix u-custom-color-1 u-section-2\" id=\"sec-7aa6\">\n      <div class=\"u-clearfix u-sheet u-valign-middle-lg u-valign-middle-xl u-sheet-1\">\n        <h1 class=\"u-align-center u-text u-text-default u-text-white u-title u-text-1\">VZC ZWEMMEN<\/h1>\n      <\/div>\n    <\/section>\n    <section class=\"u-clearfix u-image u-shading u-section-3\" id=\"sec-b407\" data-image-width=\"6960\" data-image-height=\"4640\" style=\"background-image: linear-gradient(0deg, rgba(0, 0, 0, 0.05), rgba(0, 0, 0, 0.05)), url(&quot;https:\/\/vzcveenendaal.nl\/zwemmen\/wp-content\/uploads\/sites\/2\/2023\/03\/IMG_1854-scaled.jpg&quot;);\">\n      <div class=\"u-clearfix u-sheet u-sheet-1\">\n        <a href=\"https:\/\/forms.office.com\/pages\/responsepage.aspx?id=5zHmIN-DkkCU8b2nOtuiAQby6sMrzRNBoEzOwnDF9NVUODFCNjZZNk1QVjdDUlZMR09FS0wzVVVXNS4u\" class=\"u-align-center-xs u-border-none u-btn u-btn-round u-button-style u-hover-palette-1-light-1 u-palette-3-base u-radius-7 u-btn-1\" data-animation-name=\"pulse\" data-animation-duration=\"0\" data-animation-direction=\"\"><span class=\"u-file-icon u-icon\"><img decoding=\"async\" src=\"https:\/\/vzcveenendaal.nl\/zwemmen\/wp-content\/uploads\/sites\/2\/2023\/03\/646094.png\" alt=\"\"><\/span>&nbsp;Meld je aan voor een proefles\n        <\/a>\n      <\/div>\n    <\/section>\n    <section class=\"u-clearfix u-hidden u-palette-3-light-3 u-section-4\" id=\"block-1\" data-target=\"_blank\">\n      <div class=\"u-clearfix u-sheet u-sheet-1\">\n        <h2 class=\"u-align-center u-text u-text-default u-text-1\"> WORD JIJ DE ZWEMKAMPIOEN VAN VEENENDAAL?<\/h2>\n        <p class=\"u-align-center u-text u-text-default u-text-2\"> Ben jij razendsnel in het water, of gewoon dol op zwemmen?<br> Doe mee met het schoolzwemkampioenschap van Veenendaal en laat zien wat jij kunt!\n        <\/p>\n        <a href=\"\/zwemmen\/schoolzwemtoernooi\" class=\"u-btn u-button-style u-hover-palette-1-dark-1 u-palette-1-base u-btn-1\">Meld je nu aan!<\/a>\n      <\/div>\n    <\/section>\n    <section class=\"u-clearfix u-white u-section-5\" id=\"sec-75b8\">\n      \n      \n      <div class=\"u-clearfix u-sheet u-sheet-1\">\n        <img decoding=\"async\" class=\"u-image u-image-contain u-image-default u-image-1\" src=\"https:\/\/vzcveenendaal.nl\/zwemmen\/wp-content\/uploads\/sites\/2\/2023\/02\/Sharpy.png\" alt=\"\" data-image-width=\"894\" data-image-height=\"1280\" data-animation-name=\"\" data-animation-duration=\"0\" data-animation-direction=\"\">\n        <p class=\"u-text u-text-palette-1-base u-text-1\"><b>De Veenendaalse Zwem Club (VZC) is sinds 1934 voor iedereen een plek om samen te sporten, plezier te hebben en om (beter) te leren zwemmen! De kernwaarden plezier, binding en prestatie vatten dit perfect samen. Onze club draait volledig op vrijwilligers die hun passie voor zwemmen graag overbrengen. Of je al jaren zwemt of net begint, er is altijd een passend aanbod. Zien we jou ook snel in Zwembad de Vallei?<\/b>\n        <\/p>\n        <h1 class=\"u-text u-text-custom-color-1 u-text-default u-text-2\"> Welkom!<\/h1>\n        <p class=\"u-text u-text-3\"> Met je zwemmaatjes werk je tijdens de trainingen aan je zwemtechniek en uithoudingsvermogen, ieder op diens niveau. Dat is het mooie van zwemmen, de race tegen de klok waarbij je je persoonlijke records probeert te verbreken. Wij zijn een echte familieclub waarbij ouders, broers en zussen elkaar enthousiasmeren voor het wedstrijdzwemmen. Eenmaal gegrepen door het zwemvirus volgen generaties elkaar op in Zwembad de Vallei!&nbsp;<br>\n          <br>Niet alleen in het water zijn we actief, ook organiseren we activiteiten in ons clubhuis. Een filmavond, lunchen voor de wedstrijd, bingo, het kan allemaal. Onze jeugdcommissie organiseert activiteiten voor jong en oud. Het zwemseizoen wordt jaarlijks gestart met een kamp voor alle jeugdleden, waarbij er, hoe kan het ook anders, altijd een zwembad in de buurt is!&nbsp;<br>\n          <br>Zelf ervaren hoe snel jouw zwemtechniek vooruit kan gaan? Meld je <a href=\"https:\/\/forms.office.com\/pages\/responsepage.aspx?id=5zHmIN-DkkCU8b2nOtuiAQby6sMrzRNBoEzOwnDF9NVUODFCNjZZNk1QVjdDUlZMR09FS0wzVVVXNS4u\" class=\"u-active-none u-border-none u-btn u-button-link u-button-style u-hover-none u-none u-text-palette-1-base u-btn-1\">hier aan voor 4 gratis proeflessen<\/a>.&nbsp;\n        <\/p>\n      <\/div>\n    <\/section>\n    <section class=\"u-align-center u-clearfix u-container-align-center u-palette-1-light-3 u-section-6\" id=\"sec-9d47\">\n      <div class=\"u-clearfix u-sheet u-valign-middle u-sheet-1\">\n        <div class=\"u-expanded-width u-list u-list-1\">\n          <div class=\"u-repeater u-repeater-1\">\n            <div class=\"u-align-center u-container-align-center u-container-style u-list-item u-repeater-item\" data-href=\"https:\/\/forms.office.com\/pages\/responsepage.aspx?id=5zHmIN-DkkCU8b2nOtuiAQby6sMrzRNBoEzOwnDF9NVUNlBOMkgzTjFTVjRaV1hRVTBCMkxYQ1NGUy4u\" data-target=\"_blank\">\n              <div class=\"u-container-layout u-similar-container u-container-layout-1\"><span class=\"u-file-icon u-icon u-icon-1\"><img decoding=\"async\" src=\"https:\/\/vzcveenendaal.nl\/zwemmen\/wp-content\/uploads\/sites\/2\/2023\/03\/9621527.png\" alt=\"\"><\/span>\n                <h3 class=\"u-text u-text-1\">Word lid<\/h3>\n              <\/div>\n            <\/div>\n            <div class=\"u-align-center u-container-align-center u-container-style u-list-item u-repeater-item\" data-href=\"https:\/\/vzcveenendaal.nl\/zwemmen\/faq\/\" title=\"Leden\">\n              <div class=\"u-container-layout u-similar-container u-container-layout-2\"><span class=\"u-file-icon u-icon u-icon-2\"><img decoding=\"async\" src=\"https:\/\/vzcveenendaal.nl\/zwemmen\/wp-content\/uploads\/sites\/2\/2023\/03\/942802.png\" alt=\"\"><\/span>\n                <h3 class=\"u-text u-text-2\">Veelgestelde vragen<\/h3>\n              <\/div>\n            <\/div>\n            <div class=\"u-align-center u-container-align-center u-container-style u-list-item u-repeater-item\" data-href=\"mailto:zwemmen@vzcveenendaal.nl?subject=Contact\">\n              <div class=\"u-container-layout u-similar-container u-container-layout-3\"><span class=\"u-file-icon u-icon u-icon-3\"><img decoding=\"async\" src=\"https:\/\/vzcveenendaal.nl\/zwemmen\/wp-content\/uploads\/sites\/2\/2023\/03\/546394.png\" alt=\"\"><\/span>\n                <h3 class=\"u-text u-text-3\">Neem contact op<\/h3>\n              <\/div>\n            <\/div>\n            <div class=\"u-align-center u-container-align-center u-container-style u-list-item u-repeater-item\" data-href=\"https:\/\/www.youtube.com\/@vzczwemmenstreams8197\" data-target=\"_blank\">\n              <div class=\"u-container-layout u-similar-container u-container-layout-4\"><span class=\"u-file-icon u-icon u-icon-4\"><img decoding=\"async\" src=\"https:\/\/vzcveenendaal.nl\/zwemmen\/wp-content\/uploads\/sites\/2\/2023\/03\/220353.png\" alt=\"\"><\/span>\n                <h3 class=\"u-text u-text-4\">Livestream<\/h3>\n              <\/div>\n            <\/div>\n            <div class=\"u-align-center u-container-align-center u-container-style u-list-item u-repeater-item\" data-href=\"https:\/\/www.google.com\/maps\/dir\/\/google+maps+vzc\/@52.0251997,5.5343789,14z\/data=!4m8!4m7!1m0!1m5!1m1!1s0x47c65186e734e6fd:0x8a4e03766742ec7e!2m2!1d5.5416002!2d52.0263938\" data-target=\"_blank\">\n              <div class=\"u-container-layout u-similar-container u-container-layout-5\"><span class=\"u-file-icon u-icon u-icon-5\"><img decoding=\"async\" src=\"https:\/\/vzcveenendaal.nl\/zwemmen\/wp-content\/uploads\/sites\/2\/2023\/03\/3061732.png\" alt=\"\"><\/span>\n                <h3 class=\"u-text u-text-5\">Route<\/h3>\n              <\/div>\n            <\/div>\n            <div class=\"u-align-center u-container-align-center u-container-style u-list-item u-repeater-item\" data-href=\"https:\/\/vzcveenendaal.nl\/zwemmen\/wedstrijdschema\/\" title=\"Kalenders\">\n              <div class=\"u-container-layout u-similar-container u-container-layout-6\"><span class=\"u-file-icon u-icon u-icon-6\"><img decoding=\"async\" src=\"https:\/\/vzcveenendaal.nl\/zwemmen\/wp-content\/uploads\/sites\/2\/2023\/03\/1581943.png\" alt=\"\"><\/span>\n                <h3 class=\"u-text u-text-6\">Wedstrijdschema<\/h3>\n              <\/div>\n            <\/div>\n          <\/div>\n        <\/div>\n      <\/div>\n    <\/section>\n    <section class=\"u-align-center u-clearfix u-container-align-center u-white u-section-7\" id=\"sec-9444\">\n      <div class=\"u-clearfix u-sheet u-sheet-1\">\n        <h2 class=\"u-text u-text-1\">ONZE GROEPEN<\/h2>\n        <p class=\"u-text u-text-2\"> De Koninklijke Nederlandse Zwem Bond (KNZB) deelt de zwemmers in aan de hand van hun leeftijd, onze trainingsgroepen sluiten hierop aan. Voor ieder niveau en iedere leeftijd hebben wij een geschikte groep. Weten welke groep bij jou past? Meld je aan voor 4 gratis proeflessen!<\/p>\n        <div class=\"u-expanded-width u-layout-horizontal u-list u-list-1\">\n          <div class=\"u-repeater u-repeater-1\">\n            <div class=\"u-align-left u-container-align-left u-container-style u-list-item u-repeater-item\">\n              <div class=\"u-container-layout u-similar-container u-valign-top u-container-layout-1\">\n                <img decoding=\"async\" class=\"u-expanded-width u-image u-image-default u-image-1\" alt=\"\" data-image-width=\"5813\" data-image-height=\"3875\" src=\"https:\/\/vzcveenendaal.nl\/zwemmen\/wp-content\/uploads\/sites\/2\/2023\/03\/IMG_1862-scaled.jpg\" data-href=\"https:\/\/vzcveenendaal.nl\/zwemmen\/swimkick\/\" title=\"Techniekschool\">\n                <h4 class=\"u-align-center u-text u-text-3\">Swimkick (t\/m 9 jaar)<\/h4>\n                <p class=\"u-text u-text-4\">Heb je je B-diploma gehaald en wil je nog beter de borstcrawl, rugcrawl, schoolslag, en zelfs de vlinderslag, leren? De basis van het wedstrijdzwemmen leer je hier, samen met je nieuwe zwemmaatjes!<\/p>\n              <\/div>\n            <\/div>\n            <div class=\"u-align-left u-container-align-left u-container-style u-list-item u-repeater-item\">\n              <div class=\"u-container-layout u-similar-container u-valign-top u-container-layout-2\">\n                <img decoding=\"async\" class=\"u-expanded-width u-image u-image-default u-image-2\" alt=\"\" data-image-width=\"5158\" data-image-height=\"3439\" src=\"https:\/\/vzcveenendaal.nl\/zwemmen\/wp-content\/uploads\/sites\/2\/2023\/03\/IMG_1885-scaled.jpg\" data-href=\"https:\/\/vzcveenendaal.nl\/zwemmen\/minioren\/\" title=\"Techniekacademie\">\n                <h4 class=\"u-align-center u-text u-text-5\">Minioren (t\/m 12 jaar)<\/h4>\n                <p class=\"u-text u-text-6\">Heb je de basis onder de knie? Dan stroom je door naar de Miniorengroep. Niet alleen werk je aan je techniek maar ook aan je uithoudingsvermogen.&nbsp;<\/p>\n              <\/div>\n            <\/div>\n            <div class=\"u-align-left u-container-align-left u-container-style u-list-item u-repeater-item\">\n              <div class=\"u-container-layout u-similar-container u-valign-top u-container-layout-3\">\n                <img decoding=\"async\" class=\"u-expanded-width u-image u-image-default u-image-3\" alt=\"\" data-image-width=\"6960\" data-image-height=\"4640\" src=\"https:\/\/vzcveenendaal.nl\/zwemmen\/wp-content\/uploads\/sites\/2\/2023\/03\/IMG_1929-scaled.jpg\" data-href=\"https:\/\/vzcveenendaal.nl\/zwemmen\/junioren\/\" title=\"Juniorenclub\">\n                <h4 class=\"u-align-center u-text u-text-7\">Junioren (12 t\/m 15 jaar)<\/h4>\n                <p class=\"u-text u-text-8\">Wanneer je Junioren wordt ga je naar \u00e9\u00e9n van de selecties. De keuze voor de selectie hangt af van je zwemniveau en eigen wensen.&nbsp;<\/p>\n              <\/div>\n            <\/div>\n            <div class=\"u-align-left u-container-align-left u-container-style u-list-item u-repeater-item\">\n              <div class=\"u-container-layout u-similar-container u-valign-top u-container-layout-4\">\n                <img decoding=\"async\" class=\"u-expanded-width u-image u-image-default u-image-4\" alt=\"\" data-image-width=\"6075\" data-image-height=\"4050\" src=\"https:\/\/vzcveenendaal.nl\/zwemmen\/wp-content\/uploads\/sites\/2\/2023\/03\/IMG_1910-scaled.jpg\" data-href=\"https:\/\/vzcveenendaal.nl\/zwemmen\/jeugd\" title=\"A1-Selectie\">\n                <h4 class=\"u-align-center u-text u-text-9\">A-selecties (Jeugd)<\/h4>\n                <p class=\"u-text u-text-10\">Afhankelijk van jouw ambities maak je een keuze voor 1 van de A-selecties. Je bereid je voor op de Regio en Nederlandse Kampioenschappen.<\/p>\n              <\/div>\n            <\/div>\n            <div class=\"u-align-left u-container-align-left u-container-style u-list-item u-repeater-item\">\n              <div class=\"u-container-layout u-similar-container u-valign-top u-container-layout-5\">\n                <img decoding=\"async\" class=\"u-expanded-width u-image u-image-default u-image-5\" alt=\"\" data-image-width=\"6960\" data-image-height=\"4640\" src=\"https:\/\/vzcveenendaal.nl\/zwemmen\/wp-content\/uploads\/sites\/2\/2023\/03\/IMG_2072-scaled.jpg\" data-href=\"https:\/\/vzcveenendaal.nl\/zwemmen\/b-selectie\/\" title=\"B-Selectie\">\n                <h4 class=\"u-align-center u-text u-text-11\">B-selectie<\/h4>\n                <p class=\"u-text u-text-12\">Ben je een recreatieve (wedstrijd)zwemmer en wil je aan je techniek en conditie werken? Bij de B-selectie train je in een groep en kun je meedoen aan laagdrempelige wedstrijden.<\/p>\n              <\/div>\n            <\/div>\n            <div class=\"u-align-left u-container-align-left u-container-style u-list-item u-repeater-item\">\n              <div class=\"u-container-layout u-similar-container u-valign-top u-container-layout-6\">\n                <img decoding=\"async\" class=\"u-expanded-width u-image u-image-default u-image-6\" alt=\"\" data-image-width=\"6960\" data-image-height=\"4640\" src=\"https:\/\/vzcveenendaal.nl\/zwemmen\/wp-content\/uploads\/sites\/2\/2023\/03\/IMG_2078-scaled.jpg\" data-href=\"https:\/\/vzcveenendaal.nl\/zwemmen\/masterzwemmen\/\" title=\"Masterzwemmen\">\n                <h4 class=\"u-align-center u-text u-text-13\">Masters<\/h4>\n                <p class=\"u-text u-text-14\">Ben je 18 jaar of ouder, heb je vroeger gezwommen of wil je de basis van de borstcrawl, rugcrawl en schoolslag leren? Bij de masters draait het om gezelligheid en het werken aan je conditie.&nbsp;<\/p>\n              <\/div>\n            <\/div>\n          <\/div>\n          <a class=\"u-gallery-nav u-gallery-nav-prev u-grey-70 u-icon-circle u-opacity u-opacity-70 u-spacing-10 u-text-white u-gallery-nav-1\" href=\"#\" role=\"button\"><span aria-hidden=\"true\">\n              <svg viewBox=\"0 0 451.847 451.847\"><path d=\"M97.141,225.92c0-8.095,3.091-16.192,9.259-22.366L300.689,9.27c12.359-12.359,32.397-12.359,44.751,0\nc12.354,12.354,12.354,32.388,0,44.748L173.525,225.92l171.903,171.909c12.354,12.354,12.354,32.391,0,44.744\nc-12.354,12.365-32.386,12.365-44.745,0l-194.29-194.281C100.226,242.115,97.141,234.018,97.141,225.92z\"><\/path><\/svg><\/span><span class=\"sr-only\">\n              <svg viewBox=\"0 0 451.847 451.847\"><path d=\"M97.141,225.92c0-8.095,3.091-16.192,9.259-22.366L300.689,9.27c12.359-12.359,32.397-12.359,44.751,0\nc12.354,12.354,12.354,32.388,0,44.748L173.525,225.92l171.903,171.909c12.354,12.354,12.354,32.391,0,44.744\nc-12.354,12.365-32.386,12.365-44.745,0l-194.29-194.281C100.226,242.115,97.141,234.018,97.141,225.92z\"><\/path><\/svg><\/span>\n          <\/a>\n          <a class=\"u-gallery-nav u-gallery-nav-next u-grey-70 u-icon-circle u-opacity u-opacity-70 u-spacing-10 u-text-white u-gallery-nav-2\" href=\"#\" role=\"button\"><span aria-hidden=\"true\">\n              <svg viewBox=\"0 0 451.846 451.847\"><path d=\"M345.441,248.292L151.154,442.573c-12.359,12.365-32.397,12.365-44.75,0c-12.354-12.354-12.354-32.391,0-44.744\nL278.318,225.92L106.409,54.017c-12.354-12.359-12.354-32.394,0-44.748c12.354-12.359,32.391-12.359,44.75,0l194.287,194.284\nc6.177,6.18,9.262,14.271,9.262,22.366C354.708,234.018,351.617,242.115,345.441,248.292z\"><\/path><\/svg><\/span><span class=\"sr-only\">\n              <svg viewBox=\"0 0 451.846 451.847\"><path d=\"M345.441,248.292L151.154,442.573c-12.359,12.365-32.397,12.365-44.75,0c-12.354-12.354-12.354-32.391,0-44.744\nL278.318,225.92L106.409,54.017c-12.354-12.359-12.354-32.394,0-44.748c12.354-12.359,32.391-12.359,44.75,0l194.287,194.284\nc6.177,6.18,9.262,14.271,9.262,22.366C354.708,234.018,351.617,242.115,345.441,248.292z\"><\/path><\/svg><\/span>\n          <\/a>\n        <\/div>\n      <\/div>\n    <\/section>\n    <section class=\"u-clearfix u-palette-1-light-3 u-section-8\" id=\"sec-e267\">\n      <div class=\"u-clearfix u-sheet u-sheet-1\">\n        <h2 class=\"u-align-center u-text u-text-palette-1-base u-text-1\">NIEUWSBERICHTEN<\/h2>\n        <div class=\"u-blog u-container-style u-expanded-width u-layout-horizontal u-blog-1 u-hidden-visibility\"  data-site-sorting-prop=\"created\" data-site-sorting-order=\"desc\">\n          <div class=\"u-list-control\"><\/div>\n          <div class=\"u-repeater u-repeater-1\">\n            <div class=\"u-blog-post u-invisible u-container-style u-repeater-item\">\n              <div class=\"u-container-layout u-similar-container u-container-layout-1\">\n                <h2 class=\"u-blog-control u-text u-text-palette-1-base u-text-2\">\n                  <a class=\"u-post-header-link\" href=\"https:\/\/vzcveenendaal.nl\/zwemmen\/2026\/03\/30\/vzc-paardekooper-sprintbokaal-zwemfeest-met-veens-succes\/\">VZC Paardekooper Sprintbokaal: zwemfeest met Veens succes<\/a>\n                <\/h2><a class=\"u-blog-control u-expanded-width u-image u-image-default u-image-1\" href=\"https:\/\/vzcveenendaal.nl\/zwemmen\/2026\/03\/30\/vzc-paardekooper-sprintbokaal-zwemfeest-met-veens-succes\/\">\n                <img decoding=\"async\" src=\"https:\/\/vzcveenendaal.nl\/zwemmen\/wp-content\/uploads\/sites\/2\/groep-sprintbokaal2.jpg\" alt=\"\" class=\"u-blog-control u-expanded-width u-image u-image-default u-image-1\"><\/a>\n                <div class=\"u-blog-control u-post-content u-text u-text-palette-1-base u-text-3\"><p>\nOp zaterdag 28 maart stond Zwembad De Vallei volledig in het teken van de Vallei Sprintbokaal. Met veertien deelnemende verenigingen en in totaal &hellip;<\/p>\n                <\/div>\n              <\/div>\n            <\/div>\n            <div class=\"u-blog-post u-invisible u-container-style u-repeater-item\">\n              <div class=\"u-container-layout u-similar-container u-container-layout-2\">\n                <h2 class=\"u-blog-control u-text u-text-palette-1-base u-text-4\">\n                  <a class=\"u-post-header-link\" href=\"https:\/\/vzcveenendaal.nl\/zwemmen\/2026\/03\/23\/vzc-schittert-op-speedo-jaargangfinale-met-nationale-topresultaten\/\">VZC schittert op Speedo Jaargangfinale met nationale topresultaten<\/a>\n                <\/h2><a class=\"u-blog-control u-expanded-width u-image u-image-default u-image-2\" href=\"https:\/\/vzcveenendaal.nl\/zwemmen\/2026\/03\/23\/vzc-schittert-op-speedo-jaargangfinale-met-nationale-topresultaten\/\">\n                <img decoding=\"async\" src=\"https:\/\/vzcveenendaal.nl\/zwemmen\/wp-content\/uploads\/sites\/2\/WhatsApp-Image-2026-03-27-at-08.46.16-2-1.jpeg\" alt=\"\" class=\"u-blog-control u-expanded-width u-image u-image-default u-image-2\"><\/a>\n                <div class=\"u-blog-control u-post-content u-text u-text-palette-1-base u-text-5\"><p>\nAfgelopen weekend stond in het teken van de Speedo Jaargangfinale in Leiden: twee dagen vol spanning, snelheid en topprestaties! Alleen de beste 20&hellip;<\/p>\n                <\/div>\n              <\/div>\n            <\/div>\n            <div class=\"u-blog-post u-invisible u-container-style u-repeater-item\">\n              <div class=\"u-container-layout u-similar-container u-container-layout-3\">\n                <h2 class=\"u-blog-control u-text u-text-palette-1-base u-text-6\">\n                  <a class=\"u-post-header-link\" href=\"https:\/\/vzcveenendaal.nl\/zwemmen\/2026\/03\/21\/sterke-prestaties-vzc-bij-vallei-25\/\">Mooie prestaties tijdens de Vallei 25<\/a>\n                <\/h2><a class=\"u-blog-control u-expanded-width u-image u-image-default u-image-3\" href=\"https:\/\/vzcveenendaal.nl\/zwemmen\/2026\/03\/21\/sterke-prestaties-vzc-bij-vallei-25\/\">\n                <img decoding=\"async\" src=\"https:\/\/vzcveenendaal.nl\/zwemmen\/wp-content\/uploads\/sites\/2\/WhatsApp-Image-2026-03-23-at-21.01.42-1.jpeg\" alt=\"\" class=\"u-blog-control u-expanded-width u-image u-image-default u-image-3\"><\/a>\n                <div class=\"u-blog-control u-post-content u-text u-text-palette-1-base u-text-7\"><p>\nTijdens de Vallei 25 hebben de jongste zwemmers van VZC opnieuw laten zien in goede vorm te zijn. Er werden veel persoonlijke records gezwommen en &hellip;<\/p>\n                <\/div>\n              <\/div>\n            <\/div>\n            <div class=\"u-blog-post u-invisible u-container-style u-repeater-item\">\n              <div class=\"u-container-layout u-similar-container u-container-layout-1\">\n                <h2 class=\"u-blog-control u-text u-text-palette-1-base u-text-2\">\n                  <a class=\"u-post-header-link\" href=\"https:\/\/vzcveenendaal.nl\/zwemmen\/2026\/03\/16\/vzc-zwemt-sterke-vierde-competitieronde-met-hoge-puntenscores\/\">VZC zwemt sterke vierde competitieronde met hoge puntenscores<\/a>\n                <\/h2><a class=\"u-blog-control u-expanded-width u-image u-image-default u-image-1\" href=\"https:\/\/vzcveenendaal.nl\/zwemmen\/2026\/03\/16\/vzc-zwemt-sterke-vierde-competitieronde-met-hoge-puntenscores\/\">\n                <img decoding=\"async\" src=\"https:\/\/vzcveenendaal.nl\/zwemmen\/wp-content\/uploads\/sites\/2\/IMG_8354.jpg\" alt=\"\" class=\"u-blog-control u-expanded-width u-image u-image-default u-image-1\"><\/a>\n                <div class=\"u-blog-control u-post-content u-text u-text-palette-1-base u-text-3\"><p>\nVeel persoonlijke records en stabiele teamprestatie\n\n\n\nDe zwemmers van VZC hebben zaterdag 14 maart in Veenendaal een sterke vierde ronde van de &hellip;<\/p>\n                <\/div>\n              <\/div>\n            <\/div>\n            <div class=\"u-blog-post u-invisible u-container-style u-repeater-item\">\n              <div class=\"u-container-layout u-similar-container u-container-layout-2\">\n                <h2 class=\"u-blog-control u-text u-text-palette-1-base u-text-4\">\n                  <a class=\"u-post-header-link\" href=\"https:\/\/vzcveenendaal.nl\/zwemmen\/2026\/03\/09\/masters-in-actie-in-barneveld\/\">Masters in actie in Barneveld<\/a>\n                <\/h2><a class=\"u-blog-control u-expanded-width u-image u-image-default u-image-2\" href=\"https:\/\/vzcveenendaal.nl\/zwemmen\/2026\/03\/09\/masters-in-actie-in-barneveld\/\">\n                <img decoding=\"async\" src=\"https:\/\/vzcveenendaal.nl\/zwemmen\/wp-content\/uploads\/sites\/2\/IMG-20260308-WA0016-1.jpg\" alt=\"\" class=\"u-blog-control u-expanded-width u-image u-image-default u-image-2\"><\/a>\n                <div class=\"u-blog-control u-post-content u-text u-text-palette-1-base u-text-5\"><p>\nOp zaterdag 7 maart 2026 stond in Barneveld deel 3 van de Masterwedstrijd Midden Nederland op het programma. Negen masters van VZC verschenen aan &hellip;<\/p>\n                <\/div>\n              <\/div>\n            <\/div>\n            <div class=\"u-blog-post u-invisible u-container-style u-repeater-item\">\n              <div class=\"u-container-layout u-similar-container u-container-layout-3\">\n                <h2 class=\"u-blog-control u-text u-text-palette-1-base u-text-6\">\n                  <a class=\"u-post-header-link\" href=\"https:\/\/vzcveenendaal.nl\/zwemmen\/2026\/03\/09\/gezellig-o12-circuit-in-zwembad-de-vallei\/\">Gezellig O12-circuit in zwembad De Vallei<\/a>\n                <\/h2><a class=\"u-blog-control u-expanded-width u-image u-image-default u-image-3\" href=\"https:\/\/vzcveenendaal.nl\/zwemmen\/2026\/03\/09\/gezellig-o12-circuit-in-zwembad-de-vallei\/\">\n                <img decoding=\"async\" src=\"https:\/\/vzcveenendaal.nl\/zwemmen\/wp-content\/uploads\/sites\/2\/IMG-20260308-WA0027.jpg\" alt=\"\" class=\"u-blog-control u-expanded-width u-image u-image-default u-image-3\"><\/a>\n                <div class=\"u-blog-control u-post-content u-text u-text-palette-1-base u-text-7\"><p>\nTerwijl een groot deel van de VZC-zwemmers dit weekend in Dortmund in actie kwam, stonden op zaterdag 7 maart 2026 dertien jonge VZC-zwemmers aan &hellip;<\/p>\n                <\/div>\n              <\/div>\n            <\/div>\n            <div class=\"u-blog-post u-invisible u-container-style u-repeater-item\">\n              <div class=\"u-container-layout u-similar-container u-container-layout-1\">\n                <h2 class=\"u-blog-control u-text u-text-palette-1-base u-text-2\">\n                  <a class=\"u-post-header-link\" href=\"https:\/\/vzcveenendaal.nl\/zwemmen\/2026\/03\/09\/vzc-zwemmers-beleven-sportief-en-gezellig-weekend-in-dortmund\/\">VZC zwemmers beleven sportief en gezellig weekend in Dortmund<\/a>\n                <\/h2><div class=\"none-post-image\" style=\"display: none;\"><\/div>\n                <div class=\"u-blog-control u-post-content u-text u-text-palette-1-base u-text-3\"><p>\nAfgelopen weekend reisden maar liefst 40 zwemmers van VZC af naar het Duitse Dortmund voor een mooie internationale wedstrijd. De ploeg bestond uit&hellip;<\/p>\n                <\/div>\n              <\/div>\n            <\/div>\n            <div class=\"u-blog-post u-invisible u-container-style u-repeater-item\">\n              <div class=\"u-container-layout u-similar-container u-container-layout-2\">\n                <h2 class=\"u-blog-control u-text u-text-palette-1-base u-text-4\">\n                  <a class=\"u-post-header-link\" href=\"https:\/\/vzcveenendaal.nl\/zwemmen\/2026\/03\/02\/terug-in-het-wedstrijdritme-23-prs-in-kampen\/\">Terug in het wedstrijdritme: 23 PR\u2019s in Kampen!<\/a>\n                <\/h2><a class=\"u-blog-control u-expanded-width u-image u-image-default u-image-2\" href=\"https:\/\/vzcveenendaal.nl\/zwemmen\/2026\/03\/02\/terug-in-het-wedstrijdritme-23-prs-in-kampen\/\">\n                <img decoding=\"async\" src=\"https:\/\/vzcveenendaal.nl\/zwemmen\/wp-content\/uploads\/sites\/2\/IMG-20260228-WA0012.jpg\" alt=\"\" class=\"u-blog-control u-expanded-width u-image u-image-default u-image-2\"><\/a>\n                <div class=\"u-blog-control u-post-content u-text u-text-palette-1-base u-text-5\"><p>\nAfgelopen zaterdag reisden 12 minioren af naar Kampen voor de O12 Jaarganglimietwedstrijd. Omdat de enige wedstrijd in januari door gladde wegen &hellip;<\/p>\n                <\/div>\n              <\/div>\n            <\/div>\n            <div class=\"u-blog-post u-invisible u-container-style u-repeater-item\">\n              <div class=\"u-container-layout u-similar-container u-container-layout-3\">\n                <h2 class=\"u-blog-control u-text u-text-palette-1-base u-text-6\">\n                  <a class=\"u-post-header-link\" href=\"https:\/\/vzcveenendaal.nl\/zwemmen\/2026\/03\/02\/debuut-doorzettingsvermogen-en-19-prs-bij-de-heuvelrug-deel-3-wedstrijd\/\">Debuut en doorzettingsvermogen bij Heuvelrug deel 3 in Houten<\/a>\n                <\/h2><a class=\"u-blog-control u-expanded-width u-image u-image-default u-image-3\" href=\"https:\/\/vzcveenendaal.nl\/zwemmen\/2026\/03\/02\/debuut-doorzettingsvermogen-en-19-prs-bij-de-heuvelrug-deel-3-wedstrijd\/\">\n                <img decoding=\"async\" src=\"https:\/\/vzcveenendaal.nl\/zwemmen\/wp-content\/uploads\/sites\/2\/IMG-20260303-WA0005.jpg\" alt=\"\" class=\"u-blog-control u-expanded-width u-image u-image-default u-image-3\"><\/a>\n                <div class=\"u-blog-control u-post-content u-text u-text-palette-1-base u-text-7\"><p>\nAfgelopen zaterdag, 28 februari, was VZC met 12 enthousiaste zwemmers van de B-junioren aanwezig bij de Heuvelrug deel 3 in Houten. Het was een &hellip;<\/p>\n                <\/div>\n              <\/div>\n            <\/div>\n            <div class=\"u-blog-post u-invisible u-container-style u-repeater-item\">\n              <div class=\"u-container-layout u-similar-container u-container-layout-1\">\n                <h2 class=\"u-blog-control u-text u-text-palette-1-base u-text-2\">\n                  <a class=\"u-post-header-link\" href=\"https:\/\/vzcveenendaal.nl\/zwemmen\/2026\/03\/02\/een-familiebedrijf-met-verbinding\/\">Een\u00a0familiebedrijf met\u00a0verbinding\u00a0<\/a>\n                <\/h2><a class=\"u-blog-control u-expanded-width u-image u-image-default u-image-1\" href=\"https:\/\/vzcveenendaal.nl\/zwemmen\/2026\/03\/02\/een-familiebedrijf-met-verbinding\/\">\n                <img decoding=\"async\" src=\"https:\/\/vzcveenendaal.nl\/zwemmen\/wp-content\/uploads\/sites\/2\/IMG-20250330-WA0018.jpg\" alt=\"\" class=\"u-blog-control u-expanded-width u-image u-image-default u-image-1\"><\/a>\n                <div class=\"u-blog-control u-post-content u-text u-text-palette-1-base u-text-3\"><p>\nSamen aan tafel in Veenendaal&nbsp;\n\n\n\nAan de eettafel in hun woning in Veenendaal schuiven Marco en Annette&nbsp;Paardekooper&nbsp;samen met hun &hellip;<\/p>\n                <\/div>\n              <\/div>\n            <\/div>\n            <div class=\"u-blog-post u-invisible u-container-style u-repeater-item\">\n              <div class=\"u-container-layout u-similar-container u-container-layout-2\">\n                <h2 class=\"u-blog-control u-text u-text-palette-1-base u-text-4\">\n                  <a class=\"u-post-header-link\" href=\"https:\/\/vzcveenendaal.nl\/zwemmen\/2026\/02\/07\/spannend-en-sportief-schoolzwemtoernooi-2026-bij-vzc\/\">Spannend en sportief Schoolzwemtoernooi 2026 bij VZC<\/a>\n                <\/h2><a class=\"u-blog-control u-expanded-width u-image u-image-default u-image-2\" href=\"https:\/\/vzcveenendaal.nl\/zwemmen\/2026\/02\/07\/spannend-en-sportief-schoolzwemtoernooi-2026-bij-vzc\/\">\n                <img decoding=\"async\" src=\"https:\/\/vzcveenendaal.nl\/zwemmen\/wp-content\/uploads\/sites\/2\/20260206_193748.jpg\" alt=\"\" class=\"u-blog-control u-expanded-width u-image u-image-default u-image-2\"><\/a>\n                <div class=\"u-blog-control u-post-content u-text u-text-palette-1-base u-text-5\"><p>\nAfgelopen weekend vond in het Veenendaalse zwembad weer het jaarlijkse Schoolzwemtoernooi plaats. Met ruim 100 enthousiaste zwemmers van 9 &hellip;<\/p>\n                <\/div>\n              <\/div>\n            <\/div>\n            <div class=\"u-blog-post u-invisible u-container-style u-repeater-item\">\n              <div class=\"u-container-layout u-similar-container u-container-layout-3\">\n                <h2 class=\"u-blog-control u-text u-text-palette-1-base u-text-6\">\n                  <a class=\"u-post-header-link\" href=\"https:\/\/vzcveenendaal.nl\/zwemmen\/2026\/02\/02\/sterke-start-langebaanseizoen-in-amersfoort\/\">Sterke start langebaanseizoen in Amersfoort<\/a>\n                <\/h2><a class=\"u-blog-control u-expanded-width u-image u-image-default u-image-3\" href=\"https:\/\/vzcveenendaal.nl\/zwemmen\/2026\/02\/02\/sterke-start-langebaanseizoen-in-amersfoort\/\">\n                <img decoding=\"async\" src=\"https:\/\/vzcveenendaal.nl\/zwemmen\/wp-content\/uploads\/sites\/2\/WhatsApp-Image-2026-02-01-at-20.56.51.jpeg\" alt=\"\" class=\"u-blog-control u-expanded-width u-image u-image-default u-image-3\"><\/a>\n                <div class=\"u-blog-control u-post-content u-text u-text-palette-1-base u-text-7\"><p>\nOp zondag 1 februari, verscheen een groot deel van de A-selectie en een deel van de B-selectie in Amersfoort. Bij zwembad de Amerena kunnen de &hellip;<\/p>\n                <\/div>\n              <\/div>\n            <\/div>\n            <div class=\"u-blog-post u-invisible u-container-style u-repeater-item\">\n              <div class=\"u-container-layout u-similar-container u-container-layout-1\">\n                <h2 class=\"u-blog-control u-text u-text-palette-1-base u-text-2\">\n                  <a class=\"u-post-header-link\" href=\"https:\/\/vzcveenendaal.nl\/zwemmen\/2026\/02\/02\/masters-laten-zich-zien-in-houten\/\">Masters laten zich zien in Houten<\/a>\n                <\/h2><a class=\"u-blog-control u-expanded-width u-image u-image-default u-image-1\" href=\"https:\/\/vzcveenendaal.nl\/zwemmen\/2026\/02\/02\/masters-laten-zich-zien-in-houten\/\">\n                <img decoding=\"async\" src=\"https:\/\/vzcveenendaal.nl\/zwemmen\/wp-content\/uploads\/sites\/2\/WhatsApp-Image-2026-02-01-at-20.57.47.jpeg\" alt=\"\" class=\"u-blog-control u-expanded-width u-image u-image-default u-image-1\"><\/a>\n                <div class=\"u-blog-control u-post-content u-text u-text-palette-1-base u-text-3\"><p>\nZaterdag 31 januari waren een aantal masters aanwezig bij de wedstrijd Masters Midden Nederland deel 2 in Houten. Ook hoofdtrainer Louise Gepkens &hellip;<\/p>\n                <\/div>\n              <\/div>\n            <\/div>\n            <div class=\"u-blog-post u-invisible u-container-style u-repeater-item\">\n              <div class=\"u-container-layout u-similar-container u-container-layout-2\">\n                <h2 class=\"u-blog-control u-text u-text-palette-1-base u-text-4\">\n                  <a class=\"u-post-header-link\" href=\"https:\/\/vzcveenendaal.nl\/zwemmen\/2026\/01\/31\/vzc-schittert-bij-jobs-haaienchallenge-in-leusden\/\">VZC schittert bij Jobs Haaienchallenge in Leusden<\/a>\n                <\/h2><a class=\"u-blog-control u-expanded-width u-image u-image-default u-image-2\" href=\"https:\/\/vzcveenendaal.nl\/zwemmen\/2026\/01\/31\/vzc-schittert-bij-jobs-haaienchallenge-in-leusden\/\">\n                <img decoding=\"async\" src=\"https:\/\/vzcveenendaal.nl\/zwemmen\/wp-content\/uploads\/sites\/2\/WhatsApp-Image-2026-02-01-at-11.49.26.jpeg\" alt=\"\" class=\"u-blog-control u-expanded-width u-image u-image-default u-image-2\"><\/a>\n                <div class=\"u-blog-control u-post-content u-text u-text-palette-1-base u-text-5\"><p>\nOp 1 februari 2026 vertrok VZC met een enthousiaste groep naar de Jobs Haaienchallenge in Leusden. Acht zwemmers, \u00e9\u00e9n trainer, twee &hellip;<\/p>\n                <\/div>\n              <\/div>\n            <\/div>\n            <div class=\"u-blog-post u-invisible u-container-style u-repeater-item\">\n              <div class=\"u-container-layout u-similar-container u-container-layout-3\">\n                <h2 class=\"u-blog-control u-text u-text-palette-1-base u-text-6\">\n                  <a class=\"u-post-header-link\" href=\"https:\/\/vzcveenendaal.nl\/zwemmen\/2026\/01\/26\/vzc-zwemmers-schitteren-op-njk-in-amsterdam\/\">VZC zwemmers schitteren op NJK in Amsterdam<\/a>\n                <\/h2><a class=\"u-blog-control u-expanded-width u-image u-image-default u-image-3\" href=\"https:\/\/vzcveenendaal.nl\/zwemmen\/2026\/01\/26\/vzc-zwemmers-schitteren-op-njk-in-amsterdam\/\">\n                <img decoding=\"async\" src=\"https:\/\/vzcveenendaal.nl\/zwemmen\/wp-content\/uploads\/sites\/2\/IMG-20260126-WA0003-1.jpg\" alt=\"\" class=\"u-blog-control u-expanded-width u-image u-image-default u-image-3\"><\/a>\n                <div class=\"u-blog-control u-post-content u-text u-text-palette-1-base u-text-7\"><p>\nAfgelopen weekend, van 23 tot en met 25 januari, stonden Mandy Berndsen en Matthieu Gepkens namens VZC aan de start van de Nederlandse Junioren &hellip;<\/p>\n                <\/div>\n              <\/div>\n            <\/div>\n            <div class=\"u-blog-post u-invisible u-container-style u-repeater-item\">\n              <div class=\"u-container-layout u-similar-container u-container-layout-1\">\n                <h2 class=\"u-blog-control u-text u-text-palette-1-base u-text-2\">\n                  <a class=\"u-post-header-link\" href=\"https:\/\/vzcveenendaal.nl\/zwemmen\/2026\/01\/17\/goed-gestart-in-2026-vzc-junioren-b-zwemmen-prs-in-de-kwakel\/\">Goed gestart in 2026: VZC junioren B zwemmen PR's in De Kwakel<\/a>\n                <\/h2><a class=\"u-blog-control u-expanded-width u-image u-image-default u-image-1\" href=\"https:\/\/vzcveenendaal.nl\/zwemmen\/2026\/01\/17\/goed-gestart-in-2026-vzc-junioren-b-zwemmen-prs-in-de-kwakel\/\">\n                <img decoding=\"async\" src=\"https:\/\/vzcveenendaal.nl\/zwemmen\/wp-content\/uploads\/sites\/2\/IMG-20260121-WA0006-1.jpg\" alt=\"\" class=\"u-blog-control u-expanded-width u-image u-image-default u-image-1\"><\/a>\n                <div class=\"u-blog-control u-post-content u-text u-text-palette-1-base u-text-3\"><p>\nAfgelopen zaterdag 17 januari, was VZC met 12 zwemmers van de junioren B, aanwezig bij de Heuvelrug Circuit Deel 2. De wedstrijd vond plaats in De &hellip;<\/p>\n                <\/div>\n              <\/div>\n            <\/div>\n            <div class=\"u-blog-post u-invisible u-container-style u-repeater-item\">\n              <div class=\"u-container-layout u-similar-container u-container-layout-2\">\n                <h2 class=\"u-blog-control u-text u-text-palette-1-base u-text-4\">\n                  <a class=\"u-post-header-link\" href=\"https:\/\/vzcveenendaal.nl\/zwemmen\/2026\/01\/01\/iedereen-een-spetterend-2026-gewenst\/\">Iedereen een spetterend 2026 gewenst!<\/a>\n                <\/h2><a class=\"u-blog-control u-expanded-width u-image u-image-default u-image-2\" href=\"https:\/\/vzcveenendaal.nl\/zwemmen\/2026\/01\/01\/iedereen-een-spetterend-2026-gewenst\/\">\n                <img decoding=\"async\" src=\"https:\/\/vzcveenendaal.nl\/zwemmen\/wp-content\/uploads\/sites\/2\/2026-onder-water.jpg\" alt=\"\" class=\"u-blog-control u-expanded-width u-image u-image-default u-image-2\"><\/a>\n                <div class=\"u-blog-control u-post-content u-text u-text-palette-1-base u-text-5\"><p>\nMet de Oliebollenwedstrijd op 30 december 2025 hebben we het jaar 2025 passend afgesloten! Samen verbinden, fun en gezelligheid is waar VZC ook &hellip;<\/p>\n                <\/div>\n              <\/div>\n            <\/div>\n            <div class=\"u-blog-post u-invisible u-container-style u-repeater-item\">\n              <div class=\"u-container-layout u-similar-container u-container-layout-3\">\n                <h2 class=\"u-blog-control u-text u-text-palette-1-base u-text-6\">\n                  <a class=\"u-post-header-link\" href=\"https:\/\/vzcveenendaal.nl\/zwemmen\/2025\/12\/21\/b-selectie-test-snelheid-en-techniek-tijdens-winterwedstrijd-in-zeist\/\">B-selectie test snelheid en techniek tijdens winterwedstrijd in Zeist<\/a>\n                <\/h2><a class=\"u-blog-control u-expanded-width u-image u-image-default u-image-3\" href=\"https:\/\/vzcveenendaal.nl\/zwemmen\/2025\/12\/21\/b-selectie-test-snelheid-en-techniek-tijdens-winterwedstrijd-in-zeist\/\">\n                <img decoding=\"async\" src=\"https:\/\/vzcveenendaal.nl\/zwemmen\/wp-content\/uploads\/sites\/2\/20251221_155023.jpg\" alt=\"\" class=\"u-blog-control u-expanded-width u-image u-image-default u-image-3\"><\/a>\n                <div class=\"u-blog-control u-post-content u-text u-text-palette-1-base u-text-7\"><p>\nAfgelopen zondag kwam de B-selectie in actie tijdens de winterwedstrijd in Zeist. De wedstrijd stond volledig in het teken van de 50 meter-nummers,&hellip;<\/p>\n                <\/div>\n              <\/div>\n            <\/div>\n            <div class=\"u-blog-post u-invisible u-container-style u-repeater-item\">\n              <div class=\"u-container-layout u-similar-container u-container-layout-1\">\n                <h2 class=\"u-blog-control u-text u-text-palette-1-base u-text-2\">\n                  <a class=\"u-post-header-link\" href=\"https:\/\/vzcveenendaal.nl\/zwemmen\/2025\/12\/19\/b-selectie-en-recreanten-sluiten-2025-af-met-lasergamen-bowlen-en-veel-gezelligheid\/\">B-selectie en Recreanten sluiten 2025 af met lasergamen en bowlen<\/a>\n                <\/h2><a class=\"u-blog-control u-expanded-width u-image u-image-default u-image-1\" href=\"https:\/\/vzcveenendaal.nl\/zwemmen\/2025\/12\/19\/b-selectie-en-recreanten-sluiten-2025-af-met-lasergamen-bowlen-en-veel-gezelligheid\/\">\n                <img decoding=\"async\" src=\"https:\/\/vzcveenendaal.nl\/zwemmen\/wp-content\/uploads\/sites\/2\/WhatsApp-Image-2025-12-19-at-21.50.31.jpeg\" alt=\"\" class=\"u-blog-control u-expanded-width u-image u-image-default u-image-1\"><\/a>\n                <div class=\"u-blog-control u-post-content u-text u-text-palette-1-base u-text-3\"><p>\nVrijdag 19 december 2025 stond bij VZC in het teken van gezelligheid. De B-selectie en Recreanten sloten het jaar samen af met een superleuk uitje &hellip;<\/p>\n                <\/div>\n              <\/div>\n            <\/div>\n            <div class=\"u-blog-post u-invisible u-container-style u-repeater-item\">\n              <div class=\"u-container-layout u-similar-container u-container-layout-2\">\n                <h2 class=\"u-blog-control u-text u-text-palette-1-base u-text-4\">\n                  <a class=\"u-post-header-link\" href=\"https:\/\/vzcveenendaal.nl\/zwemmen\/2025\/12\/16\/gezellig-teamuitje-van-de-a-selectie-en-18\/\">A-selectie, 18+ en junioren A sluiten 2025 gezellig af bij Eastern Plaza<\/a>\n                <\/h2><a class=\"u-blog-control u-expanded-width u-image u-image-default u-image-2\" href=\"https:\/\/vzcveenendaal.nl\/zwemmen\/2025\/12\/16\/gezellig-teamuitje-van-de-a-selectie-en-18\/\">\n                <img decoding=\"async\" src=\"https:\/\/vzcveenendaal.nl\/zwemmen\/wp-content\/uploads\/sites\/2\/IMG-20251214-WA0012.jpg\" alt=\"\" class=\"u-blog-control u-expanded-width u-image u-image-default u-image-2\"><\/a>\n                <div class=\"u-blog-control u-post-content u-text u-text-palette-1-base u-text-5\"><p>\nOp zondag 14 december zijn de zwemmers van de A-selectie, 18+ en junioren A uit eten geweest bij Eastern Plaza in Elst. Met een groep van 30 &hellip;<\/p>\n                <\/div>\n              <\/div>\n            <\/div>\n            <div class=\"u-blog-post u-invisible u-container-style u-repeater-item\">\n              <div class=\"u-container-layout u-similar-container u-container-layout-3\">\n                <h2 class=\"u-blog-control u-text u-text-palette-1-base u-text-6\">\n                  <a class=\"u-post-header-link\" href=\"https:\/\/vzcveenendaal.nl\/zwemmen\/2025\/12\/06\/vallei-25-met-pepernoten-en-chocoladeletters\/\">Vallei 25 met pepernoten en chocoladeletters<\/a>\n                <\/h2><a class=\"u-blog-control u-expanded-width u-image u-image-default u-image-3\" href=\"https:\/\/vzcveenendaal.nl\/zwemmen\/2025\/12\/06\/vallei-25-met-pepernoten-en-chocoladeletters\/\">\n                <img decoding=\"async\" src=\"https:\/\/vzcveenendaal.nl\/zwemmen\/wp-content\/uploads\/sites\/2\/IMG-20251206-WA0009-1.jpg\" alt=\"\" class=\"u-blog-control u-expanded-width u-image u-image-default u-image-3\"><\/a>\n                <div class=\"u-blog-control u-post-content u-text u-text-palette-1-base u-text-7\"><p>\nOp zaterdag 6 december kwamen zwemmers van twaalf verenigingen naar Veenendaal voor de Vallei 25. Zoals altijd deed iedereen zijn uiterste best om &hellip;<\/p>\n                <\/div>\n              <\/div>\n            <\/div>\n            <div class=\"u-blog-post u-invisible u-container-style u-repeater-item\">\n              <div class=\"u-container-layout u-similar-container u-container-layout-1\">\n                <h2 class=\"u-blog-control u-text u-text-palette-1-base u-text-2\">\n                  <a class=\"u-post-header-link\" href=\"https:\/\/vzcveenendaal.nl\/zwemmen\/2025\/12\/02\/jeugdwedstrijd-wageningen\/\">36 PR's gezwommen tijdens jeugdwedstrijd Wageningen<\/a>\n                <\/h2><a class=\"u-blog-control u-expanded-width u-image u-image-default u-image-1\" href=\"https:\/\/vzcveenendaal.nl\/zwemmen\/2025\/12\/02\/jeugdwedstrijd-wageningen\/\">\n                <img decoding=\"async\" src=\"https:\/\/vzcveenendaal.nl\/zwemmen\/wp-content\/uploads\/sites\/2\/20251202_081857.jpg\" alt=\"\" class=\"u-blog-control u-expanded-width u-image u-image-default u-image-1\"><\/a>\n                <div class=\"u-blog-control u-post-content u-text u-text-palette-1-base u-text-3\"><p>\nAfgelopen zaterdag verzamelden onze jongste VZC-zwemmers zich in Wageningen voor de Jeugdwedstrijd deel 2. In totaal gingen 21 Minioren en &hellip;<\/p>\n                <\/div>\n              <\/div>\n            <\/div>\n            <div class=\"u-blog-post u-invisible u-container-style u-repeater-item\">\n              <div class=\"u-container-layout u-similar-container u-container-layout-2\">\n                <h2 class=\"u-blog-control u-text u-text-palette-1-base u-text-4\">\n                  <a class=\"u-post-header-link\" href=\"https:\/\/vzcveenendaal.nl\/zwemmen\/2025\/12\/01\/44-medailles-voor-zwemmers-vzc-in-tweede-weekend-utrechtse-kampioenschappen\/\">44 Medailles voor zwemmers VZC in tweede weekend Utrechtse kampioenschappen<\/a>\n                <\/h2><a class=\"u-blog-control u-expanded-width u-image u-image-default u-image-2\" href=\"https:\/\/vzcveenendaal.nl\/zwemmen\/2025\/12\/01\/44-medailles-voor-zwemmers-vzc-in-tweede-weekend-utrechtse-kampioenschappen\/\">\n                <img decoding=\"async\" src=\"https:\/\/vzcveenendaal.nl\/zwemmen\/wp-content\/uploads\/sites\/2\/Schermafbeelding-2025-12-02-091728.jpg\" alt=\"\" class=\"u-blog-control u-expanded-width u-image u-image-default u-image-2\"><\/a>\n                <div class=\"u-blog-control u-post-content u-text u-text-palette-1-base u-text-5\"><p>\nNa een sterk openingsweekend stond op 29 en 30 november het tweede weekend van de Utrechtse Winterkampioenschappen op het programma. VZC was &hellip;<\/p>\n                <\/div>\n              <\/div>\n            <\/div>\n            <div class=\"u-blog-post u-invisible u-container-style u-repeater-item\">\n              <div class=\"u-container-layout u-similar-container u-container-layout-3\">\n                <h2 class=\"u-blog-control u-text u-text-palette-1-base u-text-6\">\n                  <a class=\"u-post-header-link\" href=\"https:\/\/vzcveenendaal.nl\/zwemmen\/2025\/11\/24\/veel-medailles-voor-vzc-bij-eerste-deel-utrechtse-winterkampioenschappen\/\">Veel medailles voor VZC bij eerste deel Utrechtse Winterkampioenschappen<\/a>\n                <\/h2><a class=\"u-blog-control u-expanded-width u-image u-image-default u-image-3\" href=\"https:\/\/vzcveenendaal.nl\/zwemmen\/2025\/11\/24\/veel-medailles-voor-vzc-bij-eerste-deel-utrechtse-winterkampioenschappen\/\">\n                <img decoding=\"async\" src=\"https:\/\/vzcveenendaal.nl\/zwemmen\/wp-content\/uploads\/sites\/2\/Schermafbeelding-2025-12-02-091520.jpg\" alt=\"\" class=\"u-blog-control u-expanded-width u-image u-image-default u-image-3\"><\/a>\n                <div class=\"u-blog-control u-post-content u-text u-text-palette-1-base u-text-7\"><p>\nVoor de junioren en jeugd\/senioren van VZC Zwemmen stond afgelopen weekend volledig in het teken van de Utrechtse Winterkampioenschappen. In &hellip;<\/p>\n                <\/div>\n              <\/div>\n            <\/div>\n            <div class=\"u-blog-post u-invisible u-container-style u-repeater-item\">\n              <div class=\"u-container-layout u-similar-container u-container-layout-1\">\n                <h2 class=\"u-blog-control u-text u-text-palette-1-base u-text-2\">\n                  <a class=\"u-post-header-link\" href=\"https:\/\/vzcveenendaal.nl\/zwemmen\/2025\/11\/23\/verslag-onmk-maastricht-sterke-races-en-mooie-prs-voor-vzc\/\">Verslag ONMK Maastricht \u2013 Sterke races en mooie PR\u2019s voor VZC<\/a>\n                <\/h2><a class=\"u-blog-control u-expanded-width u-image u-image-default u-image-1\" href=\"https:\/\/vzcveenendaal.nl\/zwemmen\/2025\/11\/23\/verslag-onmk-maastricht-sterke-races-en-mooie-prs-voor-vzc\/\">\n                <img decoding=\"async\" src=\"https:\/\/vzcveenendaal.nl\/zwemmen\/wp-content\/uploads\/sites\/2\/Schermafbeelding-2025-11-24-213336.jpg\" alt=\"\" class=\"u-blog-control u-expanded-width u-image u-image-default u-image-1\"><\/a>\n                <div class=\"u-blog-control u-post-content u-text u-text-palette-1-base u-text-3\"><p>\nAfgelopen weekend kwamen meerdere VZC-zwemmers in actie tijdens de 22ste editie van de Open Nederlandse Masters Kampioenschappen (ONMK) korte baan.&hellip;<\/p>\n                <\/div>\n              <\/div>\n            <\/div>\n            <div class=\"u-blog-post u-invisible u-container-style u-repeater-item\">\n              <div class=\"u-container-layout u-similar-container u-container-layout-2\">\n                <h2 class=\"u-blog-control u-text u-text-palette-1-base u-text-4\">\n                  <a class=\"u-post-header-link\" href=\"https:\/\/vzcveenendaal.nl\/zwemmen\/2025\/11\/17\/vzc-stijgt-een-plek-tijdens-tweede-competitieronde-in-amsterdam\/\">VZC stijgt een plek tijdens tweede competitieronde in Amsterdam<\/a>\n                <\/h2><a class=\"u-blog-control u-expanded-width u-image u-image-default u-image-2\" href=\"https:\/\/vzcveenendaal.nl\/zwemmen\/2025\/11\/17\/vzc-stijgt-een-plek-tijdens-tweede-competitieronde-in-amsterdam\/\">\n                <img decoding=\"async\" src=\"https:\/\/vzcveenendaal.nl\/zwemmen\/wp-content\/uploads\/sites\/2\/Afbeelding-van-WhatsApp-op-2025-11-16-om-17.01.06_1ed00fe5.jpg\" alt=\"\" class=\"u-blog-control u-expanded-width u-image u-image-default u-image-2\"><\/a>\n                <div class=\"u-blog-control u-post-content u-text u-text-palette-1-base u-text-5\"><p>\nTijdens de tweede competitieronde van de eredivisie zwemcompetitie op 15 november in Amsterdam liet VZC Veenendaal opnieuw zien over een hechte &hellip;<\/p>\n                <\/div>\n              <\/div>\n            <\/div>\n            <div class=\"u-blog-post u-invisible u-container-style u-repeater-item\">\n              <div class=\"u-container-layout u-similar-container u-container-layout-3\">\n                <h2 class=\"u-blog-control u-text u-text-palette-1-base u-text-6\">\n                  <a class=\"u-post-header-link\" href=\"https:\/\/vzcveenendaal.nl\/zwemmen\/2025\/11\/13\/%f0%9f%8e%89-geweldig-nieuws-over-de-clubactie-%f0%9f%8e%89\/\">\ud83c\udf89 Geweldig nieuws over de Clubactie! \ud83c\udf89<\/a>\n                <\/h2><a class=\"u-blog-control u-expanded-width u-image u-image-default u-image-3\" href=\"https:\/\/vzcveenendaal.nl\/zwemmen\/2025\/11\/13\/%f0%9f%8e%89-geweldig-nieuws-over-de-clubactie-%f0%9f%8e%89\/\">\n                <img decoding=\"async\" src=\"https:\/\/vzcveenendaal.nl\/zwemmen\/wp-content\/uploads\/sites\/2\/IMG-20251111-WA0003.jpg\" alt=\"\" class=\"u-blog-control u-expanded-width u-image u-image-default u-image-3\"><\/a>\n                <div class=\"u-blog-control u-post-content u-text u-text-palette-1-base u-text-7\"><p>\nWat een fantastisch resultaat! Dankzij de inzet van al onze kinderen en de steun van ouders, familie en vrienden hebben we met de Grote Clubactie &hellip;<\/p>\n                <\/div>\n              <\/div>\n            <\/div>\n            <div class=\"u-blog-post u-invisible u-container-style u-repeater-item\">\n              <div class=\"u-container-layout u-similar-container u-container-layout-1\">\n                <h2 class=\"u-blog-control u-text u-text-palette-1-base u-text-2\">\n                  <a class=\"u-post-header-link\" href=\"https:\/\/vzcveenendaal.nl\/zwemmen\/2025\/11\/10\/cursus-tijdwaarnemer-start-weer-in-februari-2026\/\">Cursus Tijdwaarnemer start weer in februari 2026<\/a>\n                <\/h2><a class=\"u-blog-control u-expanded-width u-image u-image-default u-image-1\" href=\"https:\/\/vzcveenendaal.nl\/zwemmen\/2025\/11\/10\/cursus-tijdwaarnemer-start-weer-in-februari-2026\/\">\n                <img decoding=\"async\" src=\"https:\/\/vzcveenendaal.nl\/zwemmen\/wp-content\/uploads\/sites\/2\/20251108_153807.jpg\" alt=\"\" class=\"u-blog-control u-expanded-width u-image u-image-default u-image-1\"><\/a>\n                <div class=\"u-blog-control u-post-content u-text u-text-palette-1-base u-text-3\"><p>\nBij een zwemwedstrijd zijn veel officials nodig om ervoor te zorgen dat alles goed verloopt. De scheidsrechter draagt de eindverantwoordelijkheid, &hellip;<\/p>\n                <\/div>\n              <\/div>\n            <\/div>\n            <div class=\"u-blog-post u-invisible u-container-style u-repeater-item\">\n              <div class=\"u-container-layout u-similar-container u-container-layout-2\">\n                <h2 class=\"u-blog-control u-text u-text-palette-1-base u-text-4\">\n                  <a class=\"u-post-header-link\" href=\"https:\/\/vzcveenendaal.nl\/zwemmen\/2025\/11\/09\/valleibad-bruist-van-de-zwemenergie-tijdens-het-o12-circuit-deel-2\/\">Valleibad bruist van de zwemenergie tijdens het O12 circuit deel 2<\/a>\n                <\/h2><a class=\"u-blog-control u-expanded-width u-image u-image-default u-image-2\" href=\"https:\/\/vzcveenendaal.nl\/zwemmen\/2025\/11\/09\/valleibad-bruist-van-de-zwemenergie-tijdens-het-o12-circuit-deel-2\/\">\n                <img decoding=\"async\" src=\"https:\/\/vzcveenendaal.nl\/zwemmen\/wp-content\/uploads\/sites\/2\/20251108_154158.jpg\" alt=\"\" class=\"u-blog-control u-expanded-width u-image u-image-default u-image-2\"><\/a>\n                <div class=\"u-blog-control u-post-content u-text u-text-palette-1-base u-text-5\"><p>\nZaterdagmiddag stond het Valleibad in het teken van het tweede deel van het O12 Circuit. 147 jonge zwemmers van twaalf verenigingen kwamen samen &hellip;<\/p>\n                <\/div>\n              <\/div>\n            <\/div>\n            <div class=\"u-blog-post u-invisible u-container-style u-repeater-item\">\n              <div class=\"u-container-layout u-similar-container u-container-layout-3\">\n                <h2 class=\"u-blog-control u-text u-text-palette-1-base u-text-6\">\n                  <a class=\"u-post-header-link\" href=\"https:\/\/vzcveenendaal.nl\/zwemmen\/2025\/11\/09\/vzc-masters-in-actie-bij-masterwedstrijd-in-rhenen\/\">VZC-masters in actie bij masterwedstrijd in Rhenen<\/a>\n                <\/h2><a class=\"u-blog-control u-expanded-width u-image u-image-default u-image-3\" href=\"https:\/\/vzcveenendaal.nl\/zwemmen\/2025\/11\/09\/vzc-masters-in-actie-bij-masterwedstrijd-in-rhenen\/\">\n                <img decoding=\"async\" src=\"https:\/\/vzcveenendaal.nl\/zwemmen\/wp-content\/uploads\/sites\/2\/Afbeelding-van-WhatsApp-op-2025-11-08-om-16.12.35_2f349d14.jpg\" alt=\"\" class=\"u-blog-control u-expanded-width u-image u-image-default u-image-3\"><\/a>\n                <div class=\"u-blog-control u-post-content u-text u-text-palette-1-base u-text-7\"><p>\nIn het Feel Fit Center in Rhenen vond op zaterdag 8 november 2025 het eerste deel van de masterwedstrijd Midden Nederland plaats. Zeven masters van&hellip;<\/p>\n                <\/div>\n              <\/div>\n            <\/div>\n            <div class=\"u-blog-post u-invisible u-container-style u-repeater-item\">\n              <div class=\"u-container-layout u-similar-container u-container-layout-1\">\n                <h2 class=\"u-blog-control u-text u-text-palette-1-base u-text-2\">\n                  <a class=\"u-post-header-link\" href=\"https:\/\/vzcveenendaal.nl\/zwemmen\/2025\/10\/28\/wtc-2025-meer-dan-medailles-wat-een-fantastisch-zwemweekend-in-veenendaal\/\">WTC 2025 - \u201cMeer dan medailles: wat een fantastisch zwemweekend in Veenendaal!\u201d<\/a>\n                <\/h2><a class=\"u-blog-control u-expanded-width u-image u-image-default u-image-1\" href=\"https:\/\/vzcveenendaal.nl\/zwemmen\/2025\/10\/28\/wtc-2025-meer-dan-medailles-wat-een-fantastisch-zwemweekend-in-veenendaal\/\">\n                <img decoding=\"async\" src=\"https:\/\/vzcveenendaal.nl\/zwemmen\/wp-content\/uploads\/sites\/2\/IMG-20251025-WA0012.jpg\" alt=\"\" class=\"u-blog-control u-expanded-width u-image u-image-default u-image-1\"><\/a>\n                <div class=\"u-blog-control u-post-content u-text u-text-palette-1-base u-text-3\"><p>\nAfgelopen weekend, op zaterdag 25 en zondag 26 oktober, was het weer zover! De WTC (Wisselslag TrainingsClub) wedstrijd in Veenendaal werd &hellip;<\/p>\n                <\/div>\n              <\/div>\n            <\/div>\n            <div class=\"u-blog-post u-invisible u-container-style u-repeater-item\">\n              <div class=\"u-container-layout u-similar-container u-container-layout-2\">\n                <h2 class=\"u-blog-control u-text u-text-palette-1-base u-text-4\">\n                  <a class=\"u-post-header-link\" href=\"https:\/\/vzcveenendaal.nl\/zwemmen\/2025\/10\/12\/nieuwe-regels-zelfde-enthousiasme-minioren-zwemmen-in-wageningen\/\">Nieuwe regels, zelfde enthousiasme: Minioren zwemmen in Wageningen!<\/a>\n                <\/h2><a class=\"u-blog-control u-expanded-width u-image u-image-default u-image-2\" href=\"https:\/\/vzcveenendaal.nl\/zwemmen\/2025\/10\/12\/nieuwe-regels-zelfde-enthousiasme-minioren-zwemmen-in-wageningen\/\">\n                <img decoding=\"async\" src=\"https:\/\/vzcveenendaal.nl\/zwemmen\/wp-content\/uploads\/sites\/2\/Afbeelding-van-WhatsApp-op-2025-10-16-om-11.31.33_6b0b8ef6.jpg\" alt=\"\" class=\"u-blog-control u-expanded-width u-image u-image-default u-image-2\"><\/a>\n                <div class=\"u-blog-control u-post-content u-text u-text-palette-1-base u-text-5\"><p>\nAfgelopen zondag was het feest in Wageningen tijdens de jeugdwedstrijd, speciaal voor alle minioren! Vorig seizoen was deze wedstrijd nog d\u00e9 plek &hellip;<\/p>\n                <\/div>\n              <\/div>\n            <\/div>\n            <div class=\"u-blog-post u-invisible u-container-style u-repeater-item\">\n              <div class=\"u-container-layout u-similar-container u-container-layout-3\">\n                <h2 class=\"u-blog-control u-text u-text-palette-1-base u-text-6\">\n                  <a class=\"u-post-header-link\" href=\"https:\/\/vzcveenendaal.nl\/zwemmen\/2025\/10\/11\/vallei-25-een-zwemwedstrijd-voor-en-door-kinderen-in-het-valleibad\/\">Vallei 25: een zwemwedstrijd v\u00f3\u00f3r en d\u00f3\u00f3r kinderen in het Valleibad<\/a>\n                <\/h2><a class=\"u-blog-control u-expanded-width u-image u-image-default u-image-3\" href=\"https:\/\/vzcveenendaal.nl\/zwemmen\/2025\/10\/11\/vallei-25-een-zwemwedstrijd-voor-en-door-kinderen-in-het-valleibad\/\">\n                <img decoding=\"async\" src=\"https:\/\/vzcveenendaal.nl\/zwemmen\/wp-content\/uploads\/sites\/2\/20251011_142227.jpg\" alt=\"\" class=\"u-blog-control u-expanded-width u-image u-image-default u-image-3\"><\/a>\n                <div class=\"u-blog-control u-post-content u-text u-text-palette-1-base u-text-7\"><p>\nAfgelopen zaterdag stond het Valleibad in Veenendaal in het teken van de Vallei 25 \u2013 een unieke Veenendaalse wedstrijd. Het doel? Alle vier de &hellip;<\/p>\n                <\/div>\n              <\/div>\n            <\/div>\n            <div class=\"u-blog-post u-invisible u-container-style u-repeater-item\">\n              <div class=\"u-container-layout u-similar-container u-container-layout-1\">\n                <h2 class=\"u-blog-control u-text u-text-palette-1-base u-text-2\">\n                  <a class=\"u-post-header-link\" href=\"https:\/\/vzcveenendaal.nl\/zwemmen\/2025\/10\/11\/vzc-b-selectie-schittert-bij-heuvelrug-deel-1\/\">VZC B-selectie schittert bij Heuvelrug Deel 1<\/a>\n                <\/h2><a class=\"u-blog-control u-expanded-width u-image u-image-default u-image-1\" href=\"https:\/\/vzcveenendaal.nl\/zwemmen\/2025\/10\/11\/vzc-b-selectie-schittert-bij-heuvelrug-deel-1\/\">\n                <img decoding=\"async\" src=\"https:\/\/vzcveenendaal.nl\/zwemmen\/wp-content\/uploads\/sites\/2\/B-selectie.jpg\" alt=\"\" class=\"u-blog-control u-expanded-width u-image u-image-default u-image-1\"><\/a>\n                <div class=\"u-blog-control u-post-content u-text u-text-palette-1-base u-text-3\"><p>\nVandaag was het zover: de B-selectie van VZC dook het water in voor het eerste deel van de Heuvelrug. Met elf zwemmers, twee officials, \u00e9\u00e9n trainer&hellip;<\/p>\n                <\/div>\n              <\/div>\n            <\/div>\n            <div class=\"u-blog-post u-invisible u-container-style u-repeater-item\">\n              <div class=\"u-container-layout u-similar-container u-container-layout-2\">\n                <h2 class=\"u-blog-control u-text u-text-palette-1-base u-text-4\">\n                  <a class=\"u-post-header-link\" href=\"https:\/\/vzcveenendaal.nl\/zwemmen\/2025\/10\/06\/zwemmers-vzc-elfde-in-eredivisie-na-eerste-wedstrijd-in-het-eigen-valleibad\/\">Zwemmers VZC elfde in eredivisie na eerste wedstrijd in het eigen Valleibad<\/a>\n                <\/h2><a class=\"u-blog-control u-expanded-width u-image u-image-default u-image-2\" href=\"https:\/\/vzcveenendaal.nl\/zwemmen\/2025\/10\/06\/zwemmers-vzc-elfde-in-eredivisie-na-eerste-wedstrijd-in-het-eigen-valleibad\/\">\n                <img decoding=\"async\" src=\"https:\/\/vzcveenendaal.nl\/zwemmen\/wp-content\/uploads\/sites\/2\/IMG_5497.jpg\" alt=\"\" class=\"u-blog-control u-expanded-width u-image u-image-default u-image-2\"><\/a>\n                <div class=\"u-blog-control u-post-content u-text u-text-palette-1-base u-text-5\"><p>\nHet wedstrijdzwemseizoen is weer van start gegaan en dat betekent voor veel zwemmers, coaches en supporters een periode vol sportieve uitdagingen. &hellip;<\/p>\n                <\/div>\n              <\/div>\n            <\/div>\n            <div class=\"u-blog-post u-invisible u-container-style u-repeater-item\">\n              <div class=\"u-container-layout u-similar-container u-container-layout-3\">\n                <h2 class=\"u-blog-control u-text u-text-palette-1-base u-text-6\">\n                  <a class=\"u-post-header-link\" href=\"https:\/\/vzcveenendaal.nl\/zwemmen\/2025\/09\/29\/eerste-wedstrijd-van-het-seizoen-plezier-prestaties-en-teamspirit\/\">Allereerste wedstrijd van het nieuwe zwemseizoen voor de Swimkick en Minioren<\/a>\n                <\/h2><a class=\"u-blog-control u-expanded-width u-image u-image-default u-image-3\" href=\"https:\/\/vzcveenendaal.nl\/zwemmen\/2025\/09\/29\/eerste-wedstrijd-van-het-seizoen-plezier-prestaties-en-teamspirit\/\">\n                <img decoding=\"async\" src=\"https:\/\/vzcveenendaal.nl\/zwemmen\/wp-content\/uploads\/sites\/2\/Afbeelding-van-WhatsApp-op-2025-09-29-om-18.21.29_f9435b7d.jpg\" alt=\"\" class=\"u-blog-control u-expanded-width u-image u-image-default u-image-3\"><\/a>\n                <div class=\"u-blog-control u-post-content u-text u-text-palette-1-base u-text-7\"><p>\nZaterdag 27 september was het eindelijk zo ver: de allereerste wedstrijd van het nieuwe zwemseizoen voor de Swimkick en Minioren! Deze gezellige en&hellip;<\/p>\n                <\/div>\n              <\/div>\n            <\/div>\n            <div class=\"u-blog-post u-invisible u-container-style u-repeater-item\">\n              <div class=\"u-container-layout u-similar-container u-container-layout-1\">\n                <h2 class=\"u-blog-control u-text u-text-palette-1-base u-text-2\">\n                  <a class=\"u-post-header-link\" href=\"https:\/\/vzcveenendaal.nl\/zwemmen\/2025\/09\/25\/nieuw-zwemseizoen-nieuwe-kansen-bij-vzc\/\">Nieuw zwemseizoen, nieuwe kansen bij VZC!<\/a>\n                <\/h2><a class=\"u-blog-control u-expanded-width u-image u-image-default u-image-1\" href=\"https:\/\/vzcveenendaal.nl\/zwemmen\/2025\/09\/25\/nieuw-zwemseizoen-nieuwe-kansen-bij-vzc\/\">\n                <img decoding=\"async\" src=\"https:\/\/vzcveenendaal.nl\/zwemmen\/wp-content\/uploads\/sites\/2\/20250628_141427.jpg\" alt=\"\" class=\"u-blog-control u-expanded-width u-image u-image-default u-image-1\"><\/a>\n                <div class=\"u-blog-control u-post-content u-text u-text-palette-1-base u-text-3\"><p>\nHet nieuwe seizoen is gestart: onze zwemmers en trainers zijn weer volop aan de slag, en ook de eerste activiteiten komen eraan. Om dit alles samen&hellip;<\/p>\n                <\/div>\n              <\/div>\n            <\/div>\n            <div class=\"u-blog-post u-invisible u-container-style u-repeater-item\">\n              <div class=\"u-container-layout u-similar-container u-container-layout-2\">\n                <h2 class=\"u-blog-control u-text u-text-palette-1-base u-text-4\">\n                  <a class=\"u-post-header-link\" href=\"https:\/\/vzcveenendaal.nl\/zwemmen\/2025\/09\/21\/eerste-wedstrijd-b-selectie-van-het-seizoen-job-haaien-challenge-deel-1\/\">Eerste wedstrijd B-selectie van het seizoen \u2013 Job Haaien Challenge deel 1<\/a>\n                <\/h2><a class=\"u-blog-control u-expanded-width u-image u-image-default u-image-2\" href=\"https:\/\/vzcveenendaal.nl\/zwemmen\/2025\/09\/21\/eerste-wedstrijd-b-selectie-van-het-seizoen-job-haaien-challenge-deel-1\/\">\n                <img decoding=\"async\" src=\"https:\/\/vzcveenendaal.nl\/zwemmen\/wp-content\/uploads\/sites\/2\/VZC_Artikel.jpg\" alt=\"\" class=\"u-blog-control u-expanded-width u-image u-image-default u-image-2\"><\/a>\n                <div class=\"u-blog-control u-post-content u-text u-text-palette-1-base u-text-5\"><p>\nDe B-selectie van VZC kwam dit weekend in actie tijdens de eerste ronde van de Job Haaien Challenge deel 1. Er werden meerdere persoonlijke records&hellip;<\/p>\n                <\/div>\n              <\/div>\n            <\/div>\n            <div class=\"u-blog-post u-invisible u-container-style u-repeater-item\">\n              <div class=\"u-container-layout u-similar-container u-container-layout-3\">\n                <h2 class=\"u-blog-control u-text u-text-palette-1-base u-text-6\">\n                  <a class=\"u-post-header-link\" href=\"https:\/\/vzcveenendaal.nl\/zwemmen\/2025\/09\/01\/vzc-zwemkamp-2025-een-weekend-vol-plezier\/\">VZC Zwemkamp 2025 \u2013 Een weekend vol plezier!<\/a>\n                <\/h2><a class=\"u-blog-control u-expanded-width u-image u-image-default u-image-3\" href=\"https:\/\/vzcveenendaal.nl\/zwemmen\/2025\/09\/01\/vzc-zwemkamp-2025-een-weekend-vol-plezier\/\">\n                <img decoding=\"async\" src=\"https:\/\/vzcveenendaal.nl\/zwemmen\/wp-content\/uploads\/sites\/2\/IMG-20250903-WA0030.jpg\" alt=\"\" class=\"u-blog-control u-expanded-width u-image u-image-default u-image-3\"><\/a>\n                <div class=\"u-blog-control u-post-content u-text u-text-palette-1-base u-text-7\"><p>\nHet VZC zwemkamp is inmiddels een jaarlijkse traditie. Ook dit jaar waren we weer van harte welkom op het terrein van zwembad De Vrije Slag.\n\n\n\nOp &hellip;<\/p>\n                <\/div>\n              <\/div>\n            <\/div>\n            <div class=\"u-blog-post u-invisible u-container-style u-repeater-item\">\n              <div class=\"u-container-layout u-similar-container u-container-layout-1\">\n                <h2 class=\"u-blog-control u-text u-text-palette-1-base u-text-2\">\n                  <a class=\"u-post-header-link\" href=\"https:\/\/vzcveenendaal.nl\/zwemmen\/2025\/07\/27\/louise-gepkens-duikt-met-passie-in-rol-als-hoofdcoach-bij-vzc\/\">Louise\u202fGepkens duikt met passie in rol als hoofdcoach bij VZC<\/a>\n                <\/h2><a class=\"u-blog-control u-expanded-width u-image u-image-default u-image-1\" href=\"https:\/\/vzcveenendaal.nl\/zwemmen\/2025\/07\/27\/louise-gepkens-duikt-met-passie-in-rol-als-hoofdcoach-bij-vzc\/\">\n                <img decoding=\"async\" src=\"https:\/\/vzcveenendaal.nl\/zwemmen\/wp-content\/uploads\/sites\/2\/Louise-Gepkens-duikt-vol-fanatisme-in-rol-als-hoofdcoach-zwemmers-VZC.jpg\" alt=\"\" class=\"u-blog-control u-expanded-width u-image u-image-default u-image-1\"><\/a>\n                <div class=\"u-blog-control u-post-content u-text u-text-palette-1-base u-text-3\"><p>\nVEENENDAAL \u2013 Louise\u202fGepkens (20) neemt vol energie de functie van hoofdcoach bij VZC Zwemmen over van Michael Canham. Al sinds haar veertiende &hellip;<\/p>\n                <\/div>\n              <\/div>\n            <\/div>\n            <div class=\"u-blog-post u-invisible u-container-style u-repeater-item\">\n              <div class=\"u-container-layout u-similar-container u-container-layout-2\">\n                <h2 class=\"u-blog-control u-text u-text-palette-1-base u-text-4\">\n                  <a class=\"u-post-header-link\" href=\"https:\/\/vzcveenendaal.nl\/zwemmen\/2025\/07\/14\/zwemmen-prijzen-en-een-warm-afscheid-bij-de-clubkampioenschappen\/\">Zwemmen, prijzen \u00e9n een warm afscheid bij de Clubkampioenschappen!<\/a>\n                <\/h2><a class=\"u-blog-control u-expanded-width u-image u-image-default u-image-2\" href=\"https:\/\/vzcveenendaal.nl\/zwemmen\/2025\/07\/14\/zwemmen-prijzen-en-een-warm-afscheid-bij-de-clubkampioenschappen\/\">\n                <img decoding=\"async\" src=\"https:\/\/vzcveenendaal.nl\/zwemmen\/wp-content\/uploads\/sites\/2\/IMG-20250713-WA0009.jpg\" alt=\"\" class=\"u-blog-control u-expanded-width u-image u-image-default u-image-2\"><\/a>\n                <div class=\"u-blog-control u-post-content u-text u-text-palette-1-base u-text-5\"><p>\nOp 12 juli 2025 vonden de jaarlijkse Clubkampioenschappen plaats in zwembad De Vallei. Van Swimkick tot Masters: in alle leeftijdscategorie\u00ebn werd &hellip;<\/p>\n                <\/div>\n              <\/div>\n            <\/div>\n            <div class=\"u-blog-post u-invisible u-container-style u-repeater-item\">\n              <div class=\"u-container-layout u-similar-container u-container-layout-3\">\n                <h2 class=\"u-blog-control u-text u-text-palette-1-base u-text-6\">\n                  <a class=\"u-post-header-link\" href=\"https:\/\/vzcveenendaal.nl\/zwemmen\/2025\/07\/08\/ook-medailles-voor-vzc-op-nk-open-water\/\">Ook medailles voor VZC op NK Open Water<\/a>\n                <\/h2><a class=\"u-blog-control u-expanded-width u-image u-image-default u-image-3\" href=\"https:\/\/vzcveenendaal.nl\/zwemmen\/2025\/07\/08\/ook-medailles-voor-vzc-op-nk-open-water\/\">\n                <img decoding=\"async\" src=\"https:\/\/vzcveenendaal.nl\/zwemmen\/wp-content\/uploads\/sites\/2\/Schermafbeelding-2025-07-08-090702-e1751958484861.png\" alt=\"\" class=\"u-blog-control u-expanded-width u-image u-image-default u-image-3\"><\/a>\n                <div class=\"u-blog-control u-post-content u-text u-text-palette-1-base u-text-7\"><p>\nIn de zomer is het ook de periode voor\u00a0het\u00a0open water\u00a0zwemmen.\u00a0Bij drie VZC zwemmers\u00a0kriebelde het om tijdens het NK Open Water een mooie prestatie&hellip;<\/p>\n                <\/div>\n              <\/div>\n            <\/div>\n            <div class=\"u-blog-post u-invisible u-container-style u-repeater-item\">\n              <div class=\"u-container-layout u-similar-container u-container-layout-1\">\n                <h2 class=\"u-blog-control u-text u-text-palette-1-base u-text-2\">\n                  <a class=\"u-post-header-link\" href=\"https:\/\/vzcveenendaal.nl\/zwemmen\/2025\/07\/01\/sterke-prestaties-van-vzc-zwemmers-tijdens-heuvelrug-circuit-deel-5-in-barneveld\/\">Sterke prestaties van VZC-zwemmers tijdens Heuvelrug Circuit deel 5 in Barneveld<\/a>\n                <\/h2><a class=\"u-blog-control u-expanded-width u-image u-image-default u-image-1\" href=\"https:\/\/vzcveenendaal.nl\/zwemmen\/2025\/07\/01\/sterke-prestaties-van-vzc-zwemmers-tijdens-heuvelrug-circuit-deel-5-in-barneveld\/\">\n                <img decoding=\"async\" src=\"https:\/\/vzcveenendaal.nl\/zwemmen\/wp-content\/uploads\/sites\/2\/Barneveld.jpg\" alt=\"\" class=\"u-blog-control u-expanded-width u-image u-image-default u-image-1\"><\/a>\n                <div class=\"u-blog-control u-post-content u-text u-text-palette-1-base u-text-3\"><p>\nOp zaterdag 28 juni stond deel 5 van het Heuvelrug Circuit op het programma in Barneveld, en ook dit keer lieten onze VZC-zwemmers zich van hun &hellip;<\/p>\n                <\/div>\n              <\/div>\n            <\/div>\n            <div class=\"u-blog-post u-invisible u-container-style u-repeater-item\">\n              <div class=\"u-container-layout u-similar-container u-container-layout-2\">\n                <h2 class=\"u-blog-control u-text u-text-palette-1-base u-text-4\">\n                  <a class=\"u-post-header-link\" href=\"https:\/\/vzcveenendaal.nl\/zwemmen\/2025\/07\/01\/vzc-zwemmers-actief-op-nk-sprint\/\">VZC zwemmers actief op NK Sprint<\/a>\n                <\/h2><a class=\"u-blog-control u-expanded-width u-image u-image-default u-image-2\" href=\"https:\/\/vzcveenendaal.nl\/zwemmen\/2025\/07\/01\/vzc-zwemmers-actief-op-nk-sprint\/\">\n                <img decoding=\"async\" src=\"https:\/\/vzcveenendaal.nl\/zwemmen\/wp-content\/uploads\/sites\/2\/Juliette-1.png\" alt=\"\" class=\"u-blog-control u-expanded-width u-image u-image-default u-image-2\"><\/a>\n                <div class=\"u-blog-control u-post-content u-text u-text-palette-1-base u-text-5\"><p>\nHet NK Sprint is het derde en laatste nationale kampioenschap zwemmen waar het zwemseizoen mee wordt afgesloten. Afgelopen weekend vond dit plaats &hellip;<\/p>\n                <\/div>\n              <\/div>\n            <\/div>\n            <div class=\"u-blog-post u-invisible u-container-style u-repeater-item\">\n              <div class=\"u-container-layout u-similar-container u-container-layout-3\">\n                <h2 class=\"u-blog-control u-text u-text-palette-1-base u-text-6\">\n                  <a class=\"u-post-header-link\" href=\"https:\/\/vzcveenendaal.nl\/zwemmen\/2025\/06\/30\/de-vallei-25-voor-en-door-zwemmers\/\">De Vallei 25 voor \u00e9n door zwemmers<\/a>\n                <\/h2><a class=\"u-blog-control u-expanded-width u-image u-image-default u-image-3\" href=\"https:\/\/vzcveenendaal.nl\/zwemmen\/2025\/06\/30\/de-vallei-25-voor-en-door-zwemmers\/\">\n                <img decoding=\"async\" src=\"https:\/\/vzcveenendaal.nl\/zwemmen\/wp-content\/uploads\/sites\/2\/20250628_140914_002.jpg\" alt=\"\" class=\"u-blog-control u-expanded-width u-image u-image-default u-image-3\"><\/a>\n                <div class=\"u-blog-control u-post-content u-text u-text-palette-1-base u-text-7\"><p>\nZaterdag 28 juni stond zwembad De Vallei in het teken van het laatste deel van de Vallei 25. Deze zesde en afsluitende wedstrijd in de reeks was &hellip;<\/p>\n                <\/div>\n              <\/div>\n            <\/div>\n            <div class=\"u-blog-post u-invisible u-container-style u-repeater-item\">\n              <div class=\"u-container-layout u-similar-container u-container-layout-1\">\n                <h2 class=\"u-blog-control u-text u-text-palette-1-base u-text-2\">\n                  <a class=\"u-post-header-link\" href=\"https:\/\/vzcveenendaal.nl\/zwemmen\/2025\/06\/30\/minioren-strijden-om-medailles\/\">Minioren strijden om medailles<\/a>\n                <\/h2><a class=\"u-blog-control u-expanded-width u-image u-image-default u-image-1\" href=\"https:\/\/vzcveenendaal.nl\/zwemmen\/2025\/06\/30\/minioren-strijden-om-medailles\/\">\n                <img decoding=\"async\" src=\"https:\/\/vzcveenendaal.nl\/zwemmen\/wp-content\/uploads\/sites\/2\/Wageningen.jpg\" alt=\"\" class=\"u-blog-control u-expanded-width u-image u-image-default u-image-1\"><\/a>\n                <div class=\"u-blog-control u-post-content u-text u-text-palette-1-base u-text-3\"><p>\nZondag 29 juni startte 9 zwemmers van VZC aan de jeugdwedstrijd in Wageningen. Voor de zwemmers is dit altijd een leuke en spannende wedstrijd, &hellip;<\/p>\n                <\/div>\n              <\/div>\n            <\/div>\n            <div class=\"u-blog-post u-invisible u-container-style u-repeater-item\">\n              <div class=\"u-container-layout u-similar-container u-container-layout-2\">\n                <h2 class=\"u-blog-control u-text u-text-palette-1-base u-text-4\">\n                  <a class=\"u-post-header-link\" href=\"https:\/\/vzcveenendaal.nl\/zwemmen\/2025\/06\/30\/twee-minioren-in-de-speedo-jaargangfinale-lange-baan\/\">Twee minioren in de Speedo Jaargangfinale, lange baan<\/a>\n                <\/h2><a class=\"u-blog-control u-expanded-width u-image u-image-default u-image-2\" href=\"https:\/\/vzcveenendaal.nl\/zwemmen\/2025\/06\/30\/twee-minioren-in-de-speedo-jaargangfinale-lange-baan\/\">\n                <img decoding=\"async\" src=\"https:\/\/vzcveenendaal.nl\/zwemmen\/wp-content\/uploads\/sites\/2\/voor-het-zwembad.jpg\" alt=\"\" class=\"u-blog-control u-expanded-width u-image u-image-default u-image-2\"><\/a>\n                <div class=\"u-blog-control u-post-content u-text u-text-palette-1-base u-text-5\"><p>\nOp zondag 29 juni stond de Speedo Jaargangfinale, lange baan, in Dordrecht op de planning. De 24 snelste minioren zwemmers uit Nederland mochten &hellip;<\/p>\n                <\/div>\n              <\/div>\n            <\/div>\n            <div class=\"u-blog-post u-invisible u-container-style u-repeater-item\">\n              <div class=\"u-container-layout u-similar-container u-container-layout-3\">\n                <h2 class=\"u-blog-control u-text u-text-palette-1-base u-text-6\">\n                  <a class=\"u-post-header-link\" href=\"https:\/\/vzcveenendaal.nl\/zwemmen\/2025\/06\/24\/vzc-junioren-presteren-op-njk-lange-baan-in-drachten\/\">VZC junioren presteren op NJK lange baan in Drachten<\/a>\n                <\/h2><a class=\"u-blog-control u-expanded-width u-image u-image-default u-image-3\" href=\"https:\/\/vzcveenendaal.nl\/zwemmen\/2025\/06\/24\/vzc-junioren-presteren-op-njk-lange-baan-in-drachten\/\">\n                <img decoding=\"async\" src=\"https:\/\/vzcveenendaal.nl\/zwemmen\/wp-content\/uploads\/sites\/2\/Elin-rugslag.png\" alt=\"\" class=\"u-blog-control u-expanded-width u-image u-image-default u-image-3\"><\/a>\n                <div class=\"u-blog-control u-post-content u-text u-text-palette-1-base u-text-7\"><p>\nAfgelopen weekend vond in het nieuwe Zwemcentrum De Welle in Drachten het NJK Lange Baan plaats. De beste junioren van Nederland streden van &hellip;<\/p>\n                <\/div>\n              <\/div>\n            <\/div>\n            <div class=\"u-blog-post u-invisible u-container-style u-repeater-item\">\n              <div class=\"u-container-layout u-similar-container u-container-layout-1\">\n                <h2 class=\"u-blog-control u-text u-text-palette-1-base u-text-2\">\n                  <a class=\"u-post-header-link\" href=\"https:\/\/vzcveenendaal.nl\/zwemmen\/2025\/06\/24\/lage-vaart-race-6-podiumplekken-en-gezelligheid\/\">Lage Vaart Race: 6 podiumplekken \u00e9n gezelligheid<\/a>\n                <\/h2><a class=\"u-blog-control u-expanded-width u-image u-image-default u-image-1\" href=\"https:\/\/vzcveenendaal.nl\/zwemmen\/2025\/06\/24\/lage-vaart-race-6-podiumplekken-en-gezelligheid\/\">\n                <img decoding=\"async\" src=\"https:\/\/vzcveenendaal.nl\/zwemmen\/wp-content\/uploads\/sites\/2\/IMG-20250623-WA0002-1.jpg\" alt=\"\" class=\"u-blog-control u-expanded-width u-image u-image-default u-image-1\"><\/a>\n                <div class=\"u-blog-control u-post-content u-text u-text-palette-1-base u-text-3\"><p>\nDronten is niet echt the place to be, behalve tijdens een Lage Vaart Race! Editie nummer 3 stond op zondag 22 juni op de planning. Open water is &hellip;<\/p>\n                <\/div>\n              <\/div>\n            <\/div>\n            <div class=\"u-blog-post u-invisible u-container-style u-repeater-item\">\n              <div class=\"u-container-layout u-similar-container u-container-layout-2\">\n                <h2 class=\"u-blog-control u-text u-text-palette-1-base u-text-4\">\n                  <a class=\"u-post-header-link\" href=\"https:\/\/vzcveenendaal.nl\/zwemmen\/2025\/06\/16\/geslaagd-finaleweekend-voor-de-vzc-minioren-in-utrecht\/\">Geslaagd finaleweekend voor de VZC-minioren in Utrecht<\/a>\n                <\/h2><a class=\"u-blog-control u-expanded-width u-image u-image-default u-image-2\" href=\"https:\/\/vzcveenendaal.nl\/zwemmen\/2025\/06\/16\/geslaagd-finaleweekend-voor-de-vzc-minioren-in-utrecht\/\">\n                <img decoding=\"async\" src=\"https:\/\/vzcveenendaal.nl\/zwemmen\/wp-content\/uploads\/sites\/2\/Afbeelding-van-WhatsApp-op-2025-06-16-om-21.17.33_234d1d8c.jpg\" alt=\"\" class=\"u-blog-control u-expanded-width u-image u-image-default u-image-2\"><\/a>\n                <div class=\"u-blog-control u-post-content u-text u-text-palette-1-base u-text-5\"><p>\nAfgelopen weekend \u2013 op zaterdag 14 en zondag 15 juni \u2013 stonden de O12-finales op het programma in zwembad De Kwakel in Utrecht. De minioren van VZC&hellip;<\/p>\n                <\/div>\n              <\/div>\n            <\/div>\n            <div class=\"u-blog-post u-invisible u-container-style u-repeater-item\">\n              <div class=\"u-container-layout u-similar-container u-container-layout-3\">\n                <h2 class=\"u-blog-control u-text u-text-palette-1-base u-text-6\">\n                  <a class=\"u-post-header-link\" href=\"https:\/\/vzcveenendaal.nl\/zwemmen\/2025\/06\/16\/van-gent-finaleweken-vzc-zwemmers-in-veel-finales-aanwezig-op-nk-lange-baan\/\">Van Gent Finaleweken: VZC-zwemmers in veel finales aanwezig op NK Lange Baan<\/a>\n                <\/h2><a class=\"u-blog-control u-expanded-width u-image u-image-default u-image-3\" href=\"https:\/\/vzcveenendaal.nl\/zwemmen\/2025\/06\/16\/van-gent-finaleweken-vzc-zwemmers-in-veel-finales-aanwezig-op-nk-lange-baan\/\">\n                <img decoding=\"async\" src=\"https:\/\/vzcveenendaal.nl\/zwemmen\/wp-content\/uploads\/sites\/2\/Kees-Jan-van-Overbeeke-sportfoto.jpg\" alt=\"\" class=\"u-blog-control u-expanded-width u-image u-image-default u-image-3\"><\/a>\n                <div class=\"u-blog-control u-post-content u-text u-text-palette-1-base u-text-7\"><p>\nNa een lange periode van voorbereiding, limieten halen en\u00a0vooral\u00a0veel trainen\u00a0stond voor de zwemmers van VZC afgelopen weekend\u00a0het Nederlands &hellip;<\/p>\n                <\/div>\n              <\/div>\n            <\/div>\n            <div class=\"u-blog-post u-invisible u-container-style u-repeater-item\">\n              <div class=\"u-container-layout u-similar-container u-container-layout-1\">\n                <h2 class=\"u-blog-control u-text u-text-palette-1-base u-text-2\">\n                  <a class=\"u-post-header-link\" href=\"https:\/\/vzcveenendaal.nl\/zwemmen\/2025\/06\/13\/van-gent-finaleweken-vzcer-bas-mostert-wint-b-finale-op-nk-zwemmen-lange-baan-video\/\">Van Gent Finaleweken: VZC\u2019er Bas Mostert wint B-finale op NK zwemmen lange baan (video)<\/a>\n                <\/h2><a class=\"u-blog-control u-expanded-width u-image u-image-default u-image-1\" href=\"https:\/\/vzcveenendaal.nl\/zwemmen\/2025\/06\/13\/van-gent-finaleweken-vzcer-bas-mostert-wint-b-finale-op-nk-zwemmen-lange-baan-video\/\">\n                <img decoding=\"async\" src=\"https:\/\/vzcveenendaal.nl\/zwemmen\/wp-content\/uploads\/sites\/2\/Bast-Mosterd-1.jpg\" alt=\"\" class=\"u-blog-control u-expanded-width u-image u-image-default u-image-1\"><\/a>\n                <div class=\"u-blog-control u-post-content u-text u-text-palette-1-base u-text-3\"><p>\n\n\nVZC-zwemmer Bas Mostert heeft donderdag op de eerste dag van het Nederlands Kampioenschap lange baan zwemmen de B-finale op de 400 meter vrije &hellip;<\/p>\n                <\/div>\n              <\/div>\n            <\/div>\n            <div class=\"u-blog-post u-invisible u-container-style u-repeater-item\">\n              <div class=\"u-container-layout u-similar-container u-container-layout-2\">\n                <h2 class=\"u-blog-control u-text u-text-palette-1-base u-text-4\">\n                  <a class=\"u-post-header-link\" href=\"https:\/\/vzcveenendaal.nl\/zwemmen\/2025\/06\/02\/vallei-25-deel-5-wedstrijdervaring-op-doen-en-veel-nieuwe-records\/\">Vallei 25 deel 5: wedstrijdervaring op doen en veel nieuwe records!<\/a>\n                <\/h2><a class=\"u-blog-control u-expanded-width u-image u-image-default u-image-2\" href=\"https:\/\/vzcveenendaal.nl\/zwemmen\/2025\/06\/02\/vallei-25-deel-5-wedstrijdervaring-op-doen-en-veel-nieuwe-records\/\">\n                <img decoding=\"async\" src=\"https:\/\/vzcveenendaal.nl\/zwemmen\/wp-content\/uploads\/sites\/2\/20250531_151627.jpg\" alt=\"\" class=\"u-blog-control u-expanded-width u-image u-image-default u-image-2\"><\/a>\n                <div class=\"u-blog-control u-post-content u-text u-text-palette-1-base u-text-5\"><p>\nOp zaterdag 31 mei deden de jongste zwemmers van VZC mee aan de Vallei 25. Tijdens deze echte Veenendaalse wedstrijd doen de jongste zwemmers &hellip;<\/p>\n                <\/div>\n              <\/div>\n            <\/div>\n            <div class=\"u-blog-post u-invisible u-container-style u-repeater-item\">\n              <div class=\"u-container-layout u-similar-container u-container-layout-3\">\n                <h2 class=\"u-blog-control u-text u-text-palette-1-base u-text-6\">\n                  <a class=\"u-post-header-link\" href=\"https:\/\/vzcveenendaal.nl\/zwemmen\/2025\/06\/02\/vacature-tijdwaarnemers-gezocht\/\">Vacature - Tijdwaarnemers gezocht!<\/a>\n                <\/h2><a class=\"u-blog-control u-expanded-width u-image u-image-default u-image-3\" href=\"https:\/\/vzcveenendaal.nl\/zwemmen\/2025\/06\/02\/vacature-tijdwaarnemers-gezocht\/\">\n                <img decoding=\"async\" src=\"https:\/\/vzcveenendaal.nl\/zwemmen\/wp-content\/uploads\/sites\/2\/Vrijwilligers-3.jpg\" alt=\"\" class=\"u-blog-control u-expanded-width u-image u-image-default u-image-3\"><\/a>\n                <div class=\"u-blog-control u-post-content u-text u-text-palette-1-base u-text-7\"><p>\nOnze zwemmers hebben jouw hulp nodig! Zoals je weet, zijn zwemwedstrijden niet mogelijk zonder de juiste ondersteuning langs de kant van het &hellip;<\/p>\n                <\/div>\n              <\/div>\n            <\/div>\n            <div class=\"u-blog-post u-invisible u-container-style u-repeater-item\">\n              <div class=\"u-container-layout u-similar-container u-container-layout-1\">\n                <h2 class=\"u-blog-control u-text u-text-palette-1-base u-text-2\">\n                  <a class=\"u-post-header-link\" href=\"https:\/\/vzcveenendaal.nl\/zwemmen\/2025\/06\/02\/medaille-wedstrijd-wordt-race-om-badeendjes\/\">Medaille wedstrijd wordt race om badeendjes<\/a>\n                <\/h2><a class=\"u-blog-control u-expanded-width u-image u-image-default u-image-1\" href=\"https:\/\/vzcveenendaal.nl\/zwemmen\/2025\/06\/02\/medaille-wedstrijd-wordt-race-om-badeendjes\/\">\n                <img decoding=\"async\" src=\"https:\/\/vzcveenendaal.nl\/zwemmen\/wp-content\/uploads\/sites\/2\/Start-Aqua-Novio.jpg\" alt=\"\" class=\"u-blog-control u-expanded-width u-image u-image-default u-image-1\"><\/a>\n                <div class=\"u-blog-control u-post-content u-text u-text-palette-1-base u-text-3\"><p>\n\n\nDe laatste dag van mei stond de medaille wedstrijd op de planning. Zwemclub Aqua-Novio \u201994 organiseerde deze wedstrijd in het Erica Terpstra bad &hellip;<\/p>\n                <\/div>\n              <\/div>\n            <\/div>\n            <div class=\"u-blog-post u-invisible u-container-style u-repeater-item\">\n              <div class=\"u-container-layout u-similar-container u-container-layout-2\">\n                <h2 class=\"u-blog-control u-text u-text-palette-1-base u-text-4\">\n                  <a class=\"u-post-header-link\" href=\"https:\/\/vzcveenendaal.nl\/zwemmen\/2025\/05\/16\/trainingsstage-sicilie\/\">Trainingsstage Sicili\u00eb<\/a>\n                <\/h2><a class=\"u-blog-control u-expanded-width u-image u-image-default u-image-2\" href=\"https:\/\/vzcveenendaal.nl\/zwemmen\/2025\/05\/16\/trainingsstage-sicilie\/\">\n                <img decoding=\"async\" src=\"https:\/\/vzcveenendaal.nl\/zwemmen\/wp-content\/uploads\/sites\/2\/Sicilie-Trainingsstage-2025-Large.jpg\" alt=\"\" class=\"u-blog-control u-expanded-width u-image u-image-default u-image-2\"><\/a>\n                <div class=\"u-blog-control u-post-content u-text u-text-palette-1-base u-text-5\"><p>\nIn april 2025 vertrok VZC met een groep fanatieke zwemmers naar het zonnige Sicili\u00eb voor een intensieve en inspirerende trainingsweek.\n\n\n\nEen week &hellip;<\/p>\n                <\/div>\n              <\/div>\n            <\/div>\n            <div class=\"u-blog-post u-invisible u-container-style u-repeater-item\">\n              <div class=\"u-container-layout u-similar-container u-container-layout-3\">\n                <h2 class=\"u-blog-control u-text u-text-palette-1-base u-text-6\">\n                  <a class=\"u-post-header-link\" href=\"https:\/\/vzcveenendaal.nl\/zwemmen\/2025\/05\/12\/masterskampioenschap-bewijst-zwemmen-bij-vzc-is-voor-alle-leeftijden\/\">Deelname aan ONMK in Drachten bewijst: zwemmen bij VZC is voor alle leeftijden<\/a>\n                <\/h2><a class=\"u-blog-control u-expanded-width u-image u-image-default u-image-3\" href=\"https:\/\/vzcveenendaal.nl\/zwemmen\/2025\/05\/12\/masterskampioenschap-bewijst-zwemmen-bij-vzc-is-voor-alle-leeftijden\/\">\n                <img decoding=\"async\" src=\"https:\/\/vzcveenendaal.nl\/zwemmen\/wp-content\/uploads\/sites\/2\/Mastersprint_website_blog-DSC_1974_20250301_071547_KJvO_Edit-1024x683-1.jpg\" alt=\"\" class=\"u-blog-control u-expanded-width u-image u-image-default u-image-3\"><\/a>\n                <div class=\"u-blog-control u-post-content u-text u-text-palette-1-base u-text-7\"><p>\nTijdens de Open Nederlandse Masters Kampioenschappen lange baan (ONMK) in Drachten, gehouden van 8 t\/m 11 mei 2025, heeft VZC Veenendaal zich van &hellip;<\/p>\n                <\/div>\n              <\/div>\n            <\/div>\n            <div class=\"u-blog-post u-invisible u-container-style u-repeater-item\">\n              <div class=\"u-container-layout u-similar-container u-container-layout-1\">\n                <h2 class=\"u-blog-control u-text u-text-palette-1-base u-text-2\">\n                  <a class=\"u-post-header-link\" href=\"https:\/\/vzcveenendaal.nl\/zwemmen\/2025\/05\/12\/succesvolle-laatste-ronde-van-het-o12-circuit-veel-persoonlijke-records-voor-vzc-zwemmers\/\">Succesvolle laatste ronde van het O12 Circuit: Veel persoonlijke records voor VZC-zwemmers<\/a>\n                <\/h2><a class=\"u-blog-control u-expanded-width u-image u-image-default u-image-1\" href=\"https:\/\/vzcveenendaal.nl\/zwemmen\/2025\/05\/12\/succesvolle-laatste-ronde-van-het-o12-circuit-veel-persoonlijke-records-voor-vzc-zwemmers\/\">\n                <img decoding=\"async\" src=\"https:\/\/vzcveenendaal.nl\/zwemmen\/wp-content\/uploads\/sites\/2\/IMG-20250511-WA0001.jpg\" alt=\"\" class=\"u-blog-control u-expanded-width u-image u-image-default u-image-1\"><\/a>\n                <div class=\"u-blog-control u-post-content u-text u-text-palette-1-base u-text-3\"><p>\nOp zaterdag 10 mei vertrok een grote groep zwemmers van de VZC Minioren en Swimkick naar Soest voor de laatste ronde van het O12 Circuit. Met 22 &hellip;<\/p>\n                <\/div>\n              <\/div>\n            <\/div>\n            <div class=\"u-blog-post u-invisible u-container-style u-repeater-item\">\n              <div class=\"u-container-layout u-similar-container u-container-layout-2\">\n                <h2 class=\"u-blog-control u-text u-text-palette-1-base u-text-4\">\n                  <a class=\"u-post-header-link\" href=\"https:\/\/vzcveenendaal.nl\/zwemmen\/2025\/05\/12\/sterke-prestaties-bij-heuvelrug-deel-5-vzc-zwemmers-pakken-volop-medailles-en-prs-in-eigen-bad\/\">Sterke prestaties bij Heuvelrug deel 5: VZC zwemmers pakken volop medailles en PR\u2019s in eigen bad<\/a>\n                <\/h2><a class=\"u-blog-control u-expanded-width u-image u-image-default u-image-2\" href=\"https:\/\/vzcveenendaal.nl\/zwemmen\/2025\/05\/12\/sterke-prestaties-bij-heuvelrug-deel-5-vzc-zwemmers-pakken-volop-medailles-en-prs-in-eigen-bad\/\">\n                <img decoding=\"async\" src=\"https:\/\/vzcveenendaal.nl\/zwemmen\/wp-content\/uploads\/sites\/2\/Afbeelding-van-WhatsApp-op-2025-05-12-om-21.12.56_450d29a8.jpg\" alt=\"\" class=\"u-blog-control u-expanded-width u-image u-image-default u-image-2\"><\/a>\n                <div class=\"u-blog-control u-post-content u-text u-text-palette-1-base u-text-5\"><p>\nOp zaterdag 10 mei vond in het Valleibad in Veenendaal het vijfde deel van de Heuvelrugcompetitie plaats. VZC was als organiserende vereniging &hellip;<\/p>\n                <\/div>\n              <\/div>\n            <\/div>\n            <div class=\"u-blog-post u-invisible u-container-style u-repeater-item\">\n              <div class=\"u-container-layout u-similar-container u-container-layout-3\">\n                <h2 class=\"u-blog-control u-text u-text-palette-1-base u-text-6\">\n                  <a class=\"u-post-header-link\" href=\"https:\/\/vzcveenendaal.nl\/zwemmen\/2025\/04\/22\/medailles-en-ijs-voor-6-minioren-tijdens-het-ijssalon-bemer-paastoernooi-in-soest\/\">Medailles en ijs voor minioren tijdens Paastoernooi<\/a>\n                <\/h2><a class=\"u-blog-control u-expanded-width u-image u-image-default u-image-3\" href=\"https:\/\/vzcveenendaal.nl\/zwemmen\/2025\/04\/22\/medailles-en-ijs-voor-6-minioren-tijdens-het-ijssalon-bemer-paastoernooi-in-soest\/\">\n                <img decoding=\"async\" src=\"https:\/\/vzcveenendaal.nl\/zwemmen\/wp-content\/uploads\/sites\/2\/IMG-20250419-WA0023.jpg\" alt=\"\" class=\"u-blog-control u-expanded-width u-image u-image-default u-image-3\"><\/a>\n                <div class=\"u-blog-control u-post-content u-text u-text-palette-1-base u-text-7\"><p>\nIn het paasweekend, op zaterdag 19 april hebben zes minioren van VZC deelgenomen aan het IJssalon Bemer Paastoernooi in Soest. Het was een &hellip;<\/p>\n                <\/div>\n              <\/div>\n            <\/div>\n            <div class=\"u-blog-post u-invisible u-container-style u-repeater-item\">\n              <div class=\"u-container-layout u-similar-container u-container-layout-1\">\n                <h2 class=\"u-blog-control u-text u-text-palette-1-base u-text-2\">\n                  <a class=\"u-post-header-link\" href=\"https:\/\/vzcveenendaal.nl\/zwemmen\/2025\/04\/14\/o12-circuit-deel-5-veel-persoonlijke-records-gesneuveld\/\">O12 Circuit deel 5: veel persoonlijke records gesneuveld<\/a>\n                <\/h2><a class=\"u-blog-control u-expanded-width u-image u-image-default u-image-1\" href=\"https:\/\/vzcveenendaal.nl\/zwemmen\/2025\/04\/14\/o12-circuit-deel-5-veel-persoonlijke-records-gesneuveld\/\">\n                <img decoding=\"async\" src=\"https:\/\/vzcveenendaal.nl\/zwemmen\/wp-content\/uploads\/sites\/2\/Afbeelding-van-WhatsApp-op-2025-04-14-om-17.52.50_e1f4fb77.jpg\" alt=\"\" class=\"u-blog-control u-expanded-width u-image u-image-default u-image-1\"><\/a>\n                <div class=\"u-blog-control u-post-content u-text u-text-palette-1-base u-text-3\"><p>\nDe zwemmers van VZC onder de 12 jaar reisden zondag 13 april af naar Woerden om daar deel te nemen aan de vijfde ronde van het O12 (onder 12) &hellip;<\/p>\n                <\/div>\n              <\/div>\n            <\/div>\n            <div class=\"u-blog-post u-invisible u-container-style u-repeater-item\">\n              <div class=\"u-container-layout u-similar-container u-container-layout-2\">\n                <h2 class=\"u-blog-control u-text u-text-palette-1-base u-text-4\">\n                  <a class=\"u-post-header-link\" href=\"https:\/\/vzcveenendaal.nl\/zwemmen\/2025\/04\/08\/vzc-eindigt-als-tiende-bij-de-competitie-in-de-eredivisie\/\">VZC eindigt als tiende bij de competitie in de eredivisie<\/a>\n                <\/h2><a class=\"u-blog-control u-expanded-width u-image u-image-default u-image-2\" href=\"https:\/\/vzcveenendaal.nl\/zwemmen\/2025\/04\/08\/vzc-eindigt-als-tiende-bij-de-competitie-in-de-eredivisie\/\">\n                <img decoding=\"async\" src=\"https:\/\/vzcveenendaal.nl\/zwemmen\/wp-content\/uploads\/sites\/2\/VideoCapture_20250405-201646.jpg\" alt=\"\" class=\"u-blog-control u-expanded-width u-image u-image-default u-image-2\"><\/a>\n                <div class=\"u-blog-control u-post-content u-text u-text-palette-1-base u-text-5\"><p>\nDe vijfde en laatste ronde van de competitie in de eredivisie is zaterdag 5 april gezwommen en de eindstand is bekend. Na de vierde ronde stond VZC&hellip;<\/p>\n                <\/div>\n              <\/div>\n            <\/div>\n            <div class=\"u-blog-post u-invisible u-container-style u-repeater-item\">\n              <div class=\"u-container-layout u-similar-container u-container-layout-3\">\n                <h2 class=\"u-blog-control u-text u-text-palette-1-base u-text-6\">\n                  <a class=\"u-post-header-link\" href=\"https:\/\/vzcveenendaal.nl\/zwemmen\/2025\/03\/31\/vzc-clubwinnaar-tijdens-paardekooper-sprint-bokaal-2025\/\">VZC clubwinnaar tijdens Paardekooper Sprint Bokaal 2025<\/a>\n                <\/h2><a class=\"u-blog-control u-expanded-width u-image u-image-default u-image-3\" href=\"https:\/\/vzcveenendaal.nl\/zwemmen\/2025\/03\/31\/vzc-clubwinnaar-tijdens-paardekooper-sprint-bokaal-2025\/\">\n                <img decoding=\"async\" src=\"https:\/\/vzcveenendaal.nl\/zwemmen\/wp-content\/uploads\/sites\/2\/Sprintbokaal.jpg\" alt=\"\" class=\"u-blog-control u-expanded-width u-image u-image-default u-image-3\"><\/a>\n                <div class=\"u-blog-control u-post-content u-text u-text-palette-1-base u-text-7\"><p>\nOp 29 maart 2025 vond de jaarlijkse Paardekooper Sprint Bokaal plaats in zwembad De Vallei in Veenendaal. In totaal sprintten ruim 270 zwemmers van&hellip;<\/p>\n                <\/div>\n              <\/div>\n            <\/div>\n            <div class=\"u-blog-post u-invisible u-container-style u-repeater-item\">\n              <div class=\"u-container-layout u-similar-container u-container-layout-1\">\n                <h2 class=\"u-blog-control u-text u-text-palette-1-base u-text-2\">\n                  <a class=\"u-post-header-link\" href=\"https:\/\/vzcveenendaal.nl\/zwemmen\/2025\/03\/31\/masters-in-actie-persoonlijke-records-en-teamspirit-in-vianen\/\">Masters in actie: persoonlijke records en teamspirit in Vianen!<\/a>\n                <\/h2><a class=\"u-blog-control u-expanded-width u-image u-image-default u-image-1\" href=\"https:\/\/vzcveenendaal.nl\/zwemmen\/2025\/03\/31\/masters-in-actie-persoonlijke-records-en-teamspirit-in-vianen\/\">\n                <img decoding=\"async\" src=\"https:\/\/vzcveenendaal.nl\/zwemmen\/wp-content\/uploads\/sites\/2\/Afbeelding-van-WhatsApp-op-2025-03-29-om-17.48.37_132a279f.jpg\" alt=\"\" class=\"u-blog-control u-expanded-width u-image u-image-default u-image-1\"><\/a>\n                <div class=\"u-blog-control u-post-content u-text u-text-palette-1-base u-text-3\"><p>\nAfgelopen zaterdag was het weer de beurt aan de masters om hun zenuwen te overwinnen en persoonlijke records aan te scherpen. Dit keer vond de &hellip;<\/p>\n                <\/div>\n              <\/div>\n            <\/div>\n            <div class=\"u-blog-post u-invisible u-container-style u-repeater-item\">\n              <div class=\"u-container-layout u-similar-container u-container-layout-2\">\n                <h2 class=\"u-blog-control u-text u-text-palette-1-base u-text-4\">\n                  <a class=\"u-post-header-link\" href=\"https:\/\/vzcveenendaal.nl\/zwemmen\/2025\/03\/17\/vzc-talenten-zwemmen-op-de-speedo-jaargangfinales\/\">VZC-talenten zwemmen de Speedo Jaargangfinales<\/a>\n                <\/h2><a class=\"u-blog-control u-expanded-width u-image u-image-default u-image-2\" href=\"https:\/\/vzcveenendaal.nl\/zwemmen\/2025\/03\/17\/vzc-talenten-zwemmen-op-de-speedo-jaargangfinales\/\">\n                <img decoding=\"async\" src=\"https:\/\/vzcveenendaal.nl\/zwemmen\/wp-content\/uploads\/sites\/2\/Afbeelding-van-WhatsApp-op-2025-03-15-om-14.17.17_2899a0cb-4.jpg\" alt=\"\" class=\"u-blog-control u-expanded-width u-image u-image-default u-image-2\"><\/a>\n                <div class=\"u-blog-control u-post-content u-text u-text-palette-1-base u-text-5\"><p>\nAfgelopen weekend stonden drie zwemmers van VZC aan de start van de Speedo Jaargangfinales in Leiden. Dit jaarlijkse evenement brengt de 20 snelste&hellip;<\/p>\n                <\/div>\n              <\/div>\n            <\/div>\n            <div class=\"u-blog-post u-invisible u-container-style u-repeater-item\">\n              <div class=\"u-container-layout u-similar-container u-container-layout-3\">\n                <h2 class=\"u-blog-control u-text u-text-palette-1-base u-text-6\">\n                  <a class=\"u-post-header-link\" href=\"https:\/\/vzcveenendaal.nl\/zwemmen\/2025\/03\/14\/sterk-vzc-zevende-in-vierde-competitieronde-eredivisie-zwemmen\/\">Sterk VZC zevende in vierde competitieronde eredivisie zwemmen<\/a>\n                <\/h2><a class=\"u-blog-control u-expanded-width u-image u-image-default u-image-3\" href=\"https:\/\/vzcveenendaal.nl\/zwemmen\/2025\/03\/14\/sterk-vzc-zevende-in-vierde-competitieronde-eredivisie-zwemmen\/\">\n                <img decoding=\"async\" src=\"https:\/\/vzcveenendaal.nl\/zwemmen\/wp-content\/uploads\/sites\/2\/20250308_170549.jpg\" alt=\"\" class=\"u-blog-control u-expanded-width u-image u-image-default u-image-3\"><\/a>\n                <div class=\"u-blog-control u-post-content u-text u-text-palette-1-base u-text-7\"><p>\n\n\n\n\n\n\n\n\nDe vierde ronde van de eredivisie competitie zwemmen&nbsp;vond afgelopen zaterdag 8 maart plaats in &hellip;<\/p>\n                <\/div>\n              <\/div>\n            <\/div>\n            <div class=\"u-blog-post u-invisible u-container-style u-repeater-item\">\n              <div class=\"u-container-layout u-similar-container u-container-layout-1\">\n                <h2 class=\"u-blog-control u-text u-text-palette-1-base u-text-2\">\n                  <a class=\"u-post-header-link\" href=\"https:\/\/vzcveenendaal.nl\/zwemmen\/2025\/03\/04\/swim-race-days-dortmund-2025\/\">Swim Race Days Dortmund 2025<\/a>\n                <\/h2><a class=\"u-blog-control u-expanded-width u-image u-image-default u-image-1\" href=\"https:\/\/vzcveenendaal.nl\/zwemmen\/2025\/03\/04\/swim-race-days-dortmund-2025\/\">\n                <img decoding=\"async\" src=\"https:\/\/vzcveenendaal.nl\/zwemmen\/wp-content\/uploads\/sites\/2\/20250301_082508-1.jpg\" alt=\"\" class=\"u-blog-control u-expanded-width u-image u-image-default u-image-1\"><\/a>\n                <div class=\"u-blog-control u-post-content u-text u-text-palette-1-base u-text-3\"><p>\nHet eerste weekend van maart reisden 29 VZC zwemmers af naar Dortmund. Hier vonden op zaterdag 1 en zondag 2 maart de jaarlijkse Swim Race Days &hellip;<\/p>\n                <\/div>\n              <\/div>\n            <\/div>\n            <div class=\"u-blog-post u-invisible u-container-style u-repeater-item\">\n              <div class=\"u-container-layout u-similar-container u-container-layout-2\">\n                <h2 class=\"u-blog-control u-text u-text-palette-1-base u-text-4\">\n                  <a class=\"u-post-header-link\" href=\"https:\/\/vzcveenendaal.nl\/zwemmen\/2025\/02\/10\/basisschool-de-schakel-is-de-schoolzwemkampioen-van-2025\/\">Basisschool De Schakel is de schoolzwemkampioen van 2025<\/a>\n                <\/h2><a class=\"u-blog-control u-expanded-width u-image u-image-default u-image-2\" href=\"https:\/\/vzcveenendaal.nl\/zwemmen\/2025\/02\/10\/basisschool-de-schakel-is-de-schoolzwemkampioen-van-2025\/\">\n                <img decoding=\"async\" src=\"https:\/\/vzcveenendaal.nl\/zwemmen\/wp-content\/uploads\/sites\/2\/IMG-20250208-WA0007.jpg\" alt=\"\" class=\"u-blog-control u-expanded-width u-image u-image-default u-image-2\"><\/a>\n                <div class=\"u-blog-control u-post-content u-text u-text-palette-1-base u-text-5\"><p>\nZwembad de Vallei in Veenendaal stond vrijdag 7 februari in het teken van de jaarlijkse VZC Schoolzwemkampioenschappen. Maar liefst tien scholen, &hellip;<\/p>\n                <\/div>\n              <\/div>\n            <\/div>\n            <div class=\"u-blog-post u-invisible u-container-style u-repeater-item\">\n              <div class=\"u-container-layout u-similar-container u-container-layout-3\">\n                <h2 class=\"u-blog-control u-text u-text-palette-1-base u-text-6\">\n                  <a class=\"u-post-header-link\" href=\"https:\/\/vzcveenendaal.nl\/zwemmen\/2025\/02\/08\/provinciale-club-meet-zilver-voor-vzc-minioren-1\/\">Provinciale Club Meet: zilver voor VZC Team 1<\/a>\n                <\/h2><a class=\"u-blog-control u-expanded-width u-image u-image-default u-image-3\" href=\"https:\/\/vzcveenendaal.nl\/zwemmen\/2025\/02\/08\/provinciale-club-meet-zilver-voor-vzc-minioren-1\/\">\n                <img decoding=\"async\" src=\"https:\/\/vzcveenendaal.nl\/zwemmen\/wp-content\/uploads\/sites\/2\/Clubmeet.jpg\" alt=\"\" class=\"u-blog-control u-expanded-width u-image u-image-default u-image-3\"><\/a>\n                <div class=\"u-blog-control u-post-content u-text u-text-palette-1-base u-text-7\"><p>\nOp zaterdag 8 februari 2025 streden zeven teams uit de regio MidWest in de Provinciale Club Meet. ZPC Amersfoort Team 1 ging er in Zwembad De &hellip;<\/p>\n                <\/div>\n              <\/div>\n            <\/div>\n            <div class=\"u-blog-post u-invisible u-container-style u-repeater-item\">\n              <div class=\"u-container-layout u-similar-container u-container-layout-1\">\n                <h2 class=\"u-blog-control u-text u-text-palette-1-base u-text-2\">\n                  <a class=\"u-post-header-link\" href=\"https:\/\/vzcveenendaal.nl\/zwemmen\/2025\/02\/03\/vzc-behoudt-10e-positie-na-3e-competitieronde\/\">VZC behoudt 10e positie na 3e competitieronde<\/a>\n                <\/h2><a class=\"u-blog-control u-expanded-width u-image u-image-default u-image-1\" href=\"https:\/\/vzcveenendaal.nl\/zwemmen\/2025\/02\/03\/vzc-behoudt-10e-positie-na-3e-competitieronde\/\">\n                <img decoding=\"async\" src=\"https:\/\/vzcveenendaal.nl\/zwemmen\/wp-content\/uploads\/sites\/2\/zwembad-Nijmegen.jpg\" alt=\"\" class=\"u-blog-control u-expanded-width u-image u-image-default u-image-1\"><\/a>\n                <div class=\"u-blog-control u-post-content u-text u-text-palette-1-base u-text-3\"><p>\nDirect op de eerste van de maand februari vond de derde ronde van de competitiewedstrijd in de Eredivisie plaats. \u00a0De afvaardiging vanuit VZC &hellip;<\/p>\n                <\/div>\n              <\/div>\n            <\/div>\n            <div class=\"u-blog-post u-invisible u-container-style u-repeater-item\">\n              <div class=\"u-container-layout u-similar-container u-container-layout-2\">\n                <h2 class=\"u-blog-control u-text u-text-palette-1-base u-text-4\">\n                  <a class=\"u-post-header-link\" href=\"https:\/\/vzcveenendaal.nl\/zwemmen\/2025\/01\/26\/masterzwemmers-vzc-schitteren-tijdens-wedstrijd-in-houten\/\">Masterzwemmers VZC schitteren tijdens wedstrijd in Houten<\/a>\n                <\/h2><a class=\"u-blog-control u-expanded-width u-image u-image-default u-image-2\" href=\"https:\/\/vzcveenendaal.nl\/zwemmen\/2025\/01\/26\/masterzwemmers-vzc-schitteren-tijdens-wedstrijd-in-houten\/\">\n                <img decoding=\"async\" src=\"https:\/\/vzcveenendaal.nl\/zwemmen\/wp-content\/uploads\/sites\/2\/IMG-20250126-WA0011.jpg\" alt=\"\" class=\"u-blog-control u-expanded-width u-image u-image-default u-image-2\"><\/a>\n                <div class=\"u-blog-control u-post-content u-text u-text-palette-1-base u-text-5\"><p>\nNa een succesvolle eerste wedstrijdervaring in oktober 2024 in Barneveld, stonden afgelopen zaterdag 25 januari opnieuw een aantal enthousiaste &hellip;<\/p>\n                <\/div>\n              <\/div>\n            <\/div>\n            <div class=\"u-blog-post u-invisible u-container-style u-repeater-item\">\n              <div class=\"u-container-layout u-similar-container u-container-layout-3\">\n                <h2 class=\"u-blog-control u-text u-text-palette-1-base u-text-6\">\n                  <a class=\"u-post-header-link\" href=\"https:\/\/vzcveenendaal.nl\/zwemmen\/2025\/01\/26\/de-vallei-25-lukt-het-jou-om-in-minder-dan-25-seconden-25-meter-te-zwemmen\/\">De Vallei 25 - Lukt het jou om in minder dan 25 seconden 25 meter te zwemmen?<\/a>\n                <\/h2><a class=\"u-blog-control u-expanded-width u-image u-image-default u-image-3\" href=\"https:\/\/vzcveenendaal.nl\/zwemmen\/2025\/01\/26\/de-vallei-25-lukt-het-jou-om-in-minder-dan-25-seconden-25-meter-te-zwemmen\/\">\n                <img decoding=\"async\" src=\"https:\/\/vzcveenendaal.nl\/zwemmen\/wp-content\/uploads\/sites\/2\/IMG-20250126-WA0002-1.jpg\" alt=\"\" class=\"u-blog-control u-expanded-width u-image u-image-default u-image-3\"><\/a>\n                <div class=\"u-blog-control u-post-content u-text u-text-palette-1-base u-text-7\"><p>\nGisteren gingen weer ruim 90 zwemmers uit de regio deze uitdaging aan tijdens de Vallei 25. Deze unieke wedstrijd is speciaal voor jonge zwemmers &hellip;<\/p>\n                <\/div>\n              <\/div>\n            <\/div>\n            <div class=\"u-blog-post u-invisible u-container-style u-repeater-item\">\n              <div class=\"u-container-layout u-similar-container u-container-layout-1\">\n                <h2 class=\"u-blog-control u-text u-text-palette-1-base u-text-2\">\n                  <a class=\"u-post-header-link\" href=\"https:\/\/vzcveenendaal.nl\/zwemmen\/2025\/01\/14\/vzc-zwemmen-handhaaft-tiende-plek-in-zwemcompetitie\/\">VZC zwemmen handhaaft tiende plek in zwemcompetitie<\/a>\n                <\/h2><a class=\"u-blog-control u-expanded-width u-image u-image-default u-image-1\" href=\"https:\/\/vzcveenendaal.nl\/zwemmen\/2025\/01\/14\/vzc-zwemmen-handhaaft-tiende-plek-in-zwemcompetitie\/\">\n                <img decoding=\"async\" src=\"https:\/\/vzcveenendaal.nl\/zwemmen\/wp-content\/uploads\/sites\/2\/zwembad-Nijmegen.jpg\" alt=\"\" class=\"u-blog-control u-expanded-width u-image u-image-default u-image-1\"><\/a>\n                <div class=\"u-blog-control u-post-content u-text u-text-palette-1-base u-text-3\"><p>\nNa een drukke decembermaand, waarin sommige zwemmers konden terugkijken op een succesvol NJK en NK, was het afgelopen zaterdag 11 januari voor de &hellip;<\/p>\n                <\/div>\n              <\/div>\n            <\/div>\n            <div class=\"u-blog-post u-invisible u-container-style u-repeater-item\">\n              <div class=\"u-container-layout u-similar-container u-container-layout-2\">\n                <h2 class=\"u-blog-control u-text u-text-palette-1-base u-text-4\">\n                  <a class=\"u-post-header-link\" href=\"https:\/\/vzcveenendaal.nl\/zwemmen\/2024\/12\/29\/sportgala-veenendaal-harry-delno-trots-op-prestaties-zwemmers-vzc\/\">Sportgala Veenendaal: Harry Delno trots op prestaties zwemmers VZC<\/a>\n                <\/h2><a class=\"u-blog-control u-expanded-width u-image u-image-default u-image-2\" href=\"https:\/\/vzcveenendaal.nl\/zwemmen\/2024\/12\/29\/sportgala-veenendaal-harry-delno-trots-op-prestaties-zwemmers-vzc\/\">\n                <img decoding=\"async\" src=\"https:\/\/vzcveenendaal.nl\/zwemmen\/wp-content\/uploads\/sites\/2\/@tedxmedia.jpeg\" alt=\"\" class=\"u-blog-control u-expanded-width u-image u-image-default u-image-2\"><\/a>\n                <div class=\"u-blog-control u-post-content u-text u-text-palette-1-base u-text-5\"><p>\nfoto: @tedxmedia\n\n\n\nDe actieve zwemcarri\u00e8re van Harry Delno eindigde in 2005 op 42-jarige leeftijd. Naast wedstrijden zwemmen gaf Delno sinds 1981 &hellip;<\/p>\n                <\/div>\n              <\/div>\n            <\/div>\n            <div class=\"u-blog-post u-invisible u-container-style u-repeater-item\">\n              <div class=\"u-container-layout u-similar-container u-container-layout-3\">\n                <h2 class=\"u-blog-control u-text u-text-palette-1-base u-text-6\">\n                  <a class=\"u-post-header-link\" href=\"https:\/\/vzcveenendaal.nl\/zwemmen\/2024\/12\/25\/sportgala-veenendaal-vele-trainingsuren-betalen-zich-uit-voor-zwemster-elin-ditewig\/\">Sportgala Veenendaal: Vele trainingsuren betalen zich uit voor zwemster Elin Ditewig<\/a>\n                <\/h2><a class=\"u-blog-control u-expanded-width u-image u-image-default u-image-3\" href=\"https:\/\/vzcveenendaal.nl\/zwemmen\/2024\/12\/25\/sportgala-veenendaal-vele-trainingsuren-betalen-zich-uit-voor-zwemster-elin-ditewig\/\">\n                <img decoding=\"async\" src=\"https:\/\/vzcveenendaal.nl\/zwemmen\/wp-content\/uploads\/sites\/2\/Kees-Jan-van-Overbeeke.jpg\" alt=\"\" class=\"u-blog-control u-expanded-width u-image u-image-default u-image-3\"><\/a>\n                <div class=\"u-blog-control u-post-content u-text u-text-palette-1-base u-text-7\"><p>\nFoto: Kees-Jan van Overbeeke\n\n\n\nDe zwemloopbaan van Elin Ditewig begon in 2016 bij Swimkick van VZC Veenendaal. In de jaren daarna zwom Elin &hellip;<\/p>\n                <\/div>\n              <\/div>\n            <\/div>\n            <div class=\"u-blog-post u-invisible u-container-style u-repeater-item\">\n              <div class=\"u-container-layout u-similar-container u-container-layout-1\">\n                <h2 class=\"u-blog-control u-text u-text-palette-1-base u-text-2\">\n                  <a class=\"u-post-header-link\" href=\"https:\/\/vzcveenendaal.nl\/zwemmen\/2024\/12\/24\/sportgala-veenendaal-het-podium-is-een-vertrouwde-plek-voor-zwemmer-bas-mostert\/\">Sportgala Veenendaal: Het podium is een vertrouwde plek voor zwemmer Bas Mostert<\/a>\n                <\/h2><a class=\"u-blog-control u-expanded-width u-image u-image-default u-image-1\" href=\"https:\/\/vzcveenendaal.nl\/zwemmen\/2024\/12\/24\/sportgala-veenendaal-het-podium-is-een-vertrouwde-plek-voor-zwemmer-bas-mostert\/\">\n                <img decoding=\"async\" src=\"https:\/\/vzcveenendaal.nl\/zwemmen\/wp-content\/uploads\/sites\/2\/Kees-Jan-van-Overbeeke-1.jpg\" alt=\"\" class=\"u-blog-control u-expanded-width u-image u-image-default u-image-1\"><\/a>\n                <div class=\"u-blog-control u-post-content u-text u-text-palette-1-base u-text-3\"><p>\nFoto: Kees-Jan Overbeeke\n\n\n\nBas Mostert is genomineerd als talent van het jaar bij de jongens. Zijn sport is wedstrijdzwemmen. ,,Ik zwem al sinds &hellip;<\/p>\n                <\/div>\n              <\/div>\n            <\/div>\n            <div class=\"u-blog-post u-invisible u-container-style u-repeater-item\">\n              <div class=\"u-container-layout u-similar-container u-container-layout-2\">\n                <h2 class=\"u-blog-control u-text u-text-palette-1-base u-text-4\">\n                  <a class=\"u-post-header-link\" href=\"https:\/\/vzcveenendaal.nl\/zwemmen\/2024\/12\/19\/bouwe-zit-op-wedstrijdzwemmen\/\">Bouwe zit op wedstrijdzwemmen<\/a>\n                <\/h2><a class=\"u-blog-control u-expanded-width u-image u-image-default u-image-2\" href=\"https:\/\/vzcveenendaal.nl\/zwemmen\/2024\/12\/19\/bouwe-zit-op-wedstrijdzwemmen\/\">\n                <img decoding=\"async\" src=\"https:\/\/vzcveenendaal.nl\/zwemmen\/wp-content\/uploads\/sites\/2\/Afbeelding3.jpg\" alt=\"\" class=\"u-blog-control u-expanded-width u-image u-image-default u-image-2\"><\/a>\n                <div class=\"u-blog-control u-post-content u-text u-text-palette-1-base u-text-5\"><p>\nIn december 2024 vond in zwembad De Vallei de Vallei 25 plaats, een zwemwedstrijd voor kinderen tot en met 11 jaar. Tijdens deze wedstrijd sprak &hellip;<\/p>\n                <\/div>\n              <\/div>\n            <\/div>\n            <div class=\"u-blog-post u-invisible u-container-style u-repeater-item\">\n              <div class=\"u-container-layout u-similar-container u-container-layout-3\">\n                <h2 class=\"u-blog-control u-text u-text-palette-1-base u-text-6\">\n                  <a class=\"u-post-header-link\" href=\"https:\/\/vzcveenendaal.nl\/zwemmen\/2024\/12\/17\/succesvol-nederlands-juniorenkampioenschap-voor-vzc-junioren\/\">VZC junioren succesvol op NJK korte baan<\/a>\n                <\/h2><a class=\"u-blog-control u-expanded-width u-image u-image-default u-image-3\" href=\"https:\/\/vzcveenendaal.nl\/zwemmen\/2024\/12\/17\/succesvol-nederlands-juniorenkampioenschap-voor-vzc-junioren\/\">\n                <img decoding=\"async\" src=\"https:\/\/vzcveenendaal.nl\/zwemmen\/wp-content\/uploads\/sites\/2\/juniorenkampioenschap.jpg\" alt=\"\" class=\"u-blog-control u-expanded-width u-image u-image-default u-image-3\"><\/a>\n                <div class=\"u-blog-control u-post-content u-text u-text-palette-1-base u-text-7\"><p>\nDe Nederlandse juniorenkampioenschappen korte baan vonden afgelopen weekeinde in Amsterdam plaats. Deze wedstrijd op het hoogste niveau bracht de &hellip;<\/p>\n                <\/div>\n              <\/div>\n            <\/div>\n            <div class=\"u-blog-post u-invisible u-container-style u-repeater-item\">\n              <div class=\"u-container-layout u-similar-container u-container-layout-1\">\n                <h2 class=\"u-blog-control u-text u-text-palette-1-base u-text-2\">\n                  <a class=\"u-post-header-link\" href=\"https:\/\/vzcveenendaal.nl\/zwemmen\/2024\/12\/13\/zwemmers-vzc-veenendaal-in-nieuwe-kleding-naar-njk\/\">Zwemmers VZC Veenendaal in nieuwe kleding naar NJK<\/a>\n                <\/h2><a class=\"u-blog-control u-expanded-width u-image u-image-default u-image-1\" href=\"https:\/\/vzcveenendaal.nl\/zwemmen\/2024\/12\/13\/zwemmers-vzc-veenendaal-in-nieuwe-kleding-naar-njk\/\">\n                <img decoding=\"async\" src=\"https:\/\/vzcveenendaal.nl\/zwemmen\/wp-content\/uploads\/sites\/2\/Nieuwe-kleding.jpg\" alt=\"\" class=\"u-blog-control u-expanded-width u-image u-image-default u-image-1\"><\/a>\n                <div class=\"u-blog-control u-post-content u-text u-text-palette-1-base u-text-3\"><p>\nDe beste junioren van VZC Zwemmen nemen vrijdag, zaterdag en zondag deel aan de Nederlandse Junioren Kampioenschappen korte baan. In het &hellip;<\/p>\n                <\/div>\n              <\/div>\n            <\/div>\n            <div class=\"u-blog-post u-invisible u-container-style u-repeater-item\">\n              <div class=\"u-container-layout u-similar-container u-container-layout-2\">\n                <h2 class=\"u-blog-control u-text u-text-palette-1-base u-text-4\">\n                  <a class=\"u-post-header-link\" href=\"https:\/\/vzcveenendaal.nl\/zwemmen\/2024\/12\/09\/lac-lange-afstand-circuit\/\">LAC: Lange Afstand Circuit<\/a>\n                <\/h2><a class=\"u-blog-control u-expanded-width u-image u-image-default u-image-2\" href=\"https:\/\/vzcveenendaal.nl\/zwemmen\/2024\/12\/09\/lac-lange-afstand-circuit\/\">\n                <img decoding=\"async\" src=\"https:\/\/vzcveenendaal.nl\/zwemmen\/wp-content\/uploads\/sites\/2\/LAC-Nijkerk-1.jpg\" alt=\"\" class=\"u-blog-control u-expanded-width u-image u-image-default u-image-2\"><\/a>\n                <div class=\"u-blog-control u-post-content u-text u-text-palette-1-base u-text-5\"><p>\nAfgelopen zaterdag zwommen 8 zwemmers van VZC de LAC-wedstrijd in het zwembad in Nijkerk. Het zwemmen van een lange afstand is een uitdaging en &hellip;<\/p>\n                <\/div>\n              <\/div>\n            <\/div>\n            <div class=\"u-blog-post u-invisible u-container-style u-repeater-item\">\n              <div class=\"u-container-layout u-similar-container u-container-layout-3\">\n                <h2 class=\"u-blog-control u-text u-text-palette-1-base u-text-6\">\n                  <a class=\"u-post-header-link\" href=\"https:\/\/vzcveenendaal.nl\/zwemmen\/2024\/11\/19\/vzc-zwemmen-oogst-veel-medailles-tijdens-twee-weekenden-provinciale-kampioenschappen\/\">VZC Zwemmen oogst veel medailles tijdens twee weekenden provinciale kampioenschappen<\/a>\n                <\/h2><a class=\"u-blog-control u-expanded-width u-image u-image-default u-image-3\" href=\"https:\/\/vzcveenendaal.nl\/zwemmen\/2024\/11\/19\/vzc-zwemmen-oogst-veel-medailles-tijdens-twee-weekenden-provinciale-kampioenschappen\/\">\n                <img decoding=\"async\" src=\"https:\/\/vzcveenendaal.nl\/zwemmen\/wp-content\/uploads\/sites\/2\/Provinciale-kampioenschappen.jpg\" alt=\"\" class=\"u-blog-control u-expanded-width u-image u-image-default u-image-3\"><\/a>\n                <div class=\"u-blog-control u-post-content u-text u-text-palette-1-base u-text-7\"><p>\nDe provinciale kampioenschappen Utrecht korte baan werden vorig en afgelopen weekend gezwommen in verschillende zwembaden. Het eerste weekend in &hellip;<\/p>\n                <\/div>\n              <\/div>\n            <\/div>\n            <div class=\"u-blog-post u-invisible u-container-style u-repeater-item\">\n              <div class=\"u-container-layout u-similar-container u-container-layout-1\">\n                <h2 class=\"u-blog-control u-text u-text-palette-1-base u-text-2\">\n                  <a class=\"u-post-header-link\" href=\"https:\/\/vzcveenendaal.nl\/zwemmen\/2024\/11\/04\/wtc32-puur-tamminga-challenge-weer-een-groot-succes\/\">WTC32 Puur Tamminga Challenge weer een groot succes!<\/a>\n                <\/h2><a class=\"u-blog-control u-expanded-width u-image u-image-default u-image-1\" href=\"https:\/\/vzcveenendaal.nl\/zwemmen\/2024\/11\/04\/wtc32-puur-tamminga-challenge-weer-een-groot-succes\/\">\n                <img decoding=\"async\" src=\"https:\/\/vzcveenendaal.nl\/zwemmen\/wp-content\/uploads\/sites\/2\/IMG-20241104-WA0006.jpg\" alt=\"\" class=\"u-blog-control u-expanded-width u-image u-image-default u-image-1\"><\/a>\n                <div class=\"u-blog-control u-post-content u-text u-text-palette-1-base u-text-3\"><p>\nAfgelopen weekend was zwembad de Vallei vier dagdelen lang het toneel voor een zeer competitieve strijd voor 257 zwemmers van 29 verschillende &hellip;<\/p>\n                <\/div>\n              <\/div>\n            <\/div>\n            <div class=\"u-blog-post u-invisible u-container-style u-repeater-item\">\n              <div class=\"u-container-layout u-similar-container u-container-layout-2\">\n                <h2 class=\"u-blog-control u-text u-text-palette-1-base u-text-4\">\n                  <a class=\"u-post-header-link\" href=\"https:\/\/vzcveenendaal.nl\/zwemmen\/2024\/10\/23\/aftermovie-succesvolle-swimclinic-online\/\">Aftermovie Succesvolle Swimclinic Online<\/a>\n                <\/h2><a class=\"u-blog-control u-expanded-width u-image u-image-default u-image-2\" href=\"https:\/\/vzcveenendaal.nl\/zwemmen\/2024\/10\/23\/aftermovie-succesvolle-swimclinic-online\/\">\n                <img decoding=\"async\" src=\"https:\/\/vzcveenendaal.nl\/zwemmen\/wp-content\/uploads\/sites\/2\/20241011_165601.jpg\" alt=\"\" class=\"u-blog-control u-expanded-width u-image u-image-default u-image-2\"><\/a>\n                <div class=\"u-blog-control u-post-content u-text u-text-palette-1-base u-text-5\"><p>\nTwee weken geleden vond de speciale Swimclinic plaats, georganiseerd door Charlotte, \u00e9\u00e9n van onze Junioren A zwemmers. Charlotte studeert &hellip;<\/p>\n                <\/div>\n              <\/div>\n            <\/div>\n            <div class=\"u-blog-post u-invisible u-container-style u-repeater-item\">\n              <div class=\"u-container-layout u-similar-container u-container-layout-3\">\n                <h2 class=\"u-blog-control u-text u-text-palette-1-base u-text-6\">\n                  <a class=\"u-post-header-link\" href=\"https:\/\/vzcveenendaal.nl\/zwemmen\/2024\/10\/21\/druk-weekend-voor-vzc-met-maar-liefst-vijf-wedstrijden\/\">Druk weekend voor VZC met maar liefst vijf wedstrijden<\/a>\n                <\/h2><a class=\"u-blog-control u-expanded-width u-image u-image-default u-image-3\" href=\"https:\/\/vzcveenendaal.nl\/zwemmen\/2024\/10\/21\/druk-weekend-voor-vzc-met-maar-liefst-vijf-wedstrijden\/\">\n                <img decoding=\"async\" src=\"https:\/\/vzcveenendaal.nl\/zwemmen\/wp-content\/uploads\/sites\/2\/Valleibad.jpg\" alt=\"\" class=\"u-blog-control u-expanded-width u-image u-image-default u-image-3\"><\/a>\n                <div class=\"u-blog-control u-post-content u-text u-text-palette-1-base u-text-7\"><p>\nHet nieuwe zwemseizoen en de daarbij behorende wedstrijden zijn inmiddels goed op gang gekomen. In dit weekend stonden er maar liefst vijf &hellip;<\/p>\n                <\/div>\n              <\/div>\n            <\/div>\n            <div class=\"u-blog-post u-invisible u-container-style u-repeater-item\">\n              <div class=\"u-container-layout u-similar-container u-container-layout-1\">\n                <h2 class=\"u-blog-control u-text u-text-palette-1-base u-text-2\">\n                  <a class=\"u-post-header-link\" href=\"https:\/\/vzcveenendaal.nl\/zwemmen\/2024\/10\/14\/succes-en-plezier-in-barneveld-vzc-masters-zwemmers-zwemmen-hun-eerste-wedstrijd\/\">Succes en Plezier in Barneveld: VZC Masters Zwemmers zwemmen hun eerste wedstrijd!<\/a>\n                <\/h2><a class=\"u-blog-control u-expanded-width u-image u-image-default u-image-1\" href=\"https:\/\/vzcveenendaal.nl\/zwemmen\/2024\/10\/14\/succes-en-plezier-in-barneveld-vzc-masters-zwemmers-zwemmen-hun-eerste-wedstrijd\/\">\n                <img decoding=\"async\" src=\"https:\/\/vzcveenendaal.nl\/zwemmen\/wp-content\/uploads\/sites\/2\/IMG-20241012-WA0014.jpg\" alt=\"\" class=\"u-blog-control u-expanded-width u-image u-image-default u-image-1\"><\/a>\n                <div class=\"u-blog-control u-post-content u-text u-text-palette-1-base u-text-3\"><p>\nAfgelopen zaterdag 12 oktober was het zover: de eerste offici\u00eble Masterzwemwedstrijd in Barneveld voor een nieuw VZC-team van 5 fanatieke zwemmers:&hellip;<\/p>\n                <\/div>\n              <\/div>\n            <\/div>\n            <div class=\"u-blog-post u-invisible u-container-style u-repeater-item\">\n              <div class=\"u-container-layout u-similar-container u-container-layout-2\">\n                <h2 class=\"u-blog-control u-text u-text-palette-1-base u-text-4\">\n                  <a class=\"u-post-header-link\" href=\"https:\/\/vzcveenendaal.nl\/zwemmen\/2024\/10\/09\/vzc-begint-sterk-in-eredivisie-zwemcompetitie\/\">VZC begint sterk in eredivisie zwemcompetitie<\/a>\n                <\/h2><a class=\"u-blog-control u-expanded-width u-image u-image-default u-image-2\" href=\"https:\/\/vzcveenendaal.nl\/zwemmen\/2024\/10\/09\/vzc-begint-sterk-in-eredivisie-zwemcompetitie\/\">\n                <img decoding=\"async\" src=\"https:\/\/vzcveenendaal.nl\/zwemmen\/wp-content\/uploads\/sites\/2\/9bc60a1f-cb0c-4bf3-b427-d6e0a8ffaab7.jpeg\" alt=\"\" class=\"u-blog-control u-expanded-width u-image u-image-default u-image-2\"><\/a>\n                <div class=\"u-blog-control u-post-content u-text u-text-palette-1-base u-text-5\"><p>\nIn de nationale zwemcompetitie stond afgelopen zaterdag de eerste ronde op het programma. In zwembad De Vallei in Veenendaal ontving VZC drie &hellip;<\/p>\n                <\/div>\n              <\/div>\n            <\/div>\n            <div class=\"u-blog-post u-invisible u-container-style u-repeater-item\">\n              <div class=\"u-container-layout u-similar-container u-container-layout-3\">\n                <h2 class=\"u-blog-control u-text u-text-palette-1-base u-text-6\">\n                  <a class=\"u-post-header-link\" href=\"https:\/\/vzcveenendaal.nl\/zwemmen\/2024\/09\/25\/ben-je-tussen-de-6-en-11-jaar-geef-je-op-voor-de-zwemclinic\/\">Ben je tussen de 6 en 11 jaar? Geef je op voor onze VZC ZWEMCLINIC op 11 oktober<\/a>\n                <\/h2><a class=\"u-blog-control u-expanded-width u-image u-image-default u-image-3\" href=\"https:\/\/vzcveenendaal.nl\/zwemmen\/2024\/09\/25\/ben-je-tussen-de-6-en-11-jaar-geef-je-op-voor-de-zwemclinic\/\">\n                <img decoding=\"async\" src=\"https:\/\/vzcveenendaal.nl\/zwemmen\/wp-content\/uploads\/sites\/2\/borst-crawl-kind.jpg\" alt=\"\" class=\"u-blog-control u-expanded-width u-image u-image-default u-image-3\"><\/a>\n                <div class=\"u-blog-control u-post-content u-text u-text-palette-1-base u-text-7\"><p>\nWe zijn blij om jullie uit te nodigen voor een leuke zwemclinic! Deze clinic is een geweldige kans om de zwemvaardigheden te verbeteren en &hellip;<\/p>\n                <\/div>\n              <\/div>\n            <\/div>\n            <div class=\"u-blog-post u-invisible u-container-style u-repeater-item\">\n              <div class=\"u-container-layout u-similar-container u-container-layout-1\">\n                <h2 class=\"u-blog-control u-text u-text-palette-1-base u-text-2\">\n                  <a class=\"u-post-header-link\" href=\"https:\/\/vzcveenendaal.nl\/zwemmen\/2024\/09\/11\/vzc-zwemster-floor-flikweert-brons-in-knzb-openwater-klassement-vrije-slag\/\">VZC-Zwemster Floor Flikweert Brons in KNZB Openwater Klassement Vrije Slag<\/a>\n                <\/h2><a class=\"u-blog-control u-expanded-width u-image u-image-default u-image-1\" href=\"https:\/\/vzcveenendaal.nl\/zwemmen\/2024\/09\/11\/vzc-zwemster-floor-flikweert-brons-in-knzb-openwater-klassement-vrije-slag\/\">\n                <img decoding=\"async\" src=\"https:\/\/vzcveenendaal.nl\/zwemmen\/wp-content\/uploads\/sites\/2\/IMG_1775-3.jpeg\" alt=\"\" class=\"u-blog-control u-expanded-width u-image u-image-default u-image-1\"><\/a>\n                <div class=\"u-blog-control u-post-content u-text u-text-palette-1-base u-text-3\"><p>\nAfgelopen weekend waren de laatste 2 openwater wedstrijden van het seizoen. Op zaterdag werd de Ganzetrek in Wilhelminadorp en op zondag de &hellip;<\/p>\n                <\/div>\n              <\/div>\n            <\/div>\n            <div class=\"u-blog-post u-invisible u-container-style u-repeater-item\">\n              <div class=\"u-container-layout u-similar-container u-container-layout-2\">\n                <h2 class=\"u-blog-control u-text u-text-palette-1-base u-text-4\">\n                  <a class=\"u-post-header-link\" href=\"https:\/\/vzcveenendaal.nl\/zwemmen\/2024\/09\/03\/stem-op-vzc-tijdens-de-rabo-clubactie\/\">Stem op VZC tijdens de Rabo Clubactie!<\/a>\n                <\/h2><a class=\"u-blog-control u-expanded-width u-image u-image-default u-image-2\" href=\"https:\/\/vzcveenendaal.nl\/zwemmen\/2024\/09\/03\/stem-op-vzc-tijdens-de-rabo-clubactie\/\">\n                <img decoding=\"async\" src=\"https:\/\/vzcveenendaal.nl\/zwemmen\/wp-content\/uploads\/sites\/2\/c62c8383-41ef-45d6-830f-c304e6fc7b1c.jpeg\" alt=\"\" class=\"u-blog-control u-expanded-width u-image u-image-default u-image-2\"><\/a>\n                <div class=\"u-blog-control u-post-content u-text u-text-palette-1-base u-text-5\"><p>\n\n\n\n\nBeste leden en supporters van VZC,\n\n\n\nHet is weer tijd voor de jaarlijkse Rabo Clubactie! Dit is d\u00e9 kans om onze vereniging te steunen. Als je &hellip;<\/p>\n                <\/div>\n              <\/div>\n            <\/div>\n            <div class=\"u-blog-post u-invisible u-container-style u-repeater-item\">\n              <div class=\"u-container-layout u-similar-container u-container-layout-3\">\n                <h2 class=\"u-blog-control u-text u-text-palette-1-base u-text-6\">\n                  <a class=\"u-post-header-link\" href=\"https:\/\/vzcveenendaal.nl\/zwemmen\/2024\/09\/01\/deelname-vzc-aan-biesbosch-open-water-race\/\">Deelname VZC aan Biesbosch Open Water Race<\/a>\n                <\/h2><a class=\"u-blog-control u-expanded-width u-image u-image-default u-image-3\" href=\"https:\/\/vzcveenendaal.nl\/zwemmen\/2024\/09\/01\/deelname-vzc-aan-biesbosch-open-water-race\/\">\n                <img decoding=\"async\" src=\"https:\/\/vzcveenendaal.nl\/zwemmen\/wp-content\/uploads\/sites\/2\/BOWR2024_Deelnemers_Medailles.jpg\" alt=\"\" class=\"u-blog-control u-expanded-width u-image u-image-default u-image-3\"><\/a>\n                <div class=\"u-blog-control u-post-content u-text u-text-palette-1-base u-text-7\"><p>\nAan het begin van het zwembad zwemseizoen staan de laatste openwater wedstrijden van dit jaar op het programma. Voor de vierde keer deed VZC mee &hellip;<\/p>\n                <\/div>\n              <\/div>\n            <\/div>\n            <div class=\"u-blog-post u-invisible u-container-style u-repeater-item\">\n              <div class=\"u-container-layout u-similar-container u-container-layout-1\">\n                <h2 class=\"u-blog-control u-text u-text-palette-1-base u-text-2\">\n                  <a class=\"u-post-header-link\" href=\"https:\/\/vzcveenendaal.nl\/zwemmen\/2024\/08\/31\/vzc-ers-trainen-alweer-een-week-in-zwembad-de-vrije-slag\/\">VZC-ers trainen alweer een week in Zwembad De Vrije Slag<\/a>\n                <\/h2><a class=\"u-blog-control u-expanded-width u-image u-image-default u-image-1\" href=\"https:\/\/vzcveenendaal.nl\/zwemmen\/2024\/08\/31\/vzc-ers-trainen-alweer-een-week-in-zwembad-de-vrije-slag\/\">\n                <img decoding=\"async\" src=\"https:\/\/vzcveenendaal.nl\/zwemmen\/wp-content\/uploads\/sites\/2\/IMG-20240831-WA0002-1.jpg\" alt=\"\" class=\"u-blog-control u-expanded-width u-image u-image-default u-image-1\"><\/a>\n                <div class=\"u-blog-control u-post-content u-text u-text-palette-1-base u-text-3\"><p>\nOndanks de tijdelijke sluiting van Zwembad De Vallei hebben de zwemmers alweer een week lang getraind, maar dan in Zwembad De Vrije Slag. Het weer &hellip;<\/p>\n                <\/div>\n              <\/div>\n            <\/div>\n            <div class=\"u-blog-post u-invisible u-container-style u-repeater-item\">\n              <div class=\"u-container-layout u-similar-container u-container-layout-2\">\n                <h2 class=\"u-blog-control u-text u-text-palette-1-base u-text-4\">\n                  <a class=\"u-post-header-link\" href=\"https:\/\/vzcveenendaal.nl\/zwemmen\/2024\/08\/26\/geslaagd-startkamp-vzc-in-zwembad-de-vrije-slag\/\">Geslaagd Startkamp VZC in Zwembad De Vrije Slag<\/a>\n                <\/h2><a class=\"u-blog-control u-expanded-width u-image u-image-default u-image-2\" href=\"https:\/\/vzcveenendaal.nl\/zwemmen\/2024\/08\/26\/geslaagd-startkamp-vzc-in-zwembad-de-vrije-slag\/\">\n                <img decoding=\"async\" src=\"https:\/\/vzcveenendaal.nl\/zwemmen\/wp-content\/uploads\/sites\/2\/20240825_112247.jpg\" alt=\"\" class=\"u-blog-control u-expanded-width u-image u-image-default u-image-2\"><\/a>\n                <div class=\"u-blog-control u-post-content u-text u-text-palette-1-base u-text-5\"><p>\nAfgelopen weekend vond ons jaarlijkse startkamp plaats in zwembad De Vrije Slag. Vrijdagmiddag arriveerden ruim 35 enthousiaste jeugdleden van 8 &hellip;<\/p>\n                <\/div>\n              <\/div>\n            <\/div>\n            <div class=\"u-blog-post u-invisible u-container-style u-repeater-item\">\n              <div class=\"u-container-layout u-similar-container u-container-layout-3\">\n                <h2 class=\"u-blog-control u-text u-text-palette-1-base u-text-6\">\n                  <a class=\"u-post-header-link\" href=\"https:\/\/vzcveenendaal.nl\/zwemmen\/2024\/08\/20\/nieuw-zwemseizoen-van-start-bij-vzc-veenendaal\/\">Nieuw Zwemseizoen van Start<\/a>\n                <\/h2><a class=\"u-blog-control u-expanded-width u-image u-image-default u-image-3\" href=\"https:\/\/vzcveenendaal.nl\/zwemmen\/2024\/08\/20\/nieuw-zwemseizoen-van-start-bij-vzc-veenendaal\/\">\n                <img decoding=\"async\" src=\"https:\/\/vzcveenendaal.nl\/zwemmen\/wp-content\/uploads\/sites\/2\/IMG_5172-1.jpg\" alt=\"\" class=\"u-blog-control u-expanded-width u-image u-image-default u-image-3\"><\/a>\n                <div class=\"u-blog-control u-post-content u-text u-text-palette-1-base u-text-7\"><p>\nAfgelopen week is het zwemseizoen 2024\/2025 weer van start gegaan! We zijn blij alle zwemmers weer te mogen verwelkomen in het water. We gaan er &hellip;<\/p>\n                <\/div>\n              <\/div>\n            <\/div>\n            <div class=\"u-blog-post u-invisible u-container-style u-repeater-item\">\n              <div class=\"u-container-layout u-similar-container u-container-layout-1\">\n                <h2 class=\"u-blog-control u-text u-text-palette-1-base u-text-2\">\n                  <a class=\"u-post-header-link\" href=\"https:\/\/vzcveenendaal.nl\/zwemmen\/2024\/07\/08\/clubkampioenschap-vzc-wordt-groot-afscheidsfeest-harry-bedankt\/\">Clubkampioenschap VZC wordt groot afscheidsfeest: \u2018Harry bedankt!\u2019<\/a>\n                <\/h2><a class=\"u-blog-control u-expanded-width u-image u-image-default u-image-1\" href=\"https:\/\/vzcveenendaal.nl\/zwemmen\/2024\/07\/08\/clubkampioenschap-vzc-wordt-groot-afscheidsfeest-harry-bedankt\/\">\n                <img decoding=\"async\" src=\"https:\/\/vzcveenendaal.nl\/zwemmen\/wp-content\/uploads\/sites\/2\/IMG_5164.jpg\" alt=\"\" class=\"u-blog-control u-expanded-width u-image u-image-default u-image-1\"><\/a>\n                <div class=\"u-blog-control u-post-content u-text u-text-palette-1-base u-text-3\"><p>\nVEENENDAAL&nbsp;De clubkampioenschappen 2024 van zwemvereniging VZC werden zaterdag 8 juli 2024 omgedoopt in \u2018Harry\u2019s eindwedstrijd\u2019. Hoofdtrainer &hellip;<\/p>\n                <\/div>\n              <\/div>\n            <\/div>\n            <div class=\"u-blog-post u-invisible u-container-style u-repeater-item\">\n              <div class=\"u-container-layout u-similar-container u-container-layout-2\">\n                <h2 class=\"u-blog-control u-text u-text-palette-1-base u-text-4\">\n                  <a class=\"u-post-header-link\" href=\"https:\/\/vzcveenendaal.nl\/zwemmen\/2024\/06\/18\/van-gent-finaleweken-vzc-zwemmer-bas-mostert-goud-op-1500-meter-vrije-slag\/\">Van Gent Finaleweken: VZC-zwemmer Bas Mostert goud op 1500 meter vrije slag<\/a>\n                <\/h2><a class=\"u-blog-control u-expanded-width u-image u-image-default u-image-2\" href=\"https:\/\/vzcveenendaal.nl\/zwemmen\/2024\/06\/18\/van-gent-finaleweken-vzc-zwemmer-bas-mostert-goud-op-1500-meter-vrije-slag\/\">\n                <img decoding=\"async\" src=\"https:\/\/vzcveenendaal.nl\/zwemmen\/wp-content\/uploads\/sites\/2\/2024-06-18-16_32_27-Van-Gent-Finaleweken_-VZC-zwemmer-Bas-Mostert-goud-op-1500-meter-vrije-slag-Re.jpg\" alt=\"\" class=\"u-blog-control u-expanded-width u-image u-image-default u-image-2\"><\/a>\n                <div class=\"u-blog-control u-post-content u-text u-text-palette-1-base u-text-5\"><p>\nVEENENDAAL\u00a0Van 13 tot en met 16 juni vond in Amersfoort het NK lange baan zwemmen plaats. Traditioneel worden daarbij ook de langere afstanden voor&hellip;<\/p>\n                <\/div>\n              <\/div>\n            <\/div>\n            <div class=\"u-blog-post u-invisible u-container-style u-repeater-item\">\n              <div class=\"u-container-layout u-similar-container u-container-layout-3\">\n                <h2 class=\"u-blog-control u-text u-text-palette-1-base u-text-6\">\n                  <a class=\"u-post-header-link\" href=\"https:\/\/vzcveenendaal.nl\/zwemmen\/2024\/04\/20\/vzc-succesvol-tijdens-provinciale-kampioenschappen-in-zwembad-de-vallei\/\">VZC succesvol tijdens provinciale kampioenschappen in zwembad De Vallei<\/a>\n                <\/h2><a class=\"u-blog-control u-expanded-width u-image u-image-default u-image-3\" href=\"https:\/\/vzcveenendaal.nl\/zwemmen\/2024\/04\/20\/vzc-succesvol-tijdens-provinciale-kampioenschappen-in-zwembad-de-vallei\/\">\n                <img decoding=\"async\" src=\"https:\/\/vzcveenendaal.nl\/zwemmen\/wp-content\/uploads\/sites\/2\/IMG_20240113_173551_033_II.jpg\" alt=\"\" class=\"u-blog-control u-expanded-width u-image u-image-default u-image-3\"><\/a>\n                <div class=\"u-blog-control u-post-content u-text u-text-palette-1-base u-text-7\"><p>\nVEENENDAAL\u00a0In het zwembad De Vallei waren afgelopen afgelopen weekend de provinciale kampioenschappen. Zowel op de zaterdag- als zondagmiddag &hellip;<\/p>\n                <\/div>\n              <\/div>\n            <\/div>\n            <div class=\"u-blog-post u-invisible u-container-style u-repeater-item\">\n              <div class=\"u-container-layout u-similar-container u-container-layout-1\">\n                <h2 class=\"u-blog-control u-text u-text-palette-1-base u-text-2\">\n                  <a class=\"u-post-header-link\" href=\"https:\/\/vzcveenendaal.nl\/zwemmen\/2024\/02\/09\/de-nieuwe-schoolzwemkampioen\/\">De nieuwe schoolzwemkampioen<\/a>\n                <\/h2><a class=\"u-blog-control u-expanded-width u-image u-image-default u-image-1\" href=\"https:\/\/vzcveenendaal.nl\/zwemmen\/2024\/02\/09\/de-nieuwe-schoolzwemkampioen\/\">\n                <img decoding=\"async\" src=\"https:\/\/vzcveenendaal.nl\/zwemmen\/wp-content\/uploads\/sites\/2\/De-nieuwe-schoolzwemkampioenn.jpg\" alt=\"\" class=\"u-blog-control u-expanded-width u-image u-image-default u-image-1\"><\/a>\n                <div class=\"u-blog-control u-post-content u-text u-text-palette-1-base u-text-3\"><p>\nEr was op vrijdag 9 februari een schoolzwemkampioenschap in zwembad De Vallei in Veenendaal. Er deden 22 teams van 9 basisscholen uit Veenendaal &hellip;<\/p>\n                <\/div>\n              <\/div>\n            <\/div>\n            <div class=\"u-blog-post u-invisible u-container-style u-repeater-item\">\n              <div class=\"u-container-layout u-similar-container u-container-layout-2\">\n                <h2 class=\"u-blog-control u-text u-text-palette-1-base u-text-4\">\n                  <a class=\"u-post-header-link\" href=\"https:\/\/vzcveenendaal.nl\/zwemmen\/2023\/12\/15\/vzc-met-tien-zwemmers-aanwezig-bij-nk-in-hofbad-den-haag\/\">VZC met tien zwemmers aanwezig bij NK in Hofbad Den Haag<\/a>\n                <\/h2><a class=\"u-blog-control u-expanded-width u-image u-image-default u-image-2\" href=\"https:\/\/vzcveenendaal.nl\/zwemmen\/2023\/12\/15\/vzc-met-tien-zwemmers-aanwezig-bij-nk-in-hofbad-den-haag\/\">\n                <img decoding=\"async\" src=\"https:\/\/vzcveenendaal.nl\/zwemmen\/wp-content\/uploads\/sites\/2\/IMG-20231212-WA0005.jpg\" alt=\"VZC-zwemmen\" class=\"u-blog-control u-expanded-width u-image u-image-default u-image-2\"><\/a>\n                <div class=\"u-blog-control u-post-content u-text u-text-palette-1-base u-text-5\"><p>\nVEENENDAAL\u00a0Na het voor VZC uiterst\u00a0succesvolle NJK korte baan\u00a0van vorige weekeinde staat dit weekend het NK korte baan voor jeugd- en senioren &hellip;<\/p>\n                <\/div>\n              <\/div>\n            <\/div>\n            <div class=\"u-blog-post u-invisible u-container-style u-repeater-item\">\n              <div class=\"u-container-layout u-similar-container u-container-layout-3\">\n                <h2 class=\"u-blog-control u-text u-text-palette-1-base u-text-6\">\n                  <a class=\"u-post-header-link\" href=\"https:\/\/vzcveenendaal.nl\/zwemmen\/2023\/12\/11\/veelzijdigheid-vzc-zwemmers-goed-voor-dertien-medailles-en-een-vierde-plaats\/\">Veelzijdigheid VZC-zwemmers goed voor dertien medailles en een vierde plaats<\/a>\n                <\/h2><a class=\"u-blog-control u-expanded-width u-image u-image-default u-image-3\" href=\"https:\/\/vzcveenendaal.nl\/zwemmen\/2023\/12\/11\/veelzijdigheid-vzc-zwemmers-goed-voor-dertien-medailles-en-een-vierde-plaats\/\">\n                <img decoding=\"async\" src=\"https:\/\/vzcveenendaal.nl\/zwemmen\/wp-content\/uploads\/sites\/2\/NJK_2023_uitslag.jpg\" alt=\"\" class=\"u-blog-control u-expanded-width u-image u-image-default u-image-3\"><\/a>\n                <div class=\"u-blog-control u-post-content u-text u-text-palette-1-base u-text-7\"><p>\nVEENENDAAL Het Pieter van den Hoogenband zwemstadion in Eindhoven stond dit weekeinde in het teken van de Nederlandse Junioren Kampioenschappen &hellip;<\/p>\n                <\/div>\n              <\/div>\n            <\/div>\n            <div class=\"u-blog-post u-invisible u-container-style u-repeater-item\">\n              <div class=\"u-container-layout u-similar-container u-container-layout-1\">\n                <h2 class=\"u-blog-control u-text u-text-palette-1-base u-text-2\">\n                  <a class=\"u-post-header-link\" href=\"https:\/\/vzcveenendaal.nl\/zwemmen\/2023\/12\/10\/junioren-zwemmers-vzc-veenendaal-gaan-strijden-om-njk-titels\/\">Junioren zwemmers VZC Veenendaal gaan strijden om NJK-titels<\/a>\n                <\/h2><a class=\"u-blog-control u-expanded-width u-image u-image-default u-image-1\" href=\"https:\/\/vzcveenendaal.nl\/zwemmen\/2023\/12\/10\/junioren-zwemmers-vzc-veenendaal-gaan-strijden-om-njk-titels\/\">\n                <img decoding=\"async\" src=\"https:\/\/vzcveenendaal.nl\/zwemmen\/wp-content\/uploads\/sites\/2\/NJK_2023_I.jpg\" alt=\"Onderste rij vlnr: Elin Ditewig, Mandy Berndsen, Anouk Molenberg en Juliette Woltjes. Bovenste rij vlnr: Mathieu Gepkens, Stefan van der Meer, Rijk Leenders, Felix Gepkens en Bas Mostert.\" class=\"u-blog-control u-expanded-width u-image u-image-default u-image-1\"><\/a>\n                <div class=\"u-blog-control u-post-content u-text u-text-palette-1-base u-text-3\"><p>\nVEENENDAAL In het Pieter van de Hoogenband zwemstadion in Eindhoven gaat aanstaande vrijdagmiddag het Nederlands Junioren Kampioenschap (NJK) &hellip;<\/p>\n                <\/div>\n              <\/div>\n            <\/div>\n            <div class=\"u-blog-post u-invisible u-container-style u-repeater-item\">\n              <div class=\"u-container-layout u-similar-container u-container-layout-2\">\n                <h2 class=\"u-blog-control u-text u-text-palette-1-base u-text-4\">\n                  <a class=\"u-post-header-link\" href=\"https:\/\/vzcveenendaal.nl\/zwemmen\/2023\/10\/24\/vzcers-doen-goede-zaken-tijdens-wtc32-puur-tamminga-challenge\/\">VZC\u2019ers doen goede zaken tijdens WTC32 Puur Tamminga Challenge<\/a>\n                <\/h2><a class=\"u-blog-control u-expanded-width u-image u-image-default u-image-2\" href=\"https:\/\/vzcveenendaal.nl\/zwemmen\/2023\/10\/24\/vzcers-doen-goede-zaken-tijdens-wtc32-puur-tamminga-challenge\/\">\n                <img decoding=\"async\" src=\"https:\/\/vzcveenendaal.nl\/zwemmen\/wp-content\/uploads\/sites\/2\/WTC32-scaled-e1698127070161.jpg\" alt=\"\" class=\"u-blog-control u-expanded-width u-image u-image-default u-image-2\"><\/a>\n                <div class=\"u-blog-control u-post-content u-text u-text-palette-1-base u-text-5\"><p>\nVEENENDAAL\u00a0In zwembad De Vallei verzorgde VZC Zwemmen afgelopen weekend\u00a0een tweedaagse wedstrijd\u00a0waar ruim 220 zwemmers van 18 verenigingen deel &hellip;<\/p>\n                <\/div>\n              <\/div>\n            <\/div>\n            <div class=\"u-blog-post u-invisible u-container-style u-repeater-item\">\n              <div class=\"u-container-layout u-similar-container u-container-layout-3\">\n                <h2 class=\"u-blog-control u-text u-text-palette-1-base u-text-6\">\n                  <a class=\"u-post-header-link\" href=\"https:\/\/vzcveenendaal.nl\/zwemmen\/2023\/10\/06\/coaches-en-zwemmers-blij-met-het-begin-van-de-zwemcompetitie\/\">Coaches en zwemmers blij met het begin van de zwemcompetitie<\/a>\n                <\/h2><a class=\"u-blog-control u-expanded-width u-image u-image-default u-image-3\" href=\"https:\/\/vzcveenendaal.nl\/zwemmen\/2023\/10\/06\/coaches-en-zwemmers-blij-met-het-begin-van-de-zwemcompetitie\/\">\n                <img decoding=\"async\" src=\"https:\/\/vzcveenendaal.nl\/zwemmen\/wp-content\/uploads\/sites\/2\/NEK_2023_III.jpg\" alt=\"\" class=\"u-blog-control u-expanded-width u-image u-image-default u-image-3\"><\/a>\n                <div class=\"u-blog-control u-post-content u-text u-text-palette-1-base u-text-7\"><p>\nVoor de Nederlandse verenigingen, de zwemmers en hun coaches was het afgelopen weekend de datum waar het seizoen 23\/24 pas echt begon. De &hellip;<\/p>\n                <\/div>\n              <\/div>\n            <\/div>\n            <div class=\"u-blog-post u-invisible u-container-style u-repeater-item\">\n              <div class=\"u-container-layout u-similar-container u-container-layout-1\">\n                <h2 class=\"u-blog-control u-text u-text-palette-1-base u-text-2\">\n                  <a class=\"u-post-header-link\" href=\"https:\/\/vzcveenendaal.nl\/zwemmen\/2023\/10\/06\/vzc-zwemt-hard-in-eigen-huis-bij-start-eredivisie\/\">VZC zwemt hard in eigen huis bij start eredivisie<\/a>\n                <\/h2><a class=\"u-blog-control u-expanded-width u-image u-image-default u-image-1\" href=\"https:\/\/vzcveenendaal.nl\/zwemmen\/2023\/10\/06\/vzc-zwemt-hard-in-eigen-huis-bij-start-eredivisie\/\">\n                <img decoding=\"async\" src=\"https:\/\/vzcveenendaal.nl\/zwemmen\/wp-content\/uploads\/sites\/2\/plaatje.webp\" alt=\"\" class=\"u-blog-control u-expanded-width u-image u-image-default u-image-1\"><\/a>\n                <div class=\"u-blog-control u-post-content u-text u-text-palette-1-base u-text-3\"><p>\nVEENENDAAL\u00a0De eerste ronde van de landelijke eredivisie zwemcompetitie vond afgelopen weekend plaats. In thuisbad De Vallei namen de zwemmers van &hellip;<\/p>\n                <\/div>\n              <\/div>\n            <\/div>\n            <div class=\"u-blog-post u-invisible u-container-style u-repeater-item\">\n              <div class=\"u-container-layout u-similar-container u-container-layout-2\">\n                <h2 class=\"u-blog-control u-text u-text-palette-1-base u-text-4\">\n                  <a class=\"u-post-header-link\" href=\"https:\/\/vzcveenendaal.nl\/zwemmen\/2023\/09\/11\/vzc-zwemmer-rijk-leenders-nederlands-kampioen-open-water-bij-de-junioren\/\">VZC-zwemmer Rijk Leenders Nederlands Kampioen open water bij de junioren<\/a>\n                <\/h2><a class=\"u-blog-control u-expanded-width u-image u-image-default u-image-2\" href=\"https:\/\/vzcveenendaal.nl\/zwemmen\/2023\/09\/11\/vzc-zwemmer-rijk-leenders-nederlands-kampioen-open-water-bij-de-junioren\/\">\n                <img decoding=\"async\" src=\"https:\/\/vzcveenendaal.nl\/zwemmen\/wp-content\/uploads\/sites\/2\/Foto2_team-vzc-zwemmen_low-1.jpg\" alt=\"\" class=\"u-blog-control u-expanded-width u-image u-image-default u-image-2\"><\/a>\n                <div class=\"u-blog-control u-post-content u-text u-text-palette-1-base u-text-5\"><p>\nVEENENDAAL\u00a0De zwemmers van VZC hebben het open water seizoen 2023 afgesloten met het ONK en de BOWR 2023-wedstrijden, georganiseerd door de &hellip;<\/p>\n                <\/div>\n              <\/div>\n            <\/div>\n            <div class=\"u-blog-post u-invisible u-container-style u-repeater-item\">\n              <div class=\"u-container-layout u-similar-container u-container-layout-3\">\n                <h2 class=\"u-blog-control u-text u-text-palette-1-base u-text-6\">\n                  <a class=\"u-post-header-link\" href=\"https:\/\/vzcveenendaal.nl\/zwemmen\/2023\/06\/16\/nederlandse-junioren-kampioenschappen-lange-baan-2023\/\">Nederlandse Junioren Kampioenschappen lange baan 2023<\/a>\n                <\/h2><a class=\"u-blog-control u-expanded-width u-image u-image-default u-image-3\" href=\"https:\/\/vzcveenendaal.nl\/zwemmen\/2023\/06\/16\/nederlandse-junioren-kampioenschappen-lange-baan-2023\/\">\n                <img decoding=\"async\" src=\"https:\/\/vzcveenendaal.nl\/zwemmen\/wp-content\/uploads\/sites\/2\/2023\/06\/NJK-Lange-baan-2023.png\" alt=\"\" class=\"u-blog-control u-expanded-width u-image u-image-default u-image-3\"><\/a>\n                <div class=\"u-blog-control u-post-content u-text u-text-palette-1-base u-text-7\"><p>\nNegen zwemmers, twee trainers, vijf ouders en een official. Zie hier de delegatie van VZC voor de Nederlandse Junioren Kampioenschappen lange baan &hellip;<\/p>\n                <\/div>\n              <\/div>\n            <\/div>\n            <div class=\"u-blog-post u-invisible u-container-style u-repeater-item\">\n              <div class=\"u-container-layout u-similar-container u-container-layout-1\">\n                <h2 class=\"u-blog-control u-text u-text-palette-1-base u-text-2\">\n                  <a class=\"u-post-header-link\" href=\"https:\/\/vzcveenendaal.nl\/zwemmen\/2023\/03\/21\/wedstrijdzwemmers-vzc-succesvol-in-strijd-met-zpc-amersfoort-op-regiokampioenschappen\/\">Wedstrijdzwemmers VZC succesvol in strijd met ZPC Amersfoort op regiokampioenschappen<\/a>\n                <\/h2><a class=\"u-blog-control u-expanded-width u-image u-image-default u-image-1\" href=\"https:\/\/vzcveenendaal.nl\/zwemmen\/2023\/03\/21\/wedstrijdzwemmers-vzc-succesvol-in-strijd-met-zpc-amersfoort-op-regiokampioenschappen\/\">\n                <img decoding=\"async\" src=\"https:\/\/vzcveenendaal.nl\/zwemmen\/wp-content\/uploads\/sites\/2\/2023\/03\/6bc85220-c03a-445c-b504-10ff15591023_thumb1920.webp\" alt=\"\" class=\"u-blog-control u-expanded-width u-image u-image-default u-image-1\"><\/a>\n                <div class=\"u-blog-control u-post-content u-text u-text-palette-1-base u-text-3\"><p>\nVEENENDAAL&nbsp;In het Valleibad in Veenendaal vonden afgelopen weekend de regionale kampioenschappen wedstrijdzwemmen korte baan plaats. Een &hellip;<\/p>\n                <\/div>\n              <\/div>\n            <\/div>\n            <div class=\"u-blog-post u-invisible u-container-style u-repeater-item\">\n              <div class=\"u-container-layout u-similar-container u-container-layout-2\">\n                <h2 class=\"u-blog-control u-text u-text-palette-1-base u-text-4\">\n                  <a class=\"u-post-header-link\" href=\"https:\/\/vzcveenendaal.nl\/zwemmen\/2023\/03\/21\/op-weg-naar-de-top-met-silke-holkenborg-het-is-tijd-om-door-te-groeien\/\">Op weg naar de top met Silke Holkenborg; \u2018Het is tijd om door te groeien\u2019<\/a>\n                <\/h2><a class=\"u-blog-control u-expanded-width u-image u-image-default u-image-2\" href=\"https:\/\/vzcveenendaal.nl\/zwemmen\/2023\/03\/21\/op-weg-naar-de-top-met-silke-holkenborg-het-is-tijd-om-door-te-groeien\/\">\n                <img decoding=\"async\" src=\"https:\/\/vzcveenendaal.nl\/zwemmen\/wp-content\/uploads\/sites\/2\/2023\/03\/fac822ee-2d7a-427b-9606-10c61dd00b03_thumb1920.webp\" alt=\"\" class=\"u-blog-control u-expanded-width u-image u-image-default u-image-2\"><\/a>\n                <div class=\"u-blog-control u-post-content u-text u-text-palette-1-base u-text-5\"><p>\nVEENENDAAL\u00a0Ze begon op jonge leeftijd met zwemmen en behaalde meerdere medailles op de NK-jeugd en junioren kampioenschappen. Nadat de 21-jarige &hellip;<\/p>\n                <\/div>\n              <\/div>\n            <\/div>\n            <div class=\"u-blog-post u-invisible u-container-style u-repeater-item\">\n              <div class=\"u-container-layout u-similar-container u-container-layout-3\">\n                <h2 class=\"u-blog-control u-text u-text-palette-1-base u-text-6\">\n                  <a class=\"u-post-header-link\" href=\"https:\/\/vzcveenendaal.nl\/zwemmen\/2023\/03\/21\/sportgala-veenendaal-veelzijdigheid-is-de-kracht-van-estafettedames-vzc\/\">Sportgala Veenendaal: Veelzijdigheid is de kracht van estafettedames VZC<\/a>\n                <\/h2><a class=\"u-blog-control u-expanded-width u-image u-image-default u-image-3\" href=\"https:\/\/vzcveenendaal.nl\/zwemmen\/2023\/03\/21\/sportgala-veenendaal-veelzijdigheid-is-de-kracht-van-estafettedames-vzc\/\">\n                <img decoding=\"async\" src=\"https:\/\/vzcveenendaal.nl\/zwemmen\/wp-content\/uploads\/sites\/2\/2023\/03\/fefafb8f-5e1c-4989-8ab6-58f148328c1e_thumb1920.webp\" alt=\"\" class=\"u-blog-control u-expanded-width u-image u-image-default u-image-3\"><\/a>\n                <div class=\"u-blog-control u-post-content u-text u-text-palette-1-base u-text-7\"><p>\nVEENENDAAL&nbsp;Binnen de zwemselectie van VZC Veenendaal vormen zes vrouwen de kern van het estafetteteam. In de meeste gevallen worden de &hellip;<\/p>\n                <\/div>\n              <\/div>\n            <\/div>\n          <\/div>\n          <div class=\"u-list-control\"><\/div>\n          <a class=\"u-gallery-nav u-gallery-nav-prev u-grey-70 u-icon-circle u-opacity u-opacity-70 u-spacing-10 u-text-white u-gallery-nav-1\" href=\"#\" role=\"button\"><span aria-hidden=\"true\">\n              <svg viewBox=\"0 0 451.847 451.847\"><path d=\"M97.141,225.92c0-8.095,3.091-16.192,9.259-22.366L300.689,9.27c12.359-12.359,32.397-12.359,44.751,0\nc12.354,12.354,12.354,32.388,0,44.748L173.525,225.92l171.903,171.909c12.354,12.354,12.354,32.391,0,44.744\nc-12.354,12.365-32.386,12.365-44.745,0l-194.29-194.281C100.226,242.115,97.141,234.018,97.141,225.92z\"><\/path><\/svg><\/span><span class=\"sr-only\">\n              <svg viewBox=\"0 0 451.847 451.847\"><path d=\"M97.141,225.92c0-8.095,3.091-16.192,9.259-22.366L300.689,9.27c12.359-12.359,32.397-12.359,44.751,0\nc12.354,12.354,12.354,32.388,0,44.748L173.525,225.92l171.903,171.909c12.354,12.354,12.354,32.391,0,44.744\nc-12.354,12.365-32.386,12.365-44.745,0l-194.29-194.281C100.226,242.115,97.141,234.018,97.141,225.92z\"><\/path><\/svg><\/span>\n          <\/a>\n          <a class=\"u-gallery-nav u-gallery-nav-next u-grey-70 u-icon-circle u-opacity u-opacity-70 u-spacing-10 u-text-white u-gallery-nav-2\" href=\"#\" role=\"button\"><span aria-hidden=\"true\">\n              <svg viewBox=\"0 0 451.846 451.847\"><path d=\"M345.441,248.292L151.154,442.573c-12.359,12.365-32.397,12.365-44.75,0c-12.354-12.354-12.354-32.391,0-44.744\nL278.318,225.92L106.409,54.017c-12.354-12.359-12.354-32.394,0-44.748c12.354-12.359,32.391-12.359,44.75,0l194.287,194.284\nc6.177,6.18,9.262,14.271,9.262,22.366C354.708,234.018,351.617,242.115,345.441,248.292z\"><\/path><\/svg><\/span><span class=\"sr-only\">\n              <svg viewBox=\"0 0 451.846 451.847\"><path d=\"M345.441,248.292L151.154,442.573c-12.359,12.365-32.397,12.365-44.75,0c-12.354-12.354-12.354-32.391,0-44.744\nL278.318,225.92L106.409,54.017c-12.354-12.359-12.354-32.394,0-44.748c12.354-12.359,32.391-12.359,44.75,0l194.287,194.284\nc6.177,6.18,9.262,14.271,9.262,22.366C354.708,234.018,351.617,242.115,345.441,248.292z\"><\/path><\/svg><\/span>\n          <\/a>\n        <\/div>\n      <\/div>\n    <\/section>\n    <section class=\"u-align-left u-clearfix u-container-align-left u-image u-shading u-section-9\" src=\"\" id=\"sec-298f\" data-image-width=\"6960\" data-image-height=\"4640\" style=\"background-image: linear-gradient(0deg, rgba(255, 255, 255, 0.3), rgba(255, 255, 255, 0.3)), url(&quot;https:\/\/vzcveenendaal.nl\/zwemmen\/wp-content\/uploads\/sites\/2\/2023\/03\/IMG_1924-scaled.jpg&quot;);\">\n      <div class=\"u-clearfix u-sheet u-valign-middle u-sheet-1\">\n        <div class=\"u-align-left u-container-align-left u-container-style u-group u-white u-group-1\">\n          <div class=\"u-container-layout u-valign-middle u-container-layout-1\">\n            <h1 class=\"u-text u-text-default u-title u-text-1\">Zwemsport proberen?<\/h1>\n            <p class=\"u-large-text u-text u-text-variant u-text-2\">Kom 4 x gratis met ons meedoen! Geef je op via onderstaande knop<\/p>\n            <a href=\"https:\/\/forms.office.com\/pages\/responsepage.aspx?id=5zHmIN-DkkCU8b2nOtuiAQby6sMrzRNBoEzOwnDF9NVUODFCNjZZNk1QVjdDUlZMR09FS0wzVVVXNS4u\" class=\"u-btn u-button-style u-palette-1-light-1 u-btn-1\">Aanmelden<\/a>\n          <\/div>\n        <\/div>\n      <\/div>\n    <\/section>\n    <section class=\"u-align-center u-clearfix u-container-align-center u-section-10\" id=\"sec-3146\">\n      <div class=\"u-clearfix u-sheet u-sheet-1\">\n        <h2 class=\"u-text u-text-default u-text-1\"> WIJ WORDEN GESPONSORD DOOR:<\/h2>\n        <p class=\"u-text u-text-2\">Deze bedrijven helpen onze zwemmers verder!<\/p>\n        <div class=\"u-expanded-width u-gallery u-layout-grid u-show-text-on-hover u-gallery-1\" id=\"carousel-e4e7\">\n          <div class=\"u-gallery-inner u-gallery-inner-1\" role=\"listbox\">\n            <div class=\"u-effect-fade u-gallery-item u-gallery-item-1\" data-target=\"_blank\" data-href=\"https:\/\/www.paardekooper-bv.nl\/\">\n              <div class=\"u-back-slide\" data-image-width=\"1376\" data-image-height=\"343\">\n                <img decoding=\"async\" class=\"u-back-image u-expanded u-image-contain\" src=\"https:\/\/vzcveenendaal.nl\/zwemmen\/wp-content\/uploads\/sites\/2\/2023\/03\/Paardekooper_logo_URL_liggend.png\">\n              <\/div>\n              <div class=\"u-align-center u-over-slide u-shading u-over-slide-1\"><\/div>\n            <\/div>\n            <div class=\"u-effect-fade u-gallery-item u-gallery-item-2\" data-href=\"https:\/\/vanslotensport.nl\/\" data-target=\"_blank\">\n              <div class=\"u-back-slide\" data-image-width=\"1303\" data-image-height=\"388\">\n                <img decoding=\"async\" class=\"u-back-image u-expanded u-image-contain\" src=\"https:\/\/vzcveenendaal.nl\/zwemmen\/wp-content\/uploads\/sites\/2\/2023\/03\/VanSlotenklein.png\">\n              <\/div>\n              <div class=\"u-align-center u-over-slide u-shading u-over-slide-2\"><\/div>\n            <\/div>\n            <div class=\"u-effect-fade u-gallery-item u-gallery-item-3\" data-href=\"https:\/\/puurtamminga.nl\/\" data-target=\"_blank\">\n              <div class=\"u-back-slide\" data-image-width=\"1389\" data-image-height=\"910\">\n                <img decoding=\"async\" class=\"u-back-image u-expanded u-image-contain\" src=\"https:\/\/vzcveenendaal.nl\/zwemmen\/wp-content\/uploads\/sites\/2\/2023\/03\/tammiga.png\">\n              <\/div>\n              <div class=\"u-align-center u-over-slide u-shading u-over-slide-3\"><\/div>\n            <\/div>\n            <div class=\"u-effect-fade u-gallery-item u-gallery-item-4\" data-href=\"https:\/\/www.discoverhub.eu\/nl\/\" data-target=\"_blank\">\n              <div class=\"u-back-slide\" data-image-width=\"10417\" data-image-height=\"3587\">\n                <img decoding=\"async\" class=\"u-back-image u-expanded u-image-contain\" src=\"https:\/\/vzcveenendaal.nl\/zwemmen\/wp-content\/uploads\/sites\/2\/2023\/03\/DISCOVERLogos_discoverlogo.png\">\n              <\/div>\n              <div class=\"u-align-center u-over-slide u-shading u-over-slide-4\"><\/div>\n            <\/div>\n            <div class=\"u-effect-fade u-gallery-item u-gallery-item-5\" data-href=\"http:\/\/WWW.MAAKMIJNWEBSITE.NL\" data-target=\"_blank\">\n              <div class=\"u-back-slide\" data-image-width=\"691\" data-image-height=\"189\">\n                <img decoding=\"async\" class=\"u-back-image u-expanded u-image-contain\" src=\"https:\/\/vzcveenendaal.nl\/zwemmen\/wp-content\/uploads\/sites\/2\/2023\/03\/maakmijnweb.png\">\n              <\/div>\n              <div class=\"u-align-center u-over-slide u-shading u-over-slide-5\"><\/div>\n            <\/div>\n            <div class=\"u-effect-fade u-gallery-item u-gallery-item-6\" data-href=\"http:\/\/WWW.JUMBOHUIBERS.NL\" data-target=\"_blank\">\n              <div class=\"u-back-slide\" data-image-width=\"879\" data-image-height=\"283\">\n                <img decoding=\"async\" class=\"u-back-image u-expanded u-image-contain\" src=\"https:\/\/vzcveenendaal.nl\/zwemmen\/wp-content\/uploads\/sites\/2\/2023\/03\/Jumbo-1.png\">\n              <\/div>\n              <div class=\"u-align-center u-over-slide u-shading u-over-slide-6\"><\/div>\n            <\/div>\n            <div class=\"u-effect-fade u-gallery-item u-gallery-item-7\" data-href=\"https:\/\/www.makso.nl\/\" data-target=\"_blank\">\n              <div class=\"u-back-slide\" data-image-width=\"500\" data-image-height=\"210\">\n                <img decoding=\"async\" class=\"u-back-image u-expanded u-image-contain\" src=\"https:\/\/vzcveenendaal.nl\/zwemmen\/wp-content\/uploads\/sites\/2\/MAKSO_ASSEMBLAGE_LOGO_SMALL.jpg\">\n              <\/div>\n              <div class=\"u-align-center u-over-slide u-shading u-over-slide-7\"><\/div>\n            <\/div>\n            <div class=\"u-effect-fade u-gallery-item u-gallery-item-8\" data-target=\"_blank\">\n              <div class=\"u-back-slide\" data-image-width=\"733\" data-image-height=\"500\">\n                <img decoding=\"async\" class=\"u-back-image u-expanded u-image-contain\" src=\"https:\/\/vzcveenendaal.nl\/zwemmen\/wp-content\/uploads\/sites\/2\/GEEN-LOGO.jpg\">\n              <\/div>\n              <div class=\"u-align-center u-over-slide u-shading u-over-slide-8\"><\/div>\n            <\/div>\n            <div class=\"u-effect-fade u-gallery-item u-gallery-item-9\" data-target=\"_blank\">\n              <div class=\"u-back-slide\" data-image-width=\"733\" data-image-height=\"500\">\n                <img decoding=\"async\" class=\"u-back-image u-expanded u-image-contain\" src=\"https:\/\/vzcveenendaal.nl\/zwemmen\/wp-content\/uploads\/sites\/2\/GEEN-LOGO.jpg\">\n              <\/div>\n              <div class=\"u-align-center u-over-slide u-shading u-over-slide-9\"><\/div>\n            <\/div>\n          <\/div>\n        <\/div>\n        <a href=\"mailto:zwemmen@vzcveenendaal.nl?subject=Proefles\" class=\"u-border-none u-btn u-btn-round u-button-style u-hover-palette-1-light-1 u-palette-3-base u-radius-7 u-btn-1\" data-animation-name=\"pulse\" data-animation-duration=\"0\" data-animation-direction=\"\"><span class=\"u-icon\"><svg class=\"u-svg-content\" viewBox=\"0 0 51.997 51.997\" x=\"0px\" y=\"0px\" style=\"width: 1em; height: 1em;\"><g><path d=\"M51.911,16.242C51.152,7.888,45.239,1.827,37.839,1.827c-4.93,0-9.444,2.653-11.984,6.905\n\t\tc-2.517-4.307-6.846-6.906-11.697-6.906c-7.399,0-13.313,6.061-14.071,14.415c-0.06,0.369-0.306,2.311,0.442,5.478\n\t\tc1.078,4.568,3.568,8.723,7.199,12.013l18.115,16.439l18.426-16.438c3.631-3.291,6.121-7.445,7.199-12.014\n\t\tC52.216,18.553,51.97,16.611,51.911,16.242z M49.521,21.261c-0.984,4.172-3.265,7.973-6.59,10.985L25.855,47.481L9.072,32.25\n\t\tc-3.331-3.018-5.611-6.818-6.596-10.99c-0.708-2.997-0.417-4.69-0.416-4.701l0.015-0.101C2.725,9.139,7.806,3.826,14.158,3.826\n\t\tc4.687,0,8.813,2.88,10.771,7.515l0.921,2.183l0.921-2.183c1.927-4.564,6.271-7.514,11.069-7.514\n\t\tc6.351,0,11.433,5.313,12.096,12.727C49.938,16.57,50.229,18.264,49.521,21.261z\"><\/path>\n<\/g><\/svg><\/span>&nbsp;word ook sponsor van vzc\n        <\/a>\n      <\/div>\n    <\/section>\n    <section class=\"u-align-center u-clearfix u-container-align-center u-image u-shading u-section-11\" data-image-width=\"6960\" data-image-height=\"4640\" id=\"sec-84cf\" style=\"background-image: linear-gradient(0deg, rgba(0, 0, 0, 0.5), rgba(0, 0, 0, 0.5)), url(&quot;https:\/\/vzcveenendaal.nl\/zwemmen\/wp-content\/uploads\/sites\/2\/2023\/03\/IMG_2094-scaled.jpg&quot;);\">\n      <div class=\"u-clearfix u-sheet u-valign-middle u-sheet-1\">\n        <h1 class=\"u-text u-text-default u-text-1\">Neem contact met ons op<\/h1>\n        <div class=\"u-clearfix u-custom-color-4 u-gutter-10 u-layout-wrap u-opacity u-opacity-85 u-layout-wrap-1\">\n          <div class=\"u-layout\">\n            <div class=\"u-layout-row\">\n              <div class=\"u-align-center-sm u-align-center-xs u-align-left-lg u-align-left-md u-align-left-xl u-container-style u-layout-cell u-left-cell u-size-27 u-layout-cell-1\">\n                <div class=\"u-container-layout u-container-layout-1\">\n                  <h2 class=\"u-text u-text-2\">VZC Zwemmen<\/h2>\n                  <p class=\"u-text u-text-3\">Sportlaan 5b&nbsp; 3905AD Veenendaal<\/p>\n                  <p class=\"u-text u-text-4\">\n                    <a href=\"mailto:zwemmen@vzcveenendaal.nl?subject=Contactformulier\" class=\"u-active-none u-border-none u-btn u-button-link u-button-style u-hover-none u-none u-text-white u-btn-1\">zwemmen@vzcveenendaal.nl<\/a>\n                    <br>\n                  <\/p>\n                <\/div>\n              <\/div>\n              <div class=\"u-align-left u-container-align-left u-container-style u-layout-cell u-right-cell u-size-33 u-layout-cell-2\">\n                <div class=\"u-container-layout u-valign-middle u-container-layout-2\">\n                  <div class=\"u-form u-form-1\">\n                    <form action=\"https:\/\/service.nicepagesrv.com\/form\/v4\/form-process\" class=\"u-clearfix u-form-spacing-15 u-form-vertical u-inner-form\" style=\"padding: 15px;\" source=\"email\">\n                      <div class=\"u-form-group u-form-name u-label-none\">\n                        <label for=\"name-0cec\" class=\"u-label\">Name<\/label>\n                        <input type=\"text\" placeholder=\"Naam\" id=\"name-0cec\" name=\"name\" class=\"u-border-no-bottom u-border-no-left u-border-no-right u-border-no-top u-input u-input-rectangle u-palette-1-light-2\" required=\"\">\n                      <\/div>\n                      <div class=\"u-form-email u-form-group u-label-none\">\n                        <label for=\"email-0cec\" class=\"u-label\">Email<\/label>\n                        <input type=\"email\" placeholder=\"Email\" id=\"email-0cec\" name=\"email\" class=\"u-border-no-bottom u-border-no-left u-border-no-right u-border-no-top u-input u-input-rectangle u-palette-1-light-2\" required=\"\">\n                      <\/div>\n                      <div class=\"u-form-group u-form-message u-label-none\">\n                        <label for=\"message-0cec\" class=\"u-label\">Address<\/label>\n                        <textarea placeholder=\"Bericht\" rows=\"4\" cols=\"50\" id=\"message-0cec\" name=\"message\" class=\"u-border-no-bottom u-border-no-left u-border-no-right u-border-no-top u-input u-input-rectangle u-palette-1-light-2\" required=\"\"><\/textarea>\n                      <\/div>\n                      <div class=\"u-align-left u-form-group u-form-submit\">\n                        <a href=\"#\" class=\"u-active-palette-1-base u-border-none u-btn u-btn-submit u-button-style u-hover-palette-1-base u-btn-2\">Verzenden<\/a>\n                        <input type=\"submit\" value=\"submit\" class=\"u-form-control-hidden\">\n                      <\/div>\n                      <div class=\"u-form-send-message u-form-send-success\">#FormSendSuccess<\/div>\n                      <div class=\"u-form-send-error u-form-send-message\">#FormSendError<\/div>\n                      <input type=\"hidden\" value=\"\" name=\"recaptchaResponse\">\n                      <input type=\"hidden\" name=\"formServices\" value=\"c18764b3-e282-ee4a-e767-6007214a79b5\">\n                      <input type=\"hidden\" name=\"siteKey\" value=\"6LcTtTwlAAAAANhFNXEydW_zpc6okVQp4tJGF9FU\">\n                    <\/form>\n                  <\/div>\n                <\/div>\n              <\/div>\n            <\/div>\n          <\/div>\n        <\/div>\n      <\/div>\n    <\/section>\n    <section class=\"u-clearfix u-custom-color-1 u-section-12\" id=\"sec-2cb4\">\n      <div class=\"u-clearfix u-sheet u-sheet-1\">\n        <h1 class=\"u-align-center u-text u-text-1\">Volg ons op Social Media!<\/h1>\n        <div class=\"u-social-icons u-social-icons-1\">\n          <a class=\"u-social-url\" title=\"facebook\" target=\"_blank\" href=\"http:\/\/facebook.com\/vzczwemmen\"><span class=\"u-file-icon u-icon u-social-facebook u-social-icon u-text-palette-1-light-2 u-icon-1\"><img decoding=\"async\" src=\"data:image\/png;base64,iVBORw0KGgoAAAANSUhEUgAAAIAAAACACAYAAADDPmHLAAAAAXNSR0IArs4c6QAADPJJREFUeF7tnWtsHNUVx\/\/n7jo7dhOXEh6iQlQIESvI9gZEUB8mwtAIFOUDRHR3HZLwmX5BCFRIICI0kAQEQnyo+AwJ8a6LWj6kEVFKjBq3RRBBvLYa2YgiECriEUqdYM\/Gu\/dUd3f9fsxjZ2ZnvHe\/rebec+855zd37vNcwgr8HfmYW2Pm5DpibiPINgZuAOgyJrQSYw2AVhDWgNFaVp8wBsYFAGNMuECMMYC\/J+AThhhhopGS0TS640YaW2nmoqgr9Pog\/yjBhS4WuBPAbQQoh1\/jh14EfMnACID3SeJUgRIDu5L0gx9lBSUzcgD0DfOqYsnsEsrhLLoB3gigKSiDzStnEqAPGPIUM\/rjMWMg1U6X6lQXV8VGBoDs4PjPIcROMGcAutyVtr5n4u9AlIWUhzPJlvd8L86DAkINwBv\/mvhZvCh2MngngHUe6BukiFECHS7G5eEHbmr+LMiCnZQVSgB6hy7dKljuYeDechct2j8m4C1J4kBPx6ozYVMlVMbtHZy4nQQ9CcbdYTOUJ\/UhnGDJz\/Ukm097Is8DIaEAoHdw4i4iehrA7R7oFAURp5n5mZ5k8zv1rmxdATgyOH5tE4mXGbi\/3oaoR\/kEvDnJ8pEdyZYv6lF+ZQqkDr\/+fo5\/fUXhYWbsA7C6DlUIU5EXibDvqm8Tr3R3UzHoigUOQN\/Z8S4pxKsA2oNWNuTlDQspH0ptaBkIsp6BAdDXx7FSm7mfiJ6oV8sTpGFdlsXMfCg2YuxNpajkUoajbIEAoL71MSF6idHlqHYNmpgJAyUpe4LoG\/gOQC5vbpGg1wm8tkH96UptBp0X4F3pTuO4KwE2M\/kGADNT31DhIAO\/002+TW8sTKYmkV5IdSR2ExG7lrJMRl8AUAs2ks3XwJTxo9INJ5M4K8h40I+FJs8B6Bvm1SwLf2Jgc8M5ykeFCThJIrEt1U4XvSzGUwD6PrxwpYzHjwN0q5eV1LKmLMBnRLG4JXXLmm+8solnAPQNj18npTgZwVU7r2wZlJxRIeTmVHvL514U6AkAlTe\/SU1gRG3J1gsb1kPGqChOdnnREtQMgPrmS2n262Y\/aA74jBBGd619gpoAUL19loVjusMXtPMr5VU7hltrGR24BkCN83PD5lE91KuP86dLJc6m243tbucJXAOQy5uHGHi8zurr4istwfPpTkOtsTj+uQJATe8ycEzP8Dm2t18Z1IzhVjfTxo4BKC\/sUOzsSpzbT3ckXDkoN1Rwlc\/LTGrtoMSlDU4XkBwBUF7SXV94dyWs6rl19mJOCwMAql5qFTF2LnGHk6VkRwD0Dk4cIKLdXpIbtCwvHT9V97AAUIaA+WBPsnmPXbvaBqC6k+dvUf3u++H4MAKgGBBSbrK7s8gWAGoP31drCx9FdRuXn85XEISpBahCOXz1+cTNdvYY2gIgN2Q+yowX7TYrYUrnt\/NDCgCI8Fi6w3jJyheWAKhef5zEuSju3g3C+WEFAMDFIsv1VqMCSwByefOPUd233+AAqAmiN9Odxm+WawWWBaB6YuevVs1IGJ8H5fwQtwBltzDzr5c7gbQsANm8qXr9kTuuFaTzww4AgNOZTmPTUi\/pkgCUD2oSKQAi99MAzHUZM29a6kDqkgBkh8y3o3pKVwMw750lnMh0GPcs9iYvCoA6n08sP4jcq1+tsAZgoeeYxMbF4hMsCkAub6pdvfdFEYCgnR+BPkDZjQT8Od1pbJvv0wUAqLAssSJ92shTviGc2fPiXeRSnK+fH65mAQC5fOEpBu\/3osR6yPCiBVihAIBAe9OdiWdn+2UBANm8qeLgRXZ3b60ArFTnV50+muk02pYEoByKjcQ\/6\/HmelWmBsDCkix\/MTuE3ZwWIDtk\/gGM33rljHrI0QBYWJ3waqbDmPbxNADlA53S\/DK8QRjt4aQBsLITfyeEcc3UVvJpAI4OTtwpiOoetcqq+lbPNQBWFgIk813bk82nqsPDSobs0MSzYHrSOnu4U2gAbPiH+LlMR\/NTcwHIF\/4O8C9tZA91Eg2AHffQPzKdiV9NA6BCrq+iwn\/rGHXbTq1tpdEA2DLT5CVO\/ESFui\/3AXJnzbtZ4G1bWUOeSANgz0EkcU96g3GiDEA2bz6PSiyfyP80ALZd+EKm03h8CoB+AHfYzhrihBoA2855N9NpdFc+AXnzP35ds2K7OjYT1upgm8U4ShbF6WN1\/U260\/gpqQuW4hOF\/znSuI6JNQDeGb\/YnPgxRW3zhwbAOwDUJhHK5gsPAHzEO7H+StIAeGlf2kG5\/MTvGbTXS7F+ytIAeGddAu+nbH7iDYC2eyfWX0lhAyCKHcAZD\/FRyubNvwDY4q\/bvJOuAfDOlgCOU++QeTpKAR80AN4BoAJKqBbgLICkd2L9laQB8NS+gwqAfwO43lOxPgrTAHhq3E8pO2R+A8YVnor1UZgGwEPjEr5VLYAKcbXKQ7G+itIAeGreSxqAGu0Z7WEgLulPQCMDUP0ERKoTaOWvWj8REX+jrcwz\/\/mnkRsGWmmoAbCy0Jzng5GbCLJSTwNgZaFZE8HViaBITQVbqacBsLLQnOfHI7cYZKWeBsDKQrOf89HILQdbqacBsLLQzPPqcnC0NoRYqacBsLLQ7Oe0I3JbwqzU0wBYWWh2J1BsjNymUCv1NABWFpp5Xt4Uqv5GaVu4lXoaACsLVZ5PbwtXf7J5de+fPhhSfhlCcP2LPRfWnGrmYIg+GjZjzAYCYOZomD4c2ngAzDkcqo+HNxwAc4+HV\/oBOkBE4\/QB5gWIKAOgQ8SUm4GG6AMsFiJGB4mqfAYaAYBFg0TpMHGNAsASYeIqnwEdKHLFtwBLBYosA6BDxa78T8ByoWKrs4I6WHTNk2yhFbB8sOjKukBjh4tfyZ8AW+HiG\/3CiBUMgL0LI6qrgw17ZcxKBcD2lTEKgKjFDZr9xdXLwYv3PxxdGlUdEkby2jgNwCIAOL02rtwKRPTiSA3AQgBcXRxZHRJG7upYDcACANxdHVttBe4iokhdHq0BmAtATZdHV0cEkbo+XgMwA0DN18crUUcGx6+NkzgHYHVo57dmVUwDMG2Mi0WW63ckW75Yzm\/LXh8\/lTE3ZD7KjBc1AFGwQKWORHgs3WG8ZFVjWwD093P8q7WFjwC0Wwms93PdApQ9MHz1+cTN3d1UtPKHLQCUkL6z411SCDUqsJ3HqnA\/nmsAwELKTakNLQN27OvImb2DEweIaLcdwfVK0+gAMPPBnmTzHrv2dwRAXx\/HSusL74Y5smgjA6Aif8bOJe5IpajkCwBTo4IYxc4SeK3dQoJM16gAMOh8iUsbrHr9833hqAWYHhXkzS0MHAtjf6BBAWACtqY7jeNOXzZXAKhCcnnzEAOPOy3Q7\/SNCAABz6c7jSfc2NY1AMxMuWHzKJgybgr2K0\/DAUCcTbcb24mI3djUNQDloeEwr2JZOMbAZjeF+5GnkQAg4CSJxNapm8Dd2LMmAKoQrJZSHS+nW91UwOs8jQMAnxHC6E6108VabFgzAGUIPrxwpYw3qYmHdbVURue1bYFRUZzsSt2y5hvbOZZI6AkAlZZg\/DopxUkNQa0uscw\/KoTcnGpv+dwypY0EngEw0xLEj4flc2BD\/4gl4TOiWNzixZs\/pbinAEz1CVgW1K7i0HQMI+blRatb7fBtq\/WbP1+45wBMjQ4km6+FbYgYWRCIs4KMB2vp7S+luy8AqMLUPEHfUOEgV66l962cyDrVXsXVDN8LqY7EbrfjfKtifHdMLm9ukaDXw7p2YGWgej1Xc\/sCvMvN9K6TOvsOgKqM2lYWE6I3zKuITozmd1q1qleSssfpwo6begUCQLlfoJaS28z9RKTmrAMr141R6piHmflQbMTY62RJt5b6Bu6I6s6iV6OwvawWw7rIOyykfMjuTh4X8pcaXXglyr4ctcfw6ysKDzNjX1R2G9vXznHKi0TYd9W3iVfs7OFzLN0iQ+AtwOz6qL5BE4mXGbjfa8WiIE\/t259k+UgQ3\/rAh4FOHNA7OKFOID0N4HYn+SKc9jQzP9OTbH6n3jrUtQWYr3z5QKqgJ8G4u96G8aV8wgmW\/FxPsvm0L\/JdCA0VAFP1V\/EJBMs9DNy7AkYMajLnLUniQE\/HqjMufORrllACMKWxClcTL4qdDN4ZwVXGUQIdLsbl4Qduav7MVy\/WIDzUAMzWqxzCToidYM4AdHkNOvuYlb8DURZSHs4kW97zsSDPREcGgCmN1Ta0YsnsEgJ3gkU3wBsBNHlmEWeCJgH6gCFPMaM\/HjMG\/FiwcVYlZ6kjB8B89VSo+wQXulgBAdxGQBsD1zgzg73U6poVBlQcxfdJ4lSBEgO7kvSDvdzhTBV5ABYz65GPuTVmTq4j5jaCVEDcANBlTGglxhoArSCsAaO1nJ8wBsYFAGNMuECMMYC\/J+AThhhhopGS0TS640YaC6cb3dfq\/+nOS1I04DgKAAAAAElFTkSuQmCC\" alt=\"\"><\/span>\n          <\/a>\n          <a class=\"u-social-url\" target=\"_blank\" data-type=\"Instagram\" title=\"Instagram\" href=\"https:\/\/www.instagram.com\/vzczwemmen\/\"><span class=\"u-icon u-social-icon u-social-instagram u-text-palette-1-light-2 u-icon-2\"><svg class=\"u-svg-link\" preserveAspectRatio=\"xMidYMin slice\" viewBox=\"0 0 112 112\" style=\"\"><use xmlns:xlink=\"http:\/\/www.w3.org\/1999\/xlink\" xlink:href=\"#svg-f259\"><\/use><\/svg><svg class=\"u-svg-content\" viewBox=\"0 0 112 112\" x=\"0\" y=\"0\" id=\"svg-f259\"><circle fill=\"currentColor\" cx=\"56.1\" cy=\"56.1\" r=\"55\"><\/circle><path fill=\"#FFFFFF\" d=\"M55.9,38.2c-9.9,0-17.9,8-17.9,17.9C38,66,46,74,55.9,74c9.9,0,17.9-8,17.9-17.9C73.8,46.2,65.8,38.2,55.9,38.2\n            z M55.9,66.4c-5.7,0-10.3-4.6-10.3-10.3c-0.1-5.7,4.6-10.3,10.3-10.3c5.7,0,10.3,4.6,10.3,10.3C66.2,61.8,61.6,66.4,55.9,66.4z\"><\/path><path fill=\"#FFFFFF\" d=\"M74.3,33.5c-2.3,0-4.2,1.9-4.2,4.2s1.9,4.2,4.2,4.2s4.2-1.9,4.2-4.2S76.6,33.5,74.3,33.5z\"><\/path><path fill=\"#FFFFFF\" d=\"M73.1,21.3H38.6c-9.7,0-17.5,7.9-17.5,17.5v34.5c0,9.7,7.9,17.6,17.5,17.6h34.5c9.7,0,17.5-7.9,17.5-17.5V38.8\n            C90.6,29.1,82.7,21.3,73.1,21.3z M83,73.3c0,5.5-4.5,9.9-9.9,9.9H38.6c-5.5,0-9.9-4.5-9.9-9.9V38.8c0-5.5,4.5-9.9,9.9-9.9h34.5\n            c5.5,0,9.9,4.5,9.9,9.9V73.3z\"><\/path><\/svg><\/span>\n          <\/a>\n          <a class=\"u-social-url\" target=\"_blank\" data-type=\"Twitter\" title=\"Twitter\" href=\"http:\/\/twitter.com\/vzczwemmen\"><span class=\"u-icon u-social-icon u-social-twitter u-text-palette-1-light-2 u-icon-3\"><svg class=\"u-svg-link\" preserveAspectRatio=\"xMidYMin slice\" viewBox=\"0 0 112 112\" style=\"\"><use xmlns:xlink=\"http:\/\/www.w3.org\/1999\/xlink\" xlink:href=\"#svg-ff65\"><\/use><\/svg><svg class=\"u-svg-content\" viewBox=\"0 0 112 112\" x=\"0\" y=\"0\" id=\"svg-ff65\"><circle fill=\"currentColor\" class=\"st0\" cx=\"56.1\" cy=\"56.1\" r=\"55\"><\/circle><path fill=\"#FFFFFF\" d=\"M83.8,47.3c0,0.6,0,1.2,0,1.7c0,17.7-13.5,38.2-38.2,38.2C38,87.2,31,85,25,81.2c1,0.1,2.1,0.2,3.2,0.2\n            c6.3,0,12.1-2.1,16.7-5.7c-5.9-0.1-10.8-4-12.5-9.3c0.8,0.2,1.7,0.2,2.5,0.2c1.2,0,2.4-0.2,3.5-0.5c-6.1-1.2-10.8-6.7-10.8-13.1\n            c0-0.1,0-0.1,0-0.2c1.8,1,3.9,1.6,6.1,1.7c-3.6-2.4-6-6.5-6-11.2c0-2.5,0.7-4.8,1.8-6.7c6.6,8.1,16.5,13.5,27.6,14\n            c-0.2-1-0.3-2-0.3-3.1c0-7.4,6-13.4,13.4-13.4c3.9,0,7.3,1.6,9.8,4.2c3.1-0.6,5.9-1.7,8.5-3.3c-1,3.1-3.1,5.8-5.9,7.4\n            c2.7-0.3,5.3-1,7.7-2.1C88.7,43,86.4,45.4,83.8,47.3z\"><\/path><\/svg><\/span>\n          <\/a>\n          <a class=\"u-social-url\" target=\"_blank\" data-type=\"YouTube\" title=\"YouTube\" href=\"https:\/\/www.youtube.com\/channel\/UCIcbwM2ujOfdVeECYxU-Yog\"><span class=\"u-icon u-social-icon u-social-youtube u-text-palette-1-light-2 u-icon-4\"><svg class=\"u-svg-link\" preserveAspectRatio=\"xMidYMin slice\" viewBox=\"0 0 112 112\" style=\"\"><use xmlns:xlink=\"http:\/\/www.w3.org\/1999\/xlink\" xlink:href=\"#svg-3067\"><\/use><\/svg><svg class=\"u-svg-content\" viewBox=\"0 0 112 112\" x=\"0\" y=\"0\" id=\"svg-3067\"><circle fill=\"currentColor\" cx=\"56.1\" cy=\"56.1\" r=\"55\"><\/circle><path fill=\"#FFFFFF\" d=\"M74.9,33.3H37.3c-7.4,0-13.4,6-13.4,13.4v18.8c0,7.4,6,13.4,13.4,13.4h37.6c7.4,0,13.4-6,13.4-13.4V46.7 C88.3,39.3,82.3,33.3,74.9,33.3L74.9,33.3z M65.9,57l-17.6,8.4c-0.5,0.2-1-0.1-1-0.6V47.5c0-0.5,0.6-0.9,1-0.6l17.6,8.9 C66.4,56,66.4,56.8,65.9,57L65.9,57z\"><\/path><\/svg><\/span>\n          <\/a>\n        <\/div>\n      <\/div>\n    <\/section>\n    \n    \n    \n    \n  \n","protected":false},"excerpt":{"rendered":"<p>VZC ZWEMMEN &nbsp;Meld je aan voor een proefles WORD JIJ DE ZWEMKAMPIOEN VAN VEENENDAAL? Ben jij razendsnel in het water, of gewoon dol op zwemmen? Doe mee met het schoolzwemkampioenschap van Veenendaal en laat zien wat jij kunt! Meld je nu aan! De Veenendaalse Zwem Club (VZC) is sinds 1934 voor iedereen een plek om &hellip; <a href=\"https:\/\/vzcveenendaal.nl\/zwemmen\/\" class=\"more-link\">Continue reading<span class=\"screen-reader-text\"> &#8220;Home&#8221;<\/span><\/a><\/p>\n","protected":false},"author":1,"featured_media":0,"parent":0,"menu_order":5,"comment_status":"closed","ping_status":"closed","template":"","meta":{"footnotes":""},"class_list":["post-118","page","type-page","status-publish","hentry"],"_links":{"self":[{"href":"https:\/\/vzcveenendaal.nl\/zwemmen\/wp-json\/wp\/v2\/pages\/118","targetHints":{"allow":["GET"]}}],"collection":[{"href":"https:\/\/vzcveenendaal.nl\/zwemmen\/wp-json\/wp\/v2\/pages"}],"about":[{"href":"https:\/\/vzcveenendaal.nl\/zwemmen\/wp-json\/wp\/v2\/types\/page"}],"author":[{"embeddable":true,"href":"https:\/\/vzcveenendaal.nl\/zwemmen\/wp-json\/wp\/v2\/users\/1"}],"replies":[{"embeddable":true,"href":"https:\/\/vzcveenendaal.nl\/zwemmen\/wp-json\/wp\/v2\/comments?post=118"}],"version-history":[{"count":70,"href":"https:\/\/vzcveenendaal.nl\/zwemmen\/wp-json\/wp\/v2\/pages\/118\/revisions"}],"predecessor-version":[{"id":6996,"href":"https:\/\/vzcveenendaal.nl\/zwemmen\/wp-json\/wp\/v2\/pages\/118\/revisions\/6996"}],"wp:attachment":[{"href":"https:\/\/vzcveenendaal.nl\/zwemmen\/wp-json\/wp\/v2\/media?parent=118"}],"curies":[{"name":"wp","href":"https:\/\/api.w.org\/{rel}","templated":true}]}}